{"id":7114,"date":"2026-03-19T14:15:14","date_gmt":"2026-03-19T13:15:14","guid":{"rendered":"https:\/\/muzeumfabrykinorblina.pl\/?page_id=7114"},"modified":"2026-05-14T21:12:57","modified_gmt":"2026-05-14T19:12:57","slug":"nm2026","status":"publish","type":"page","link":"https:\/\/muzeumfabrykinorblina.pl\/?page_id=7114","title":{"rendered":"Noc Muze\u00f3w 2026"},"content":{"rendered":"<!-- wp:themify-builder\/canvas \/-->\n\n\n<p class=\"wp-block-paragraph\"><\/p>\n","protected":false},"excerpt":{"rendered":"","protected":false},"author":1,"featured_media":1402,"parent":0,"menu_order":0,"comment_status":"closed","ping_status":"closed","template":"","meta":{"_acf_changed":false,"_monsterinsights_skip_tracking":false,"footnotes":""},"class_list":["post-7114","page","type-page","status-publish","has-post-thumbnail","hentry","has-post-title","has-post-date","has-post-category","has-post-tag","has-post-comment","has-post-author",""],"acf":[],"yoast_head":"<!-- This site is optimized with the Yoast SEO plugin v28.2 - https:\/\/yoast.com\/product\/yoast-seo-wordpress\/ -->\n<title>Noc Muze\u00f3w 2026 | Muzeum Fabryki Norblina<\/title>\n<meta name=\"robots\" content=\"noindex, nofollow\" \/>\n<meta property=\"og:locale\" content=\"pl_PL\" \/>\n<meta property=\"og:type\" content=\"article\" \/>\n<meta property=\"og:title\" content=\"Noc Muze\u00f3w 2026 | Muzeum Fabryki Norblina\" \/>\n<meta property=\"og:url\" content=\"https:\/\/muzeumfabrykinorblina.pl\/?page_id=7114\" \/>\n<meta property=\"og:site_name\" content=\"Muzeum Fabryki Norblina\" \/>\n<meta property=\"article:publisher\" content=\"https:\/\/www.facebook.com\/MuzeumFabrykiNorblina\" \/>\n<meta property=\"article:modified_time\" content=\"2026-05-14T19:12:57+00:00\" \/>\n<meta property=\"og:image\" content=\"https:\/\/muzeumfabrykinorblina.pl\/wp-content\/uploads\/2023\/11\/MFN_Featured-image_1200x628.jpg\" \/>\n\t<meta property=\"og:image:width\" content=\"1200\" \/>\n\t<meta property=\"og:image:height\" content=\"628\" \/>\n\t<meta property=\"og:image:type\" content=\"image\/jpeg\" \/>\n<meta name=\"twitter:card\" content=\"summary_large_image\" \/>\n<meta name=\"twitter:label1\" content=\"Szacowany czas czytania\" \/>\n\t<meta name=\"twitter:data1\" content=\"5 minut\" \/>\n<script type=\"application\/ld+json\" class=\"yoast-schema-graph\">{\"@context\":\"https:\\\/\\\/schema.org\",\"@graph\":[{\"@type\":\"WebPage\",\"@id\":\"https:\\\/\\\/muzeumfabrykinorblina.pl\\\/?page_id=7114\",\"url\":\"https:\\\/\\\/muzeumfabrykinorblina.pl\\\/?page_id=7114\",\"name\":\"Noc Muze\u00f3w 2026 | Muzeum Fabryki Norblina\",\"isPartOf\":{\"@id\":\"https:\\\/\\\/muzeumfabrykinorblina.pl\\\/#website\"},\"primaryImageOfPage\":{\"@id\":\"https:\\\/\\\/muzeumfabrykinorblina.pl\\\/?page_id=7114#primaryimage\"},\"image\":{\"@id\":\"https:\\\/\\\/muzeumfabrykinorblina.pl\\\/?page_id=7114#primaryimage\"},\"thumbnailUrl\":\"https:\\\/\\\/muzeumfabrykinorblina.pl\\\/wp-content\\\/uploads\\\/2023\\\/11\\\/MFN_Featured-image_1200x628.jpg\",\"datePublished\":\"2026-03-19T13:15:14+00:00\",\"dateModified\":\"2026-05-14T19:12:57+00:00\",\"breadcrumb\":{\"@id\":\"https:\\\/\\\/muzeumfabrykinorblina.pl\\\/?page_id=7114#breadcrumb\"},\"inLanguage\":\"pl-PL\",\"potentialAction\":[{\"@type\":\"ReadAction\",\"target\":[\"https:\\\/\\\/muzeumfabrykinorblina.pl\\\/?page_id=7114\"]}]},{\"@type\":\"ImageObject\",\"inLanguage\":\"pl-PL\",\"@id\":\"https:\\\/\\\/muzeumfabrykinorblina.pl\\\/?page_id=7114#primaryimage\",\"url\":\"https:\\\/\\\/muzeumfabrykinorblina.pl\\\/wp-content\\\/uploads\\\/2023\\\/11\\\/MFN_Featured-image_1200x628.jpg\",\"contentUrl\":\"https:\\\/\\\/muzeumfabrykinorblina.pl\\\/wp-content\\\/uploads\\\/2023\\\/11\\\/MFN_Featured-image_1200x628.jpg\",\"width\":1200,\"height\":628},{\"@type\":\"BreadcrumbList\",\"@id\":\"https:\\\/\\\/muzeumfabrykinorblina.pl\\\/?page_id=7114#breadcrumb\",\"itemListElement\":[{\"@type\":\"ListItem\",\"position\":1,\"name\":\"Strona g\u0142\u00f3wna\",\"item\":\"https:\\\/\\\/muzeumfabrykinorblina.pl\\\/\"},{\"@type\":\"ListItem\",\"position\":2,\"name\":\"Noc Muze\u00f3w 2026\"}]},{\"@type\":\"WebSite\",\"@id\":\"https:\\\/\\\/muzeumfabrykinorblina.pl\\\/#website\",\"url\":\"https:\\\/\\\/muzeumfabrykinorblina.pl\\\/\",\"name\":\"Muzeum Fabryki Norblina\",\"description\":\"Fabryka Norblina\",\"publisher\":{\"@id\":\"https:\\\/\\\/muzeumfabrykinorblina.pl\\\/#organization\"},\"potentialAction\":[{\"@type\":\"SearchAction\",\"target\":{\"@type\":\"EntryPoint\",\"urlTemplate\":\"https:\\\/\\\/muzeumfabrykinorblina.pl\\\/?s={search_term_string}\"},\"query-input\":{\"@type\":\"PropertyValueSpecification\",\"valueRequired\":true,\"valueName\":\"search_term_string\"}}],\"inLanguage\":\"pl-PL\"},{\"@type\":\"Organization\",\"@id\":\"https:\\\/\\\/muzeumfabrykinorblina.pl\\\/#organization\",\"name\":\"Muzeum Fabryki Norblina\",\"url\":\"https:\\\/\\\/muzeumfabrykinorblina.pl\\\/\",\"logo\":{\"@type\":\"ImageObject\",\"inLanguage\":\"pl-PL\",\"@id\":\"https:\\\/\\\/muzeumfabrykinorblina.pl\\\/#\\\/schema\\\/logo\\\/image\\\/\",\"url\":\"https:\\\/\\\/muzeumfabrykinorblina.pl\\\/wp-content\\\/uploads\\\/2023\\\/11\\\/MFN_Featured-image_1200x675.jpg\",\"contentUrl\":\"https:\\\/\\\/muzeumfabrykinorblina.pl\\\/wp-content\\\/uploads\\\/2023\\\/11\\\/MFN_Featured-image_1200x675.jpg\",\"width\":1200,\"height\":675,\"caption\":\"Muzeum Fabryki Norblina\"},\"image\":{\"@id\":\"https:\\\/\\\/muzeumfabrykinorblina.pl\\\/#\\\/schema\\\/logo\\\/image\\\/\"},\"sameAs\":[\"https:\\\/\\\/www.facebook.com\\\/MuzeumFabrykiNorblina\",\"https:\\\/\\\/www.instagram.com\\\/muzeumfabrykinorblina\\\/\"]}]}<\/script>\n<!-- \/ Yoast SEO plugin. -->","yoast_head_json":{"title":"Noc Muze\u00f3w 2026 | Muzeum Fabryki Norblina","robots":{"index":"noindex","follow":"nofollow"},"og_locale":"pl_PL","og_type":"article","og_title":"Noc Muze\u00f3w 2026 | Muzeum Fabryki Norblina","og_url":"https:\/\/muzeumfabrykinorblina.pl\/?page_id=7114","og_site_name":"Muzeum Fabryki Norblina","article_publisher":"https:\/\/www.facebook.com\/MuzeumFabrykiNorblina","article_modified_time":"2026-05-14T19:12:57+00:00","og_image":[{"width":1200,"height":628,"url":"https:\/\/muzeumfabrykinorblina.pl\/wp-content\/uploads\/2023\/11\/MFN_Featured-image_1200x628.jpg","type":"image\/jpeg"}],"twitter_card":"summary_large_image","twitter_misc":{"Szacowany czas czytania":"5 minut"},"schema":{"@context":"https:\/\/schema.org","@graph":[{"@type":"WebPage","@id":"https:\/\/muzeumfabrykinorblina.pl\/?page_id=7114","url":"https:\/\/muzeumfabrykinorblina.pl\/?page_id=7114","name":"Noc Muze\u00f3w 2026 | Muzeum Fabryki Norblina","isPartOf":{"@id":"https:\/\/muzeumfabrykinorblina.pl\/#website"},"primaryImageOfPage":{"@id":"https:\/\/muzeumfabrykinorblina.pl\/?page_id=7114#primaryimage"},"image":{"@id":"https:\/\/muzeumfabrykinorblina.pl\/?page_id=7114#primaryimage"},"thumbnailUrl":"https:\/\/muzeumfabrykinorblina.pl\/wp-content\/uploads\/2023\/11\/MFN_Featured-image_1200x628.jpg","datePublished":"2026-03-19T13:15:14+00:00","dateModified":"2026-05-14T19:12:57+00:00","breadcrumb":{"@id":"https:\/\/muzeumfabrykinorblina.pl\/?page_id=7114#breadcrumb"},"inLanguage":"pl-PL","potentialAction":[{"@type":"ReadAction","target":["https:\/\/muzeumfabrykinorblina.pl\/?page_id=7114"]}]},{"@type":"ImageObject","inLanguage":"pl-PL","@id":"https:\/\/muzeumfabrykinorblina.pl\/?page_id=7114#primaryimage","url":"https:\/\/muzeumfabrykinorblina.pl\/wp-content\/uploads\/2023\/11\/MFN_Featured-image_1200x628.jpg","contentUrl":"https:\/\/muzeumfabrykinorblina.pl\/wp-content\/uploads\/2023\/11\/MFN_Featured-image_1200x628.jpg","width":1200,"height":628},{"@type":"BreadcrumbList","@id":"https:\/\/muzeumfabrykinorblina.pl\/?page_id=7114#breadcrumb","itemListElement":[{"@type":"ListItem","position":1,"name":"Strona g\u0142\u00f3wna","item":"https:\/\/muzeumfabrykinorblina.pl\/"},{"@type":"ListItem","position":2,"name":"Noc Muze\u00f3w 2026"}]},{"@type":"WebSite","@id":"https:\/\/muzeumfabrykinorblina.pl\/#website","url":"https:\/\/muzeumfabrykinorblina.pl\/","name":"Muzeum Fabryki Norblina","description":"Fabryka Norblina","publisher":{"@id":"https:\/\/muzeumfabrykinorblina.pl\/#organization"},"potentialAction":[{"@type":"SearchAction","target":{"@type":"EntryPoint","urlTemplate":"https:\/\/muzeumfabrykinorblina.pl\/?s={search_term_string}"},"query-input":{"@type":"PropertyValueSpecification","valueRequired":true,"valueName":"search_term_string"}}],"inLanguage":"pl-PL"},{"@type":"Organization","@id":"https:\/\/muzeumfabrykinorblina.pl\/#organization","name":"Muzeum Fabryki Norblina","url":"https:\/\/muzeumfabrykinorblina.pl\/","logo":{"@type":"ImageObject","inLanguage":"pl-PL","@id":"https:\/\/muzeumfabrykinorblina.pl\/#\/schema\/logo\/image\/","url":"https:\/\/muzeumfabrykinorblina.pl\/wp-content\/uploads\/2023\/11\/MFN_Featured-image_1200x675.jpg","contentUrl":"https:\/\/muzeumfabrykinorblina.pl\/wp-content\/uploads\/2023\/11\/MFN_Featured-image_1200x675.jpg","width":1200,"height":675,"caption":"Muzeum Fabryki Norblina"},"image":{"@id":"https:\/\/muzeumfabrykinorblina.pl\/#\/schema\/logo\/image\/"},"sameAs":["https:\/\/www.facebook.com\/MuzeumFabrykiNorblina","https:\/\/www.instagram.com\/muzeumfabrykinorblina\/"]}]}},"lang":"pl","translations":{"pl":7114},"builder_content":"<h1>Noc Muze\u00f3w 2026<\/h1>\n<p>Po raz kolejny zapraszamy do Muzeum Fabryki Norblina na wyj\u0105tkow\u0105 Noc Muze\u00f3w \u2013 pe\u0142n\u0105 historii, odkry\u0107 i spotka\u0144 z przemys\u0142owym dziedzictwem Warszawy.<\/p>\n<p>W tym roku zapraszamy na zwiedzanie \u015bcie\u017ck\u0105 \u201eWyroby\u201d \u2013 jedn\u0105 z najbardziej kameralnych i rzadziej eksplorowanych tras. To opowie\u015b\u0107 o tym, co zyska\u0142o popularno\u015b\u0107 tak\u017ce daleko poza Warszaw\u0105 \u2013 od eleganckich, posrebrzanych zastaw sto\u0142owych, przez przybory toaletowe i elementy wyposa\u017cenia domu, po wyroby o charakterze sakralnym.<\/p>\n<img src=\"https:\/\/muzeumfabrykinorblina.pl\/wp-content\/uploads\/2026\/04\/MFN_Noc-Muzeow-2026_Logo-top-no-line.svg\" width=\"140\" title=\"MFN_Noc-Muzeow-2026_Logo-top-no-line\" alt=\"\">\n<img src=\"https:\/\/muzeumfabrykinorblina.pl\/wp-content\/uploads\/2026\/04\/MFN_Noc-Muzeow-2026_Logo-top-no-line.svg\" width=\"100\" title=\"MFN_Noc-Muzeow-2026_Logo-top-no-line\" alt=\"\">\n<p>Podczas spaceru zobaczycie m.in. posrebrzane zastawy sto\u0142owe, akcesoria u\u017cytkowe i przedmioty codziennego u\u017cytku, kt\u00f3re \u0142\u0105czy\u0142y funkcjonalno\u015b\u0107 z elegancj\u0105 formy. To historia rzemios\u0142a, wzornictwa i stylu \u017cycia dawnych epok \u2013 opowiedziana przez konkretne obiekty, kt\u00f3rych niew\u0105tpliw\u0105 gwiazd\u0105 jest shaker z 1935 roku a kt\u00f3rego dwie wersje 500 ml i 1\u00a0000 ml s\u0105 prezentowane na \u015bcie\u017cce zwiedzania \u201eWyroby\u201d.<\/p> <p>Zwiedzanie odbywa si\u0119 w spokojniejszych cz\u0119\u015bciach kompleksu, co pozwala lepiej skupi\u0107 si\u0119 na opowie\u015bci i detalach.<\/p> <p><strong>Wybierz godzin\u0119 zwiedzania, wype\u0142nij formularz i zarezerwuj miejsce.\u00a0<\/strong><\/p>\n<p>Brak dost\u0119pnych termin\u00f3w.<\/p>\n<ul><li><h4>22:00<\/h4><p>[wpforms id=\"7513\"]<\/p><\/li><li>Tab Content<\/li><li>Tab Content<\/li><li>Tab Content<\/li><li>Tab Content<\/li><\/ul>\n<img src=\"https:\/\/muzeumfabrykinorblina.pl\/wp-content\/uploads\/2025\/08\/MFN_Image_1920x1080_Bilety-info.jpg\" title=\"Muzeum Fabryki Norblina - punkt Bilety\/Info\" alt=\"Muzeum Fabryki Norblina - punkt Bilety\/Info\" srcset=\"https:\/\/muzeumfabrykinorblina.pl\/wp-content\/uploads\/2025\/08\/MFN_Image_1920x1080_Bilety-info.jpg 1920w, https:\/\/muzeumfabrykinorblina.pl\/wp-content\/uploads\/2025\/08\/MFN_Image_1920x1080_Bilety-info-300x169.jpg 300w, https:\/\/muzeumfabrykinorblina.pl\/wp-content\/uploads\/2025\/08\/MFN_Image_1920x1080_Bilety-info-1024x576.jpg 1024w, https:\/\/muzeumfabrykinorblina.pl\/wp-content\/uploads\/2025\/08\/MFN_Image_1920x1080_Bilety-info-768x432.jpg 768w, https:\/\/muzeumfabrykinorblina.pl\/wp-content\/uploads\/2025\/08\/MFN_Image_1920x1080_Bilety-info-1536x864.jpg 1536w, https:\/\/muzeumfabrykinorblina.pl\/wp-content\/uploads\/2025\/08\/MFN_Image_1920x1080_Bilety-info-600x338.jpg 600w\" sizes=\"(max-width: 1920px) 100vw, 1920px\" \/>\n<h2>Gdzie rozpoczynaj\u0105 si\u0119 wycieczki?<\/h2>\n<p>Muzeum Fabryki Norblina znajduje si\u0119 w Warszawie przy ulicy \u017belaznej 51\/53, w sercu warszawskiej Woli.<\/p> <p>Wszystkie wycieczki muzealne rozpoczynaj\u0105 si\u0119 przy punkcie \"Bilety Info\" zlokalizowanym w budynku Plater, na poziomie 0.<\/p> <p>Po wej\u015bciu g\u0142\u00f3wn\u0105 bram\u0105 od ulicy \u017belaznej na teren Fabryki Norblina, kieruj si\u0119 prosto, nast\u0119pnie skr\u0119\u0107 w prawo i wejd\u017a przez drzwi obrotowe do budynku Plater.<\/p>\n<a href=\"https:\/\/maps.app.goo.gl\/ogjgNkugsmMmZPz7A\" target=\"_blank\" rel=\"noopener\"> Wyznacz tras\u0119 <\/a>\n<img src=\"https:\/\/muzeumfabrykinorblina.pl\/wp-content\/uploads\/2025\/08\/MFN_Image_1280x1280_Bilety-info.jpg\" title=\"Muzeum Fabryki Norblina - punkt Bilety\/Info\" alt=\"Muzeum Fabryki Norblina - punkt Bilety\/Info\" srcset=\"https:\/\/muzeumfabrykinorblina.pl\/wp-content\/uploads\/2025\/08\/MFN_Image_1280x1280_Bilety-info.jpg 1280w, https:\/\/muzeumfabrykinorblina.pl\/wp-content\/uploads\/2025\/08\/MFN_Image_1280x1280_Bilety-info-300x300.jpg 300w, https:\/\/muzeumfabrykinorblina.pl\/wp-content\/uploads\/2025\/08\/MFN_Image_1280x1280_Bilety-info-1024x1024.jpg 1024w, https:\/\/muzeumfabrykinorblina.pl\/wp-content\/uploads\/2025\/08\/MFN_Image_1280x1280_Bilety-info-150x150.jpg 150w, https:\/\/muzeumfabrykinorblina.pl\/wp-content\/uploads\/2025\/08\/MFN_Image_1280x1280_Bilety-info-768x767.jpg 768w, https:\/\/muzeumfabrykinorblina.pl\/wp-content\/uploads\/2025\/08\/MFN_Image_1280x1280_Bilety-info-600x600.jpg 600w, https:\/\/muzeumfabrykinorblina.pl\/wp-content\/uploads\/2025\/08\/MFN_Image_1280x1280_Bilety-info-100x100.jpg 100w\" sizes=\"(max-width: 1280px) 100vw, 1280px\" \/>\n<p>fot. MEDIAFRESH<\/p>\n<h2>Dodatkowe atrakcje w Namiarowni<\/h2>\n<p><b>Quiz z nagrodami o Fabryce Norblina<\/b><br>W historycznej Namiarowni zapraszamy na quiz przygotowany przez UWAGA Pub Quiz \u2013 to okazja, by sprawdzi\u0107 swoj\u0105 wiedz\u0119 o Fabryce Norblina i jej historii.<\/p> <p><b>Godzina:<\/b> 21:00-22:00<\/p> <p>Quiz sk\u0142ada si\u0119 z 4 rund \u2013 jedna po drugiej (bez przerw), po 5-6 pyta\u0144 ka\u017cda.<br>Pytania dotycz\u0105 czterech obszar\u00f3w zwi\u0105zanych z Fabryk\u0105 Norblina: <b>Budynki, Maszyny, Wyroby i Ludzie<\/b>.<\/p> <p><b>Dru\u017cyny:<\/b> do 5 os\u00f3b<br><b>Liczba dru\u017cyn:<\/b> maksymalnie 10<\/p> <p>Na najlepszych uczestnik\u00f3w czekaj\u0105 nagrody (m.in. multitoole, magnesy czy kubki), a dla wszystkich \u2013 dobra zabawa i okazja do odkrycia Fabryki Norblina z innej perspektywy.<\/p>\n<img src=\"https:\/\/muzeumfabrykinorblina.pl\/wp-content\/uploads\/2026\/04\/MFN_Hero-image_1920x1080_Noc-Muzeow-2026_Autobus.jpg\" title=\"MFN_Hero-image_1920x1080_Noc-Muzeow-2026_Autobus\" alt=\"\" srcset=\"https:\/\/muzeumfabrykinorblina.pl\/wp-content\/uploads\/2026\/04\/MFN_Hero-image_1920x1080_Noc-Muzeow-2026_Autobus.jpg 1920w, https:\/\/muzeumfabrykinorblina.pl\/wp-content\/uploads\/2026\/04\/MFN_Hero-image_1920x1080_Noc-Muzeow-2026_Autobus-300x169.jpg 300w, https:\/\/muzeumfabrykinorblina.pl\/wp-content\/uploads\/2026\/04\/MFN_Hero-image_1920x1080_Noc-Muzeow-2026_Autobus-1024x576.jpg 1024w, https:\/\/muzeumfabrykinorblina.pl\/wp-content\/uploads\/2026\/04\/MFN_Hero-image_1920x1080_Noc-Muzeow-2026_Autobus-768x432.jpg 768w, https:\/\/muzeumfabrykinorblina.pl\/wp-content\/uploads\/2026\/04\/MFN_Hero-image_1920x1080_Noc-Muzeow-2026_Autobus-1536x864.jpg 1536w, https:\/\/muzeumfabrykinorblina.pl\/wp-content\/uploads\/2026\/04\/MFN_Hero-image_1920x1080_Noc-Muzeow-2026_Autobus-600x338.jpg 600w\" sizes=\"(max-width: 1920px) 100vw, 1920px\" \/>\n<img src=\"https:\/\/muzeumfabrykinorblina.pl\/wp-content\/uploads\/2026\/04\/MFN_Hero-image_1080x1080_Noc-Muzeow-2026_Autobus.jpg\" title=\"MFN_Hero-image_1080x1080_Noc-Muzeow-2026_Autobus\" alt=\"\" srcset=\"https:\/\/muzeumfabrykinorblina.pl\/wp-content\/uploads\/2026\/04\/MFN_Hero-image_1080x1080_Noc-Muzeow-2026_Autobus.jpg 1080w, https:\/\/muzeumfabrykinorblina.pl\/wp-content\/uploads\/2026\/04\/MFN_Hero-image_1080x1080_Noc-Muzeow-2026_Autobus-300x300.jpg 300w, https:\/\/muzeumfabrykinorblina.pl\/wp-content\/uploads\/2026\/04\/MFN_Hero-image_1080x1080_Noc-Muzeow-2026_Autobus-1024x1024.jpg 1024w, https:\/\/muzeumfabrykinorblina.pl\/wp-content\/uploads\/2026\/04\/MFN_Hero-image_1080x1080_Noc-Muzeow-2026_Autobus-150x150.jpg 150w, https:\/\/muzeumfabrykinorblina.pl\/wp-content\/uploads\/2026\/04\/MFN_Hero-image_1080x1080_Noc-Muzeow-2026_Autobus-768x768.jpg 768w, https:\/\/muzeumfabrykinorblina.pl\/wp-content\/uploads\/2026\/04\/MFN_Hero-image_1080x1080_Noc-Muzeow-2026_Autobus-600x600.jpg 600w, https:\/\/muzeumfabrykinorblina.pl\/wp-content\/uploads\/2026\/04\/MFN_Hero-image_1080x1080_Noc-Muzeow-2026_Autobus-100x100.jpg 100w\" sizes=\"(max-width: 1080px) 100vw, 1080px\" \/>\n<p>fot. MEDIAFRESH<\/p>\n<h2>Autobusowa komunikacja pomi\u0119dzy trzema muzeami<\/h2>\n<p>W trakcie Nocy Muze\u00f3w kursowa\u0107 b\u0119dzie zabytkowy autobus Ikarus 260, \u0142\u0105cz\u0105cy: Muzeum Fabryki Norblina, Stacj\u0119 Muzeum i Muzeum Gazowni Warszawskiej.<\/p> <p>To doskona\u0142a okazja, by w jeden wiecz\u00f3r odkry\u0107 przemys\u0142ow\u0105 histori\u0119 warszawskiej Woli w kilku ods\u0142onach.<\/p>\n<p>Rozk\u0142ad jazdy:<\/p> <p><strong>Muzeum Fabryki Norblina (Norblin 02)<\/strong><br>19:00 \u00b7 19:30 \u00b7 20:00 \u00b7 20:30 \u00b7 21:00 \u00b7 21:30 \u00b7 22:00 \u00b7 22:30 \u00b7 23:00 \u00b7 23:30<\/p> <p><strong>Muzeum Gazowni Warszawskiej (Krzy\u017canowskiego 01)<\/strong><br>19:05 \u00b7 19:35 \u00b7 20:05 \u00b7 20:35 \u00b7 21:05 \u00b7 21:35 \u00b7 22:05 \u00b7 22:35 \u00b7 23:05 \u00b7 23:35<\/p> <p><strong>Stacja Muzeum (Zawiszy 04, ul. Gr\u00f3jecka)<\/strong><br>19:15 \u00b7 19:45 \u00b7 20:15 \u00b7 20:45 \u00b7 21:15 \u00b7 21:45 \u00b7 22:15 \u00b7 22:45 \u00b7 23:15 \u00b7 23:45<\/p>\n[modula id=\"7567\"]","pll_sync_post":{},"_links":{"self":[{"href":"https:\/\/muzeumfabrykinorblina.pl\/index.php?rest_route=\/wp\/v2\/pages\/7114","targetHints":{"allow":["GET"]}}],"collection":[{"href":"https:\/\/muzeumfabrykinorblina.pl\/index.php?rest_route=\/wp\/v2\/pages"}],"about":[{"href":"https:\/\/muzeumfabrykinorblina.pl\/index.php?rest_route=\/wp\/v2\/types\/page"}],"author":[{"embeddable":true,"href":"https:\/\/muzeumfabrykinorblina.pl\/index.php?rest_route=\/wp\/v2\/users\/1"}],"replies":[{"embeddable":true,"href":"https:\/\/muzeumfabrykinorblina.pl\/index.php?rest_route=%2Fwp%2Fv2%2Fcomments&post=7114"}],"version-history":[{"count":85,"href":"https:\/\/muzeumfabrykinorblina.pl\/index.php?rest_route=\/wp\/v2\/pages\/7114\/revisions"}],"predecessor-version":[{"id":7715,"href":"https:\/\/muzeumfabrykinorblina.pl\/index.php?rest_route=\/wp\/v2\/pages\/7114\/revisions\/7715"}],"wp:featuredmedia":[{"embeddable":true,"href":"https:\/\/muzeumfabrykinorblina.pl\/index.php?rest_route=\/wp\/v2\/media\/1402"}],"wp:attachment":[{"href":"https:\/\/muzeumfabrykinorblina.pl\/index.php?rest_route=%2Fwp%2Fv2%2Fmedia&parent=7114"}],"curies":[{"name":"wp","href":"https:\/\/api.w.org\/{rel}","templated":true}]}}