{"id":58,"date":"2023-10-09T20:35:55","date_gmt":"2023-10-09T20:35:55","guid":{"rendered":"https:\/\/muzeumfabrykinorblina.pl\/?page_id=58"},"modified":"2026-04-14T10:54:37","modified_gmt":"2026-04-14T08:54:37","slug":"poznaj-muzeum","status":"publish","type":"page","link":"https:\/\/muzeumfabrykinorblina.pl\/?page_id=58","title":{"rendered":"Poznaj muzeum"},"content":{"rendered":"<!-- wp:themify-builder\/canvas \/-->","protected":false},"excerpt":{"rendered":"","protected":false},"author":1,"featured_media":0,"parent":0,"menu_order":0,"comment_status":"closed","ping_status":"closed","template":"","meta":{"_acf_changed":false,"_monsterinsights_skip_tracking":false,"footnotes":""},"class_list":["post-58","page","type-page","status-publish","hentry","has-post-title","has-post-date","has-post-category","has-post-tag","has-post-comment","has-post-author",""],"acf":[],"yoast_head":"<!-- This site is optimized with the Yoast SEO plugin v28.2 - https:\/\/yoast.com\/product\/yoast-seo-wordpress\/ -->\n<title>Poznaj muzeum | Muzeum Fabryki Norblina<\/title>\n<meta name=\"robots\" content=\"index, follow, max-snippet:-1, max-image-preview:large, max-video-preview:-1\" \/>\n<link rel=\"canonical\" href=\"https:\/\/muzeumfabrykinorblina.pl\/?page_id=58\" \/>\n<meta property=\"og:locale\" content=\"pl_PL\" \/>\n<meta property=\"og:type\" content=\"article\" \/>\n<meta property=\"og:title\" content=\"Poznaj muzeum | Muzeum Fabryki Norblina\" \/>\n<meta property=\"og:url\" content=\"https:\/\/muzeumfabrykinorblina.pl\/?page_id=58\" \/>\n<meta property=\"og:site_name\" content=\"Muzeum Fabryki Norblina\" \/>\n<meta property=\"article:publisher\" content=\"https:\/\/www.facebook.com\/MuzeumFabrykiNorblina\" \/>\n<meta property=\"article:modified_time\" content=\"2026-04-14T08:54:37+00:00\" \/>\n<meta property=\"og:image\" content=\"https:\/\/muzeumfabrykinorblina.pl\/wp-content\/uploads\/2023\/11\/MFN_Zespol_Kinga-Nowakowska.jpg\" \/>\n<meta name=\"twitter:card\" content=\"summary_large_image\" \/>\n<meta name=\"twitter:label1\" content=\"Szacowany czas czytania\" \/>\n\t<meta name=\"twitter:data1\" content=\"8 minut\" \/>\n<script type=\"application\/ld+json\" class=\"yoast-schema-graph\">{\"@context\":\"https:\\\/\\\/schema.org\",\"@graph\":[{\"@type\":\"WebPage\",\"@id\":\"https:\\\/\\\/muzeumfabrykinorblina.pl\\\/?page_id=58\",\"url\":\"https:\\\/\\\/muzeumfabrykinorblina.pl\\\/?page_id=58\",\"name\":\"Poznaj muzeum | Muzeum Fabryki Norblina\",\"isPartOf\":{\"@id\":\"https:\\\/\\\/muzeumfabrykinorblina.pl\\\/#website\"},\"primaryImageOfPage\":{\"@id\":\"https:\\\/\\\/muzeumfabrykinorblina.pl\\\/?page_id=58#primaryimage\"},\"image\":{\"@id\":\"https:\\\/\\\/muzeumfabrykinorblina.pl\\\/?page_id=58#primaryimage\"},\"thumbnailUrl\":\"https:\\\/\\\/muzeumfabrykinorblina.pl\\\/wp-content\\\/uploads\\\/2023\\\/11\\\/MFN_Zespol_Kinga-Nowakowska.jpg\",\"datePublished\":\"2023-10-09T20:35:55+00:00\",\"dateModified\":\"2026-04-14T08:54:37+00:00\",\"breadcrumb\":{\"@id\":\"https:\\\/\\\/muzeumfabrykinorblina.pl\\\/?page_id=58#breadcrumb\"},\"inLanguage\":\"pl-PL\",\"potentialAction\":[{\"@type\":\"ReadAction\",\"target\":[\"https:\\\/\\\/muzeumfabrykinorblina.pl\\\/?page_id=58\"]}]},{\"@type\":\"ImageObject\",\"inLanguage\":\"pl-PL\",\"@id\":\"https:\\\/\\\/muzeumfabrykinorblina.pl\\\/?page_id=58#primaryimage\",\"url\":\"https:\\\/\\\/muzeumfabrykinorblina.pl\\\/wp-content\\\/uploads\\\/2023\\\/11\\\/MFN_Zespol_Kinga-Nowakowska.jpg\",\"contentUrl\":\"https:\\\/\\\/muzeumfabrykinorblina.pl\\\/wp-content\\\/uploads\\\/2023\\\/11\\\/MFN_Zespol_Kinga-Nowakowska.jpg\",\"width\":1080,\"height\":640},{\"@type\":\"BreadcrumbList\",\"@id\":\"https:\\\/\\\/muzeumfabrykinorblina.pl\\\/?page_id=58#breadcrumb\",\"itemListElement\":[{\"@type\":\"ListItem\",\"position\":1,\"name\":\"Strona g\u0142\u00f3wna\",\"item\":\"https:\\\/\\\/muzeumfabrykinorblina.pl\\\/\"},{\"@type\":\"ListItem\",\"position\":2,\"name\":\"Poznaj muzeum\"}]},{\"@type\":\"WebSite\",\"@id\":\"https:\\\/\\\/muzeumfabrykinorblina.pl\\\/#website\",\"url\":\"https:\\\/\\\/muzeumfabrykinorblina.pl\\\/\",\"name\":\"Muzeum Fabryki Norblina\",\"description\":\"Fabryka Norblina\",\"publisher\":{\"@id\":\"https:\\\/\\\/muzeumfabrykinorblina.pl\\\/#organization\"},\"potentialAction\":[{\"@type\":\"SearchAction\",\"target\":{\"@type\":\"EntryPoint\",\"urlTemplate\":\"https:\\\/\\\/muzeumfabrykinorblina.pl\\\/?s={search_term_string}\"},\"query-input\":{\"@type\":\"PropertyValueSpecification\",\"valueRequired\":true,\"valueName\":\"search_term_string\"}}],\"inLanguage\":\"pl-PL\"},{\"@type\":\"Organization\",\"@id\":\"https:\\\/\\\/muzeumfabrykinorblina.pl\\\/#organization\",\"name\":\"Muzeum Fabryki Norblina\",\"url\":\"https:\\\/\\\/muzeumfabrykinorblina.pl\\\/\",\"logo\":{\"@type\":\"ImageObject\",\"inLanguage\":\"pl-PL\",\"@id\":\"https:\\\/\\\/muzeumfabrykinorblina.pl\\\/#\\\/schema\\\/logo\\\/image\\\/\",\"url\":\"https:\\\/\\\/muzeumfabrykinorblina.pl\\\/wp-content\\\/uploads\\\/2023\\\/11\\\/MFN_Featured-image_1200x675.jpg\",\"contentUrl\":\"https:\\\/\\\/muzeumfabrykinorblina.pl\\\/wp-content\\\/uploads\\\/2023\\\/11\\\/MFN_Featured-image_1200x675.jpg\",\"width\":1200,\"height\":675,\"caption\":\"Muzeum Fabryki Norblina\"},\"image\":{\"@id\":\"https:\\\/\\\/muzeumfabrykinorblina.pl\\\/#\\\/schema\\\/logo\\\/image\\\/\"},\"sameAs\":[\"https:\\\/\\\/www.facebook.com\\\/MuzeumFabrykiNorblina\",\"https:\\\/\\\/www.instagram.com\\\/muzeumfabrykinorblina\\\/\"]}]}<\/script>\n<!-- \/ Yoast SEO plugin. -->","yoast_head_json":{"title":"Poznaj muzeum | Muzeum Fabryki Norblina","robots":{"index":"index","follow":"follow","max-snippet":"max-snippet:-1","max-image-preview":"max-image-preview:large","max-video-preview":"max-video-preview:-1"},"canonical":"https:\/\/muzeumfabrykinorblina.pl\/?page_id=58","og_locale":"pl_PL","og_type":"article","og_title":"Poznaj muzeum | Muzeum Fabryki Norblina","og_url":"https:\/\/muzeumfabrykinorblina.pl\/?page_id=58","og_site_name":"Muzeum Fabryki Norblina","article_publisher":"https:\/\/www.facebook.com\/MuzeumFabrykiNorblina","article_modified_time":"2026-04-14T08:54:37+00:00","og_image":[{"url":"https:\/\/muzeumfabrykinorblina.pl\/wp-content\/uploads\/2023\/11\/MFN_Zespol_Kinga-Nowakowska.jpg","type":"","width":"","height":""}],"twitter_card":"summary_large_image","twitter_misc":{"Szacowany czas czytania":"8 minut"},"schema":{"@context":"https:\/\/schema.org","@graph":[{"@type":"WebPage","@id":"https:\/\/muzeumfabrykinorblina.pl\/?page_id=58","url":"https:\/\/muzeumfabrykinorblina.pl\/?page_id=58","name":"Poznaj muzeum | Muzeum Fabryki Norblina","isPartOf":{"@id":"https:\/\/muzeumfabrykinorblina.pl\/#website"},"primaryImageOfPage":{"@id":"https:\/\/muzeumfabrykinorblina.pl\/?page_id=58#primaryimage"},"image":{"@id":"https:\/\/muzeumfabrykinorblina.pl\/?page_id=58#primaryimage"},"thumbnailUrl":"https:\/\/muzeumfabrykinorblina.pl\/wp-content\/uploads\/2023\/11\/MFN_Zespol_Kinga-Nowakowska.jpg","datePublished":"2023-10-09T20:35:55+00:00","dateModified":"2026-04-14T08:54:37+00:00","breadcrumb":{"@id":"https:\/\/muzeumfabrykinorblina.pl\/?page_id=58#breadcrumb"},"inLanguage":"pl-PL","potentialAction":[{"@type":"ReadAction","target":["https:\/\/muzeumfabrykinorblina.pl\/?page_id=58"]}]},{"@type":"ImageObject","inLanguage":"pl-PL","@id":"https:\/\/muzeumfabrykinorblina.pl\/?page_id=58#primaryimage","url":"https:\/\/muzeumfabrykinorblina.pl\/wp-content\/uploads\/2023\/11\/MFN_Zespol_Kinga-Nowakowska.jpg","contentUrl":"https:\/\/muzeumfabrykinorblina.pl\/wp-content\/uploads\/2023\/11\/MFN_Zespol_Kinga-Nowakowska.jpg","width":1080,"height":640},{"@type":"BreadcrumbList","@id":"https:\/\/muzeumfabrykinorblina.pl\/?page_id=58#breadcrumb","itemListElement":[{"@type":"ListItem","position":1,"name":"Strona g\u0142\u00f3wna","item":"https:\/\/muzeumfabrykinorblina.pl\/"},{"@type":"ListItem","position":2,"name":"Poznaj muzeum"}]},{"@type":"WebSite","@id":"https:\/\/muzeumfabrykinorblina.pl\/#website","url":"https:\/\/muzeumfabrykinorblina.pl\/","name":"Muzeum Fabryki Norblina","description":"Fabryka Norblina","publisher":{"@id":"https:\/\/muzeumfabrykinorblina.pl\/#organization"},"potentialAction":[{"@type":"SearchAction","target":{"@type":"EntryPoint","urlTemplate":"https:\/\/muzeumfabrykinorblina.pl\/?s={search_term_string}"},"query-input":{"@type":"PropertyValueSpecification","valueRequired":true,"valueName":"search_term_string"}}],"inLanguage":"pl-PL"},{"@type":"Organization","@id":"https:\/\/muzeumfabrykinorblina.pl\/#organization","name":"Muzeum Fabryki Norblina","url":"https:\/\/muzeumfabrykinorblina.pl\/","logo":{"@type":"ImageObject","inLanguage":"pl-PL","@id":"https:\/\/muzeumfabrykinorblina.pl\/#\/schema\/logo\/image\/","url":"https:\/\/muzeumfabrykinorblina.pl\/wp-content\/uploads\/2023\/11\/MFN_Featured-image_1200x675.jpg","contentUrl":"https:\/\/muzeumfabrykinorblina.pl\/wp-content\/uploads\/2023\/11\/MFN_Featured-image_1200x675.jpg","width":1200,"height":675,"caption":"Muzeum Fabryki Norblina"},"image":{"@id":"https:\/\/muzeumfabrykinorblina.pl\/#\/schema\/logo\/image\/"},"sameAs":["https:\/\/www.facebook.com\/MuzeumFabrykiNorblina","https:\/\/www.instagram.com\/muzeumfabrykinorblina\/"]}]}},"lang":"pl","translations":{"pl":58,"en":2057},"builder_content":"[video src=\"https:\/\/muzeumfabrykinorblina.pl\/wp-content\/uploads\/2023\/10\/muzeum_fabryki_norblina-1080p-1.mp4\" width=\"1080\" height=\"1080\"][\/video]\n<h1>Poznaj Muzeum Fabryki Norblina<\/h1>\n<p>Muzeum Fabryki Norblina w Warszawie (\u017belazna 51\/53, 00-841 Warszawa) jest plac\u00f3wk\u0105 prywatn\u0105, stanowi\u0105c\u0105 jednostk\u0119 organizacyjn\u0105 sp\u00f3\u0142ki z ograniczon\u0105 odpowiedzialno\u015bci\u0105 ArtN (tzn. nie posiada osobowo\u015bci prawnej), kt\u00f3ra jest cz\u0119\u015bci\u0105 grupy kapita\u0142owej Capital Park. Muzeum Fabryki Norblina jest wpisane na list\u0119 muze\u00f3w prywatnych Ministerstwa Kultury i Dziedzictwa Narodowego (MKiDN) pod numerem 919\u00a0 z uzgodnionym regulaminem.<\/p> <p>Ekspozycja sta\u0142a muzeum zosta\u0142a udost\u0119pniona dla zwiedzaj\u0105cych w grudniu 2021 roku. Jej otwarcie zosta\u0142o zg\u0142oszone do MKiDN w czerwcu 2022 roku i jest integraln\u0105 cz\u0119\u015bci\u0105 zrewitalizowanej Fabryki Norblina. Plac\u00f3wka ma charakter otwarty. Na terenie kompleksu elementy muzealne i niemuzealne przenikaj\u0105 si\u0119 ze sob\u0105, nie ma mi\u0119dzy nimi ostrej granicy.<\/p>\n<h2>Tego nie mo\u017cesz przegapi\u0107<\/h2>\n\n<p>Muzeum Fabryki Norblina to wyja\u0328tkowe miejsce na mapie Warszawy!<\/p> <p>Prezentuje dzieje jednego z najwie\u0328kszych przedsie\u0328biorstw metalurgicznych dawnego Kr\u00f3lestwa Polskiego oraz niecodzienna\u0328 i barwna\u0328 historie\u0328 spolszczonych ga\u0142e\u0328zi francuskiej rodziny Norblin\u00f3w i niemieckiej rodziny Werner\u00f3w.<\/p> <p>Moz\u0307na ja\u0328 poznac\u0301 na miejscu zwiedzaja\u0328c odrestaurowane budynki, podziwiaja\u0328c maszyny i urza\u0328dzenia z dawnej fabryki Norblina, jej eleganckie, a takz\u0307e doceniane na ca\u0142ym s\u0301wiecie produkty w postaci s\u0142ynnych \u201eplater\u00f3w\u201d.<\/p>\n<p style=\"text-align: center;\">Newsletter<\/p>\n<h2>Poznaj nasz zesp\u00f3\u0142<\/h2>\n<img src=\"https:\/\/muzeumfabrykinorblina.pl\/wp-content\/uploads\/2023\/11\/MFN_Zespol_Kinga-Nowakowska.jpg\" title=\"MFN_Zespol_Kinga-Nowakowska\" alt=\"\" srcset=\"https:\/\/muzeumfabrykinorblina.pl\/wp-content\/uploads\/2023\/11\/MFN_Zespol_Kinga-Nowakowska.jpg 1080w, https:\/\/muzeumfabrykinorblina.pl\/wp-content\/uploads\/2023\/11\/MFN_Zespol_Kinga-Nowakowska-600x356.jpg 600w, https:\/\/muzeumfabrykinorblina.pl\/wp-content\/uploads\/2023\/11\/MFN_Zespol_Kinga-Nowakowska-300x178.jpg 300w, https:\/\/muzeumfabrykinorblina.pl\/wp-content\/uploads\/2023\/11\/MFN_Zespol_Kinga-Nowakowska-1024x607.jpg 1024w, https:\/\/muzeumfabrykinorblina.pl\/wp-content\/uploads\/2023\/11\/MFN_Zespol_Kinga-Nowakowska-768x455.jpg 768w\" sizes=\"(max-width: 1080px) 100vw, 1080px\" \/>\n<h2>Kinga Nowakowska<\/h2>\n<p>Prezeska Zarz\u0105du Fundacji Fabryki Norblina<\/p>\n<img src=\"https:\/\/muzeumfabrykinorblina.pl\/wp-content\/uploads\/2023\/11\/MFN_Zespol_Artur-Setniewski.jpg\" title=\"MFN_Zespol_Artur-Setniewski\" alt=\"\" srcset=\"https:\/\/muzeumfabrykinorblina.pl\/wp-content\/uploads\/2023\/11\/MFN_Zespol_Artur-Setniewski.jpg 1080w, https:\/\/muzeumfabrykinorblina.pl\/wp-content\/uploads\/2023\/11\/MFN_Zespol_Artur-Setniewski-600x356.jpg 600w, https:\/\/muzeumfabrykinorblina.pl\/wp-content\/uploads\/2023\/11\/MFN_Zespol_Artur-Setniewski-300x178.jpg 300w, https:\/\/muzeumfabrykinorblina.pl\/wp-content\/uploads\/2023\/11\/MFN_Zespol_Artur-Setniewski-1024x607.jpg 1024w, https:\/\/muzeumfabrykinorblina.pl\/wp-content\/uploads\/2023\/11\/MFN_Zespol_Artur-Setniewski-768x455.jpg 768w\" sizes=\"(max-width: 1080px) 100vw, 1080px\" \/>\n<h2>Artur Setniewski<\/h2>\n<p>Dyrektor Muzeum Fabryki Norblina<\/p>\n<img src=\"https:\/\/muzeumfabrykinorblina.pl\/wp-content\/uploads\/2024\/08\/MFN_Zespol_Anna-Madejska.jpg\" title=\"MFN_Zespol_Anna-Madejska\" alt=\"\" srcset=\"https:\/\/muzeumfabrykinorblina.pl\/wp-content\/uploads\/2024\/08\/MFN_Zespol_Anna-Madejska.jpg 1080w, https:\/\/muzeumfabrykinorblina.pl\/wp-content\/uploads\/2024\/08\/MFN_Zespol_Anna-Madejska-600x356.jpg 600w, https:\/\/muzeumfabrykinorblina.pl\/wp-content\/uploads\/2024\/08\/MFN_Zespol_Anna-Madejska-300x178.jpg 300w, https:\/\/muzeumfabrykinorblina.pl\/wp-content\/uploads\/2024\/08\/MFN_Zespol_Anna-Madejska-1024x607.jpg 1024w, https:\/\/muzeumfabrykinorblina.pl\/wp-content\/uploads\/2024\/08\/MFN_Zespol_Anna-Madejska-768x455.jpg 768w\" sizes=\"(max-width: 1080px) 100vw, 1080px\" \/>\n<h2>Anna Madejska<\/h2>\n<p>Mened\u017cer Muzeum Fabryki Norblina<\/p>\n<img src=\"https:\/\/muzeumfabrykinorblina.pl\/wp-content\/uploads\/2025\/02\/MFN_Zespol_Gabriela-Karczewska-1024x683-361x214.jpg\" width=\"361\" height=\"214\" title=\"MFN_Zespol_Gabriela-Karczewska\" alt=\"\">\n<h2>Gabriela Karczewska<\/h2>\n<p>Koordynatorka ds. Obs\u0142ugi Klienta Muzeum Fabryki Norblina<\/p>\n<img src=\"https:\/\/muzeumfabrykinorblina.pl\/wp-content\/uploads\/2023\/11\/MFN_Zespol_Michal-Ferenc.jpg\" title=\"MFN_Zespol_Michal-Ferenc\" alt=\"\" srcset=\"https:\/\/muzeumfabrykinorblina.pl\/wp-content\/uploads\/2023\/11\/MFN_Zespol_Michal-Ferenc.jpg 1080w, https:\/\/muzeumfabrykinorblina.pl\/wp-content\/uploads\/2023\/11\/MFN_Zespol_Michal-Ferenc-600x356.jpg 600w, https:\/\/muzeumfabrykinorblina.pl\/wp-content\/uploads\/2023\/11\/MFN_Zespol_Michal-Ferenc-300x178.jpg 300w, https:\/\/muzeumfabrykinorblina.pl\/wp-content\/uploads\/2023\/11\/MFN_Zespol_Michal-Ferenc-1024x607.jpg 1024w, https:\/\/muzeumfabrykinorblina.pl\/wp-content\/uploads\/2023\/11\/MFN_Zespol_Michal-Ferenc-768x455.jpg 768w\" sizes=\"(max-width: 1080px) 100vw, 1080px\" \/>\n<h2>Micha\u0142 Ferenc<\/h2>\n<p>Aktor oprowadzaj\u0105cy po Muzeum Fabryki Norblina<\/p>\n<img src=\"https:\/\/muzeumfabrykinorblina.pl\/wp-content\/uploads\/2023\/11\/MFN_Zespol_Pawel-Grzech.jpg\" title=\"MFN_Zespol_Pawel-Grzech\" alt=\"\" srcset=\"https:\/\/muzeumfabrykinorblina.pl\/wp-content\/uploads\/2023\/11\/MFN_Zespol_Pawel-Grzech.jpg 1080w, https:\/\/muzeumfabrykinorblina.pl\/wp-content\/uploads\/2023\/11\/MFN_Zespol_Pawel-Grzech-600x356.jpg 600w, https:\/\/muzeumfabrykinorblina.pl\/wp-content\/uploads\/2023\/11\/MFN_Zespol_Pawel-Grzech-300x178.jpg 300w, https:\/\/muzeumfabrykinorblina.pl\/wp-content\/uploads\/2023\/11\/MFN_Zespol_Pawel-Grzech-1024x607.jpg 1024w, https:\/\/muzeumfabrykinorblina.pl\/wp-content\/uploads\/2023\/11\/MFN_Zespol_Pawel-Grzech-768x455.jpg 768w\" sizes=\"(max-width: 1080px) 100vw, 1080px\" \/>\n<h2>Pawe\u0142 Grzech<\/h2>\n<p>Aktor oprowadzaj\u0105cy po Muzeum Fabryki Norblina<\/p>\n<img src=\"http:\/\/muzeumfabrykinorblina.pl\/wp-content\/uploads\/2026\/04\/MFN_Zespol_Karol-Bulski.jpg\" width=\"1080\" height=\"640\" alt=\"\">\n<h2>Karol Bulski<\/h2>\n<p>Aktor oprowadzaj\u0105cy po Muzeum Fabryki Norblina<\/p>\n<img src=\"http:\/\/muzeumfabrykinorblina.pl\/wp-content\/uploads\/2024\/07\/MFN_Zespol_Agnieszka-Kus.jpg\" width=\"1080\" height=\"640\" alt=\"\">\n<h2>Agnieszka Ku\u015b<\/h2>\n<p>Przewodniczka Muzeum Fabryki Norblina<\/p>\n<img src=\"http:\/\/muzeumfabrykinorblina.pl\/wp-content\/uploads\/2024\/07\/MFN_Zespol_Magdalena-Krajewska.jpg\" width=\"1080\" height=\"640\" alt=\"\">\n<h2>Magdalena Krajewska<\/h2>\n<p>Przewodniczka Muzeum Fabryki Norblina<\/p>\n<img src=\"http:\/\/muzeumfabrykinorblina.pl\/wp-content\/uploads\/2024\/07\/MFN_Zespol_Agnieszka-Noworyta.jpg\" width=\"1080\" height=\"640\" alt=\"\">\n<h2>Agnieszka Noworyta<\/h2>\n<p>Przewodniczka Muzeum Fabryki Norblina<\/p>","pll_sync_post":{},"_links":{"self":[{"href":"https:\/\/muzeumfabrykinorblina.pl\/index.php?rest_route=\/wp\/v2\/pages\/58","targetHints":{"allow":["GET"]}}],"collection":[{"href":"https:\/\/muzeumfabrykinorblina.pl\/index.php?rest_route=\/wp\/v2\/pages"}],"about":[{"href":"https:\/\/muzeumfabrykinorblina.pl\/index.php?rest_route=\/wp\/v2\/types\/page"}],"author":[{"embeddable":true,"href":"https:\/\/muzeumfabrykinorblina.pl\/index.php?rest_route=\/wp\/v2\/users\/1"}],"replies":[{"embeddable":true,"href":"https:\/\/muzeumfabrykinorblina.pl\/index.php?rest_route=%2Fwp%2Fv2%2Fcomments&post=58"}],"version-history":[{"count":3,"href":"https:\/\/muzeumfabrykinorblina.pl\/index.php?rest_route=\/wp\/v2\/pages\/58\/revisions"}],"predecessor-version":[{"id":7176,"href":"https:\/\/muzeumfabrykinorblina.pl\/index.php?rest_route=\/wp\/v2\/pages\/58\/revisions\/7176"}],"wp:attachment":[{"href":"https:\/\/muzeumfabrykinorblina.pl\/index.php?rest_route=%2Fwp%2Fv2%2Fmedia&parent=58"}],"curies":[{"name":"wp","href":"https:\/\/api.w.org\/{rel}","templated":true}]}}