{"id":42,"date":"2023-10-09T20:22:26","date_gmt":"2023-10-09T20:22:26","guid":{"rendered":"https:\/\/muzeumfabrykinorblina.pl\/?page_id=42"},"modified":"2026-03-13T17:00:08","modified_gmt":"2026-03-13T16:00:08","slug":"wizyta","status":"publish","type":"page","link":"https:\/\/muzeumfabrykinorblina.pl\/?page_id=42","title":{"rendered":"Wizyta"},"content":{"rendered":"<!-- wp:themify-builder\/canvas \/-->","protected":false},"excerpt":{"rendered":"","protected":false},"author":1,"featured_media":689,"parent":0,"menu_order":0,"comment_status":"closed","ping_status":"closed","template":"","meta":{"_acf_changed":false,"_monsterinsights_skip_tracking":false,"footnotes":""},"class_list":["post-42","page","type-page","status-publish","has-post-thumbnail","hentry","has-post-title","has-post-date","has-post-category","has-post-tag","has-post-comment","has-post-author",""],"acf":[],"yoast_head":"<!-- This site is optimized with the Yoast SEO plugin v28.2 - https:\/\/yoast.com\/product\/yoast-seo-wordpress\/ -->\n<title>Wizyta | Muzeum Fabryki Norblina<\/title>\n<meta name=\"robots\" content=\"index, follow, max-snippet:-1, max-image-preview:large, max-video-preview:-1\" \/>\n<link rel=\"canonical\" href=\"https:\/\/muzeumfabrykinorblina.pl\/?page_id=42\" \/>\n<meta property=\"og:locale\" content=\"pl_PL\" \/>\n<meta property=\"og:type\" content=\"article\" \/>\n<meta property=\"og:title\" content=\"Wizyta | Muzeum Fabryki Norblina\" \/>\n<meta property=\"og:url\" content=\"https:\/\/muzeumfabrykinorblina.pl\/?page_id=42\" \/>\n<meta property=\"og:site_name\" content=\"Muzeum Fabryki Norblina\" \/>\n<meta property=\"article:publisher\" content=\"https:\/\/www.facebook.com\/MuzeumFabrykiNorblina\" \/>\n<meta property=\"article:modified_time\" content=\"2026-03-13T16:00:08+00:00\" \/>\n<meta property=\"og:image\" content=\"https:\/\/muzeumfabrykinorblina.pl\/wp-content\/uploads\/2023\/10\/MFN_Featured-image.jpg\" \/>\n\t<meta property=\"og:image:width\" content=\"1080\" \/>\n\t<meta property=\"og:image:height\" content=\"1080\" \/>\n\t<meta property=\"og:image:type\" content=\"image\/jpeg\" \/>\n<meta name=\"twitter:card\" content=\"summary_large_image\" \/>\n<meta name=\"twitter:label1\" content=\"Szacowany czas czytania\" \/>\n\t<meta name=\"twitter:data1\" content=\"15 minut\" \/>\n<script type=\"application\/ld+json\" class=\"yoast-schema-graph\">{\"@context\":\"https:\\\/\\\/schema.org\",\"@graph\":[{\"@type\":\"WebPage\",\"@id\":\"https:\\\/\\\/muzeumfabrykinorblina.pl\\\/?page_id=42\",\"url\":\"https:\\\/\\\/muzeumfabrykinorblina.pl\\\/?page_id=42\",\"name\":\"Wizyta | Muzeum Fabryki Norblina\",\"isPartOf\":{\"@id\":\"https:\\\/\\\/muzeumfabrykinorblina.pl\\\/#website\"},\"primaryImageOfPage\":{\"@id\":\"https:\\\/\\\/muzeumfabrykinorblina.pl\\\/?page_id=42#primaryimage\"},\"image\":{\"@id\":\"https:\\\/\\\/muzeumfabrykinorblina.pl\\\/?page_id=42#primaryimage\"},\"thumbnailUrl\":\"https:\\\/\\\/muzeumfabrykinorblina.pl\\\/wp-content\\\/uploads\\\/2023\\\/10\\\/MFN_Featured-image.jpg\",\"datePublished\":\"2023-10-09T20:22:26+00:00\",\"dateModified\":\"2026-03-13T16:00:08+00:00\",\"breadcrumb\":{\"@id\":\"https:\\\/\\\/muzeumfabrykinorblina.pl\\\/?page_id=42#breadcrumb\"},\"inLanguage\":\"pl-PL\",\"potentialAction\":[{\"@type\":\"ReadAction\",\"target\":[\"https:\\\/\\\/muzeumfabrykinorblina.pl\\\/?page_id=42\"]}]},{\"@type\":\"ImageObject\",\"inLanguage\":\"pl-PL\",\"@id\":\"https:\\\/\\\/muzeumfabrykinorblina.pl\\\/?page_id=42#primaryimage\",\"url\":\"https:\\\/\\\/muzeumfabrykinorblina.pl\\\/wp-content\\\/uploads\\\/2023\\\/10\\\/MFN_Featured-image.jpg\",\"contentUrl\":\"https:\\\/\\\/muzeumfabrykinorblina.pl\\\/wp-content\\\/uploads\\\/2023\\\/10\\\/MFN_Featured-image.jpg\",\"width\":1080,\"height\":1080},{\"@type\":\"BreadcrumbList\",\"@id\":\"https:\\\/\\\/muzeumfabrykinorblina.pl\\\/?page_id=42#breadcrumb\",\"itemListElement\":[{\"@type\":\"ListItem\",\"position\":1,\"name\":\"Strona g\u0142\u00f3wna\",\"item\":\"https:\\\/\\\/muzeumfabrykinorblina.pl\\\/\"},{\"@type\":\"ListItem\",\"position\":2,\"name\":\"Wizyta\"}]},{\"@type\":\"WebSite\",\"@id\":\"https:\\\/\\\/muzeumfabrykinorblina.pl\\\/#website\",\"url\":\"https:\\\/\\\/muzeumfabrykinorblina.pl\\\/\",\"name\":\"Muzeum Fabryki Norblina\",\"description\":\"Fabryka Norblina\",\"publisher\":{\"@id\":\"https:\\\/\\\/muzeumfabrykinorblina.pl\\\/#organization\"},\"potentialAction\":[{\"@type\":\"SearchAction\",\"target\":{\"@type\":\"EntryPoint\",\"urlTemplate\":\"https:\\\/\\\/muzeumfabrykinorblina.pl\\\/?s={search_term_string}\"},\"query-input\":{\"@type\":\"PropertyValueSpecification\",\"valueRequired\":true,\"valueName\":\"search_term_string\"}}],\"inLanguage\":\"pl-PL\"},{\"@type\":\"Organization\",\"@id\":\"https:\\\/\\\/muzeumfabrykinorblina.pl\\\/#organization\",\"name\":\"Muzeum Fabryki Norblina\",\"url\":\"https:\\\/\\\/muzeumfabrykinorblina.pl\\\/\",\"logo\":{\"@type\":\"ImageObject\",\"inLanguage\":\"pl-PL\",\"@id\":\"https:\\\/\\\/muzeumfabrykinorblina.pl\\\/#\\\/schema\\\/logo\\\/image\\\/\",\"url\":\"https:\\\/\\\/muzeumfabrykinorblina.pl\\\/wp-content\\\/uploads\\\/2023\\\/11\\\/MFN_Featured-image_1200x675.jpg\",\"contentUrl\":\"https:\\\/\\\/muzeumfabrykinorblina.pl\\\/wp-content\\\/uploads\\\/2023\\\/11\\\/MFN_Featured-image_1200x675.jpg\",\"width\":1200,\"height\":675,\"caption\":\"Muzeum Fabryki Norblina\"},\"image\":{\"@id\":\"https:\\\/\\\/muzeumfabrykinorblina.pl\\\/#\\\/schema\\\/logo\\\/image\\\/\"},\"sameAs\":[\"https:\\\/\\\/www.facebook.com\\\/MuzeumFabrykiNorblina\",\"https:\\\/\\\/www.instagram.com\\\/muzeumfabrykinorblina\\\/\"]}]}<\/script>\n<!-- \/ Yoast SEO plugin. -->","yoast_head_json":{"title":"Wizyta | Muzeum Fabryki Norblina","robots":{"index":"index","follow":"follow","max-snippet":"max-snippet:-1","max-image-preview":"max-image-preview:large","max-video-preview":"max-video-preview:-1"},"canonical":"https:\/\/muzeumfabrykinorblina.pl\/?page_id=42","og_locale":"pl_PL","og_type":"article","og_title":"Wizyta | Muzeum Fabryki Norblina","og_url":"https:\/\/muzeumfabrykinorblina.pl\/?page_id=42","og_site_name":"Muzeum Fabryki Norblina","article_publisher":"https:\/\/www.facebook.com\/MuzeumFabrykiNorblina","article_modified_time":"2026-03-13T16:00:08+00:00","og_image":[{"width":1080,"height":1080,"url":"https:\/\/muzeumfabrykinorblina.pl\/wp-content\/uploads\/2023\/10\/MFN_Featured-image.jpg","type":"image\/jpeg"}],"twitter_card":"summary_large_image","twitter_misc":{"Szacowany czas czytania":"15 minut"},"schema":{"@context":"https:\/\/schema.org","@graph":[{"@type":"WebPage","@id":"https:\/\/muzeumfabrykinorblina.pl\/?page_id=42","url":"https:\/\/muzeumfabrykinorblina.pl\/?page_id=42","name":"Wizyta | Muzeum Fabryki Norblina","isPartOf":{"@id":"https:\/\/muzeumfabrykinorblina.pl\/#website"},"primaryImageOfPage":{"@id":"https:\/\/muzeumfabrykinorblina.pl\/?page_id=42#primaryimage"},"image":{"@id":"https:\/\/muzeumfabrykinorblina.pl\/?page_id=42#primaryimage"},"thumbnailUrl":"https:\/\/muzeumfabrykinorblina.pl\/wp-content\/uploads\/2023\/10\/MFN_Featured-image.jpg","datePublished":"2023-10-09T20:22:26+00:00","dateModified":"2026-03-13T16:00:08+00:00","breadcrumb":{"@id":"https:\/\/muzeumfabrykinorblina.pl\/?page_id=42#breadcrumb"},"inLanguage":"pl-PL","potentialAction":[{"@type":"ReadAction","target":["https:\/\/muzeumfabrykinorblina.pl\/?page_id=42"]}]},{"@type":"ImageObject","inLanguage":"pl-PL","@id":"https:\/\/muzeumfabrykinorblina.pl\/?page_id=42#primaryimage","url":"https:\/\/muzeumfabrykinorblina.pl\/wp-content\/uploads\/2023\/10\/MFN_Featured-image.jpg","contentUrl":"https:\/\/muzeumfabrykinorblina.pl\/wp-content\/uploads\/2023\/10\/MFN_Featured-image.jpg","width":1080,"height":1080},{"@type":"BreadcrumbList","@id":"https:\/\/muzeumfabrykinorblina.pl\/?page_id=42#breadcrumb","itemListElement":[{"@type":"ListItem","position":1,"name":"Strona g\u0142\u00f3wna","item":"https:\/\/muzeumfabrykinorblina.pl\/"},{"@type":"ListItem","position":2,"name":"Wizyta"}]},{"@type":"WebSite","@id":"https:\/\/muzeumfabrykinorblina.pl\/#website","url":"https:\/\/muzeumfabrykinorblina.pl\/","name":"Muzeum Fabryki Norblina","description":"Fabryka Norblina","publisher":{"@id":"https:\/\/muzeumfabrykinorblina.pl\/#organization"},"potentialAction":[{"@type":"SearchAction","target":{"@type":"EntryPoint","urlTemplate":"https:\/\/muzeumfabrykinorblina.pl\/?s={search_term_string}"},"query-input":{"@type":"PropertyValueSpecification","valueRequired":true,"valueName":"search_term_string"}}],"inLanguage":"pl-PL"},{"@type":"Organization","@id":"https:\/\/muzeumfabrykinorblina.pl\/#organization","name":"Muzeum Fabryki Norblina","url":"https:\/\/muzeumfabrykinorblina.pl\/","logo":{"@type":"ImageObject","inLanguage":"pl-PL","@id":"https:\/\/muzeumfabrykinorblina.pl\/#\/schema\/logo\/image\/","url":"https:\/\/muzeumfabrykinorblina.pl\/wp-content\/uploads\/2023\/11\/MFN_Featured-image_1200x675.jpg","contentUrl":"https:\/\/muzeumfabrykinorblina.pl\/wp-content\/uploads\/2023\/11\/MFN_Featured-image_1200x675.jpg","width":1200,"height":675,"caption":"Muzeum Fabryki Norblina"},"image":{"@id":"https:\/\/muzeumfabrykinorblina.pl\/#\/schema\/logo\/image\/"},"sameAs":["https:\/\/www.facebook.com\/MuzeumFabrykiNorblina","https:\/\/www.instagram.com\/muzeumfabrykinorblina\/"]}]}},"lang":"pl","translations":{"pl":42,"en":2061},"builder_content":"<p>Zdj\u0119cie ze zbior\u00f3w\u00a0rodziny Werner\u00f3w<\/p>\n<h1>Wizyta w muzeum<\/h1>\n<p>Zapraszamy do odwiedzenia Muzeum Fabryki Norblina. Poni\u017cej znajduj\u0105 si\u0119 wskaz\u00f3wki przydatne w zaplanowaniu wizyty u nas zwi\u0105zane z dojazdem, godzinami otwarcia czy cenami bilet\u00f3w.<\/p> <p>Nasza plac\u00f3wka jest cz\u0119\u015bci\u0105 zrewitalizowanego, wielofunkcyjnego kompleksu Fabryka Norblina. Na miejscu wszelkie niezb\u0119dne informacje dotycz\u0105ce funkcjonowania muzeum otrzymasz w punkcie Bilety \/ Info znajduj\u0105cym si\u0119 w budynku Plater, na poziomie 0.<\/p>\n[video src=\"https:\/\/muzeumfabrykinorblina.pl\/wp-content\/uploads\/2023\/10\/odkryj_muzeum_fabryki_norblina-1080p.mp4\" width=\"1920\" height=\"1080\"][\/video]\n<h2>Jak do nas dojecha\u0107?<\/h2>\n\n<p>Muzeum Fabryki Norblina znajduje si\u0119 w sercu warszawskiej Woli, mi\u0119dzy ulicami: \u0141uck\u0105, \u017belazn\u0105 i Prost\u0105. Bliska odleg\u0142o\u015b\u0107 od Ronda ONZ i Ronda Daszy\u0144skiego sprawia, \u017ce mo\u017cna dotrze\u0107 do nas wszelkimi \u015brodkami komunikacji: rowerem, samochodem, liniami autobusowymi, tramwajowymi oraz metrem.<\/p>\n<ul><li><h4>Autobus<\/h4><p>Bezpo\u015brednio przy jednym z historycznych budynk\u00f3w Fabryki Norblina znajduje si\u0119 przystanek Norblin 05 obs\u0142ugiwany przez linie: 109, 178, N45 i N95. Od ulicy \u017belaznej, na przystanku Norblin 06, zatrzymuje si\u0119 linia 157.<\/p> <p>Linie doje\u017cd\u017caj\u0105ce do Ronda ONZ: 109, 160, 174, N12, N13, N14, N16, N21, N44, N46, N62, N63, N64, N71, N95<\/p><\/li><\/ul>\n<ul><li><h4>Metro<\/h4><p>W niedalekiej odleg\u0142o\u015bci od Muzeum znajduj\u0105 si\u0119 dwie stacje metra linii M2, Rondo Daszy\u0144skiego i Rondo ONZ.<\/p><\/li><\/ul>\n<ul><li><h4>Tramwaj<\/h4><p>Linie doje\u017cd\u017caj\u0105ce do Ronda Daszy\u0144skiego: 1, 9, 11, 14, 22, 24, 25.<br>Sprawd\u017a <a href=\"https:\/\/jakdojade.pl\/onboarding\" target=\"_blank\" rel=\"noopener\">tutaj<\/a> jak do nas dojecha\u0107.<\/p><\/li><\/ul>\n<ul><li><h4>Rower<\/h4><p>Ka\u017cdy, kto postanowi dojecha\u0107 do Muzeum Fabryki Norblina rowerem, nie b\u0119dzie mie\u0107 problemu z jego zaparkowaniem. Na terenie Fabryki Norblina znajduje si\u0119: 40 stojak\u00f3w rowerowych zlokalizowanych przy ka\u017cdym wej\u015bciu na teren kompleksu oraz og\u00f3lnodost\u0119pny, podziemny, automatyczny i bezp\u0142atny parking rowerowy, zlokalizowany mi\u0119dzy budynkami Piano Baru a MOXO od strony ulicy Prostej. Jego obs\u0142uga odbywa si\u0119 za pomoc\u0105 aplikacji Fabryki Norblina.<\/p><\/li><\/ul>\n<ul><li><h4>Samoch\u00f3d<\/h4><p>Na naszych\u00a0 zmotoryzowanych go\u015bci czeka niemal 500 miejsc parkingowych w gara\u017cu\u00a0 podziemnym na poziomie -2 i -3. Wjazd na parking znajduje si\u0119 od strony ulicy Prostej.<\/p> <p>Aby uzyska\u0107 rabat na 2 pierwsze godziny parkowania nale\u017cy pobra\u0107 APLIKACJ\u0118 FABRYKI NORBLINA i zarejestrowa\u0107 w niej sw\u00f3j pojazd.<\/p> <p><strong>Operator parkingu:<\/strong><br \/> NetParking 1 Sp. z o.o.<br \/> Numer kontaktowy: +48 790 560 605<br \/> Adres e-mail: parking@fabrykanorblina.pl<\/p> <p>Regulamin parkingu jest dost\u0119pny <a href=\"https:\/\/fabrykanorblina.pl\/regulamin-parkingu\/\" target=\"_blank\">tutaj<\/a>.<\/p><\/li><\/ul>\n<h2>Godziny otwarcia<\/h2>\n\n<p>Muzeum Fabryki Norblina jest otwarte od wtorku do pi\u0105tku w godzinach 9:00 \u2013 17:00 oraz w weekendy w godzinach 10:00 - 16:00. W poniedzia\u0142ki oraz w dni ustawowo wolne od pracy nasza plac\u00f3wka jest nieczynna dla zwiedzaj\u0105cych. Wszelkie zmiany w godzinach funkcjonowania muzeum s\u0105 dost\u0119pne na naszych profilach w mediach spo\u0142eczno\u015bciowych.<\/p>\n<p><strong>Poniedzia\u0142ek<\/strong><br><strong>Wtorek<br>\u015aroda<br>Czwartek<br>Pi\u0105tek<br>Sobota<br>Niedziela<\/strong><br>nieczynne<br>09:00 - 17:00\u00a0<br>09:00 - 17:00\u00a0<br>09:00 - 17:00\u00a0<br>09:00 - 17:00\u00a0<br>10:00 - 16:00\u00a0<br>10:00 - 16:00\u00a0<\/p>\n<h2>Ceny<\/h2>\n\n<p>Muzeum Fabryki Norblina to nie jest zwyk\u0142e muzeum z eksponatami odgrodzonymi linami i wyznaczon\u0105 tras\u0105 zwiedzania. Nasza plac\u00f3wka ma charakter otwarty. Co to znaczy? To, \u017ce w\u0142a\u015bciwie ka\u017cdy, kto przekroczy bram\u0119 Fabryki Norblina od razu mo\u017ce poczu\u0107 histori\u0119 tego miejsca, podziwia\u0107 architektur\u0119, stare maszyny i urz\u0105dzenia, a nawet usi\u0105\u015b\u0107 na \u0142aweczce, kt\u00f3ra kiedy\u015b by\u0142a fabrycznym w\u00f3zkiem do przewo\u017cenia prefabrykat\u00f3w.<\/p> <p>Dla tych, kt\u00f3rzy chc\u0105 pozna\u0107 szczeg\u00f3\u0142ow\u0105 opowie\u015b\u0107 o losach tych teren\u00f3w, polecamy zwiedzanie p\u0142atne dost\u0119pne w trzech r\u00f3\u017cnych opcjach: indywidualnie \u2013 z aplikacj\u0105 mobiln\u0105, z drukami muzealnymi albo z przewodnikiem. Poni\u017cej znajduje si\u0119 szczeg\u00f3\u0142owy cennik dost\u0119pnych sposob\u00f3w zwiedzania.<\/p>\n<h3>Ceny bilet\u00f3w<\/h3>\n<p>Dzieci do 7 roku \u017cycia<br>W aplikacji mobilnej Fabryki Norblina<br>Ulgowy z przewodnikiem<br>Dla seniora z przewodnikiem<br>Z drukami muzealnymi<br>Normalny z przewodnikiem<br><strong>wst\u0119p wolny<\/strong><br><strong>15 PLN\u00a0<\/strong><br><strong>20 PLN<\/strong><br><strong>20 PLN<\/strong><br><strong>30 PLN<\/strong><br><strong>40 PLN<\/strong><\/p>\n<h2>Zwiedzanie z dzie\u0107mi<\/h2>\n\n<p>Zacznij od zapewnienia sobie i swoim pociechom wygodnej pary but\u00f3w! A tak na powa\u017cnie, zwiedzanie muzeum z dzie\u0107mi mo\u017ce by\u0107 \u015bwietn\u0105 zabaw\u0105. Oto kilka pomys\u0142\u00f3w, kt\u00f3re dla Was przygotowali\u015bmy. Gotowi na podr\u00f3\u017c do przesz\u0142o\u015bci? Zapraszamy!<\/p>\n<p>Dla zorganizowanych grup m\u0142odzie\u017cy szkolnej tak\u017ce przygotowali\u015bmy kilka ciekawych mo\u017cliwo\u015bci. Zapraszamy do odwiedzenia zak\u0142adki Edukacja<\/p>\n<img src=\"https:\/\/muzeumfabrykinorblina.pl\/wp-content\/uploads\/2023\/10\/MFN_Wizyta_Dzieki.jpg\" title=\"MFN_Wizyta_Dzieki\" alt=\"\" srcset=\"https:\/\/muzeumfabrykinorblina.pl\/wp-content\/uploads\/2023\/10\/MFN_Wizyta_Dzieki.jpg 1080w, https:\/\/muzeumfabrykinorblina.pl\/wp-content\/uploads\/2023\/10\/MFN_Wizyta_Dzieki-300x300.jpg 300w, https:\/\/muzeumfabrykinorblina.pl\/wp-content\/uploads\/2023\/10\/MFN_Wizyta_Dzieki-100x100.jpg 100w, https:\/\/muzeumfabrykinorblina.pl\/wp-content\/uploads\/2023\/10\/MFN_Wizyta_Dzieki-600x600.jpg 600w, https:\/\/muzeumfabrykinorblina.pl\/wp-content\/uploads\/2023\/10\/MFN_Wizyta_Dzieki-1024x1024.jpg 1024w, https:\/\/muzeumfabrykinorblina.pl\/wp-content\/uploads\/2023\/10\/MFN_Wizyta_Dzieki-150x150.jpg 150w, https:\/\/muzeumfabrykinorblina.pl\/wp-content\/uploads\/2023\/10\/MFN_Wizyta_Dzieki-768x768.jpg 768w\" sizes=\"(max-width: 1080px) 100vw, 1080px\" \/> fot. MEDIAFRESH\n<ul><li><h4>Z drukami muzealnymi<\/h4><p>Dzieci uwielbiaj\u0105 aktywne zwiedzanie. Z naszymi drukami muzealnymi \u201eRodzina\u201d wyprawa do muzeum b\u0119dzie prawdziw\u0105 przygod\u0105. Szukajcie opisanych eksponat\u00f3w, rozwi\u0105zujcie \u0142amig\u0142\u00f3wki i zagadki. Do wyboru mamy 3 tematy zwiedzania, kt\u00f3re mo\u017cna dostosowa\u0107 do zainteresowa\u0144. Wycieczka z drukami mo\u017ce by\u0107 dowolnie przerwana na posi\u0142ek czy inne atrakcje, kt\u00f3re oferuje ca\u0142a Fabryka Norblina dla dzieci.\u00a0<\/p> <p>Zwiedzanie mo\u017ce odbywa\u0107 si\u0119 w godzinach pracy Muzeum Fabryki Norblina.<\/p><\/li><\/ul>\n<ul><li><h4>Z audioprzewodnikiem<\/h4><p>W aplikacji mobilnej Fabryki Norblina znajduje si\u0119 cz\u0119\u015b\u0107 po\u015bwi\u0119cona Muzeum Fabryki Norblina. W niej odnajdziesz mi\u0119dzy innymi wycieczk\u0119 og\u00f3ln\u0105 dla ca\u0142ej rodziny za pomoc\u0105 przewodnika audio czytanego przez Katarzyn\u0105 \u0141ask\u0105 \u2013 tak, to ona wykonuje kultowy utw\u00f3r z bajki Kraina Lodu \u201eMam t\u0119 moc\u201d. Ta \u015bcie\u017cka zwiedzania obejmuje 20 stacji, kt\u00f3re s\u0105 oznaczone na ca\u0142ym terenie Fabryki Norblina symbolem s\u0142uchawek. Zwiedzanie naszego muzeum zamienia si\u0119 w gr\u0119 miejsk\u0105!<\/p> <p>Nie musimy przejmowa\u0107 si\u0119 czasem, poniewa\u017c bilet w aplikacji jest aktywny przez 4 godziny.<\/p> <p>Dzi\u0119ki temu w trakcie zwiedzania mo\u017cna zje\u015b\u0107 pyszny obiad w strefie restauracyjnej czy napi\u0107 si\u0119 dobrej kawy.<\/p><\/li><\/ul>\n<ul><li><h4>Z przewodnikiem w stroju z epoki<\/h4><p>A na koniec prawdziwy hit! Ka\u017cdemu polecamy oprowadzanie po Muzeum Fabryki Norblina w wykonaniu naszych przewodnik\u00f3w \u2013 aktor\u00f3w wcielaj\u0105cych si\u0119 w role dawnych w\u0142a\u015bcicieli Fabryki Norblina: samego Ludwika Norblina, jego wsp\u00f3lnika Teodora Wernera lub siostr\u0119 pierwszego, a \u017con\u0119 drugiego \u2013 Albertyn\u0119 Werner. Ta forma zwiedzania \u0142\u0105czy w sobie elementy wszystkich dost\u0119pnych u nas \u015bcie\u017cek zwiedzania i jest \u015bwietnym wyborem dla rodzin z dzie\u0107mi. Mali go\u015bcie w wieku do 7 lat maj\u0105 wst\u0119p wolny.<\/p><\/li><\/ul>\n<h2>Kontakt<\/h2>\n\n<p>Gdzie nas odwiedzi\u0107? W jakich godzinach zapraszamy zwiedzaj\u0105cych? Jak najlepiej skorzysta\u0107 z naszych eksponat\u00f3w i \u015bcie\u017cek tematycznych? Na te, ale i wszystkie dodatkowe pyania ch\u0119tnie odpowie zesp\u00f3\u0142 Muzeum Fabryki Norblina.<\/p> <p>Zapraszamy w niezwyk\u0142\u0105 podr\u00f3\u017c przez histori\u0119 i tradycj\u0119 Fabryki Norblina! Wsp\u00f3lnie odkryjmy tajemnice jednego z najbardziej fascynuj\u0105cych zak\u0105tk\u00f3w przemys\u0142owego dziedzictwa Warszawy.<\/p>\n<h3>Pytania og\u00f3lne<\/h3>\n<p><strong>Muzeum Fabryki Norblina<\/strong><br>ul. \u017belazna 51\/53<br>00-841 Warszawa<\/p>\n<p>+48 728 594 813<br>muzeum@fabrykanorblina.pl<\/p>\n<a href=\"https:\/\/maps.app.goo.gl\/mLjbywXtQRh1yCzVA\" target=\"_blank\" rel=\"noopener\"> Wyznacz tras\u0119 <\/a>\n<h3>Wydarzenia i edukacja<\/h3>\n<p><strong>Anna Madejska<\/strong><br><a title=\"mailto:a.madejska@muzeumfabrykinorblina.pl\" href=\"mailto:a.madejska@muzeumfabrykinorblina.pl\" data-ogsc=\"\">a.madejska@muzeumfabrykinorblina.pl<\/a><\/p>\n<h3>Biuro prasowe<\/h3>\n<p><strong>Lidia Piekarska-Juszczyk<\/strong><br>l.piekarska@bepr.pl<\/p>","pll_sync_post":{},"_links":{"self":[{"href":"https:\/\/muzeumfabrykinorblina.pl\/index.php?rest_route=\/wp\/v2\/pages\/42","targetHints":{"allow":["GET"]}}],"collection":[{"href":"https:\/\/muzeumfabrykinorblina.pl\/index.php?rest_route=\/wp\/v2\/pages"}],"about":[{"href":"https:\/\/muzeumfabrykinorblina.pl\/index.php?rest_route=\/wp\/v2\/types\/page"}],"author":[{"embeddable":true,"href":"https:\/\/muzeumfabrykinorblina.pl\/index.php?rest_route=\/wp\/v2\/users\/1"}],"replies":[{"embeddable":true,"href":"https:\/\/muzeumfabrykinorblina.pl\/index.php?rest_route=%2Fwp%2Fv2%2Fcomments&post=42"}],"version-history":[{"count":2,"href":"https:\/\/muzeumfabrykinorblina.pl\/index.php?rest_route=\/wp\/v2\/pages\/42\/revisions"}],"predecessor-version":[{"id":7102,"href":"https:\/\/muzeumfabrykinorblina.pl\/index.php?rest_route=\/wp\/v2\/pages\/42\/revisions\/7102"}],"wp:featuredmedia":[{"embeddable":true,"href":"https:\/\/muzeumfabrykinorblina.pl\/index.php?rest_route=\/wp\/v2\/media\/689"}],"wp:attachment":[{"href":"https:\/\/muzeumfabrykinorblina.pl\/index.php?rest_route=%2Fwp%2Fv2%2Fmedia&parent=42"}],"curies":[{"name":"wp","href":"https:\/\/api.w.org\/{rel}","templated":true}]}}