{"id":3980,"date":"2025-02-20T20:09:48","date_gmt":"2025-02-20T20:09:48","guid":{"rendered":"https:\/\/muzeumfabrykinorblina.pl\/?page_id=3980"},"modified":"2026-05-27T11:49:52","modified_gmt":"2026-05-27T09:49:52","slug":"oferta-dla-firm","status":"publish","type":"page","link":"https:\/\/muzeumfabrykinorblina.pl\/?page_id=3980","title":{"rendered":"Oferta dla firm"},"content":{"rendered":"<!-- wp:themify-builder\/canvas \/-->","protected":false},"excerpt":{"rendered":"","protected":false},"author":1,"featured_media":0,"parent":0,"menu_order":0,"comment_status":"closed","ping_status":"closed","template":"","meta":{"_acf_changed":false,"_monsterinsights_skip_tracking":false,"footnotes":""},"class_list":["post-3980","page","type-page","status-publish","hentry","has-post-title","has-post-date","has-post-category","has-post-tag","has-post-comment","has-post-author",""],"acf":[],"yoast_head":"<!-- This site is optimized with the Yoast SEO plugin v28.2 - https:\/\/yoast.com\/product\/yoast-seo-wordpress\/ -->\n<title>Oferta dla firm | Muzeum Fabryki Norblina<\/title>\n<meta name=\"robots\" content=\"index, follow, max-snippet:-1, max-image-preview:large, max-video-preview:-1\" \/>\n<link rel=\"canonical\" href=\"https:\/\/muzeumfabrykinorblina.pl\/?page_id=3980\" \/>\n<meta property=\"og:locale\" content=\"pl_PL\" \/>\n<meta property=\"og:type\" content=\"article\" \/>\n<meta property=\"og:title\" content=\"Oferta dla firm | Muzeum Fabryki Norblina\" \/>\n<meta property=\"og:url\" content=\"https:\/\/muzeumfabrykinorblina.pl\/?page_id=3980\" \/>\n<meta property=\"og:site_name\" content=\"Muzeum Fabryki Norblina\" \/>\n<meta property=\"article:publisher\" content=\"https:\/\/www.facebook.com\/MuzeumFabrykiNorblina\" \/>\n<meta property=\"article:modified_time\" content=\"2026-05-27T09:49:52+00:00\" \/>\n<meta property=\"og:image\" content=\"https:\/\/muzeumfabrykinorblina.pl\/wp-content\/uploads\/2026\/03\/MFN_Wycieczka_Art-Walk-po-FN.jpg\" \/>\n<meta name=\"twitter:card\" content=\"summary_large_image\" \/>\n<meta name=\"twitter:label1\" content=\"Szacowany czas czytania\" \/>\n\t<meta name=\"twitter:data1\" content=\"12 minut\" \/>\n<script type=\"application\/ld+json\" class=\"yoast-schema-graph\">{\"@context\":\"https:\\\/\\\/schema.org\",\"@graph\":[{\"@type\":\"WebPage\",\"@id\":\"https:\\\/\\\/muzeumfabrykinorblina.pl\\\/?page_id=3980\",\"url\":\"https:\\\/\\\/muzeumfabrykinorblina.pl\\\/?page_id=3980\",\"name\":\"Oferta dla firm | Muzeum Fabryki Norblina\",\"isPartOf\":{\"@id\":\"https:\\\/\\\/muzeumfabrykinorblina.pl\\\/#website\"},\"primaryImageOfPage\":{\"@id\":\"https:\\\/\\\/muzeumfabrykinorblina.pl\\\/?page_id=3980#primaryimage\"},\"image\":{\"@id\":\"https:\\\/\\\/muzeumfabrykinorblina.pl\\\/?page_id=3980#primaryimage\"},\"thumbnailUrl\":\"https:\\\/\\\/muzeumfabrykinorblina.pl\\\/wp-content\\\/uploads\\\/2026\\\/03\\\/MFN_Wycieczka_Art-Walk-po-FN.jpg\",\"datePublished\":\"2025-02-20T20:09:48+00:00\",\"dateModified\":\"2026-05-27T09:49:52+00:00\",\"breadcrumb\":{\"@id\":\"https:\\\/\\\/muzeumfabrykinorblina.pl\\\/?page_id=3980#breadcrumb\"},\"inLanguage\":\"pl-PL\",\"potentialAction\":[{\"@type\":\"ReadAction\",\"target\":[\"https:\\\/\\\/muzeumfabrykinorblina.pl\\\/?page_id=3980\"]}]},{\"@type\":\"ImageObject\",\"inLanguage\":\"pl-PL\",\"@id\":\"https:\\\/\\\/muzeumfabrykinorblina.pl\\\/?page_id=3980#primaryimage\",\"url\":\"https:\\\/\\\/muzeumfabrykinorblina.pl\\\/wp-content\\\/uploads\\\/2026\\\/03\\\/MFN_Wycieczka_Art-Walk-po-FN.jpg\",\"contentUrl\":\"https:\\\/\\\/muzeumfabrykinorblina.pl\\\/wp-content\\\/uploads\\\/2026\\\/03\\\/MFN_Wycieczka_Art-Walk-po-FN.jpg\",\"width\":1080,\"height\":1080,\"caption\":\"Art Walk po Fabryce Norblina\"},{\"@type\":\"BreadcrumbList\",\"@id\":\"https:\\\/\\\/muzeumfabrykinorblina.pl\\\/?page_id=3980#breadcrumb\",\"itemListElement\":[{\"@type\":\"ListItem\",\"position\":1,\"name\":\"Strona g\u0142\u00f3wna\",\"item\":\"https:\\\/\\\/muzeumfabrykinorblina.pl\\\/\"},{\"@type\":\"ListItem\",\"position\":2,\"name\":\"Oferta dla firm\"}]},{\"@type\":\"WebSite\",\"@id\":\"https:\\\/\\\/muzeumfabrykinorblina.pl\\\/#website\",\"url\":\"https:\\\/\\\/muzeumfabrykinorblina.pl\\\/\",\"name\":\"Muzeum Fabryki Norblina\",\"description\":\"Fabryka Norblina\",\"publisher\":{\"@id\":\"https:\\\/\\\/muzeumfabrykinorblina.pl\\\/#organization\"},\"potentialAction\":[{\"@type\":\"SearchAction\",\"target\":{\"@type\":\"EntryPoint\",\"urlTemplate\":\"https:\\\/\\\/muzeumfabrykinorblina.pl\\\/?s={search_term_string}\"},\"query-input\":{\"@type\":\"PropertyValueSpecification\",\"valueRequired\":true,\"valueName\":\"search_term_string\"}}],\"inLanguage\":\"pl-PL\"},{\"@type\":\"Organization\",\"@id\":\"https:\\\/\\\/muzeumfabrykinorblina.pl\\\/#organization\",\"name\":\"Muzeum Fabryki Norblina\",\"url\":\"https:\\\/\\\/muzeumfabrykinorblina.pl\\\/\",\"logo\":{\"@type\":\"ImageObject\",\"inLanguage\":\"pl-PL\",\"@id\":\"https:\\\/\\\/muzeumfabrykinorblina.pl\\\/#\\\/schema\\\/logo\\\/image\\\/\",\"url\":\"https:\\\/\\\/muzeumfabrykinorblina.pl\\\/wp-content\\\/uploads\\\/2023\\\/11\\\/MFN_Featured-image_1200x675.jpg\",\"contentUrl\":\"https:\\\/\\\/muzeumfabrykinorblina.pl\\\/wp-content\\\/uploads\\\/2023\\\/11\\\/MFN_Featured-image_1200x675.jpg\",\"width\":1200,\"height\":675,\"caption\":\"Muzeum Fabryki Norblina\"},\"image\":{\"@id\":\"https:\\\/\\\/muzeumfabrykinorblina.pl\\\/#\\\/schema\\\/logo\\\/image\\\/\"},\"sameAs\":[\"https:\\\/\\\/www.facebook.com\\\/MuzeumFabrykiNorblina\",\"https:\\\/\\\/www.instagram.com\\\/muzeumfabrykinorblina\\\/\"]}]}<\/script>\n<!-- \/ Yoast SEO plugin. -->","yoast_head_json":{"title":"Oferta dla firm | Muzeum Fabryki Norblina","robots":{"index":"index","follow":"follow","max-snippet":"max-snippet:-1","max-image-preview":"max-image-preview:large","max-video-preview":"max-video-preview:-1"},"canonical":"https:\/\/muzeumfabrykinorblina.pl\/?page_id=3980","og_locale":"pl_PL","og_type":"article","og_title":"Oferta dla firm | Muzeum Fabryki Norblina","og_url":"https:\/\/muzeumfabrykinorblina.pl\/?page_id=3980","og_site_name":"Muzeum Fabryki Norblina","article_publisher":"https:\/\/www.facebook.com\/MuzeumFabrykiNorblina","article_modified_time":"2026-05-27T09:49:52+00:00","og_image":[{"url":"https:\/\/muzeumfabrykinorblina.pl\/wp-content\/uploads\/2026\/03\/MFN_Wycieczka_Art-Walk-po-FN.jpg","type":"","width":"","height":""}],"twitter_card":"summary_large_image","twitter_misc":{"Szacowany czas czytania":"12 minut"},"schema":{"@context":"https:\/\/schema.org","@graph":[{"@type":"WebPage","@id":"https:\/\/muzeumfabrykinorblina.pl\/?page_id=3980","url":"https:\/\/muzeumfabrykinorblina.pl\/?page_id=3980","name":"Oferta dla firm | Muzeum Fabryki Norblina","isPartOf":{"@id":"https:\/\/muzeumfabrykinorblina.pl\/#website"},"primaryImageOfPage":{"@id":"https:\/\/muzeumfabrykinorblina.pl\/?page_id=3980#primaryimage"},"image":{"@id":"https:\/\/muzeumfabrykinorblina.pl\/?page_id=3980#primaryimage"},"thumbnailUrl":"https:\/\/muzeumfabrykinorblina.pl\/wp-content\/uploads\/2026\/03\/MFN_Wycieczka_Art-Walk-po-FN.jpg","datePublished":"2025-02-20T20:09:48+00:00","dateModified":"2026-05-27T09:49:52+00:00","breadcrumb":{"@id":"https:\/\/muzeumfabrykinorblina.pl\/?page_id=3980#breadcrumb"},"inLanguage":"pl-PL","potentialAction":[{"@type":"ReadAction","target":["https:\/\/muzeumfabrykinorblina.pl\/?page_id=3980"]}]},{"@type":"ImageObject","inLanguage":"pl-PL","@id":"https:\/\/muzeumfabrykinorblina.pl\/?page_id=3980#primaryimage","url":"https:\/\/muzeumfabrykinorblina.pl\/wp-content\/uploads\/2026\/03\/MFN_Wycieczka_Art-Walk-po-FN.jpg","contentUrl":"https:\/\/muzeumfabrykinorblina.pl\/wp-content\/uploads\/2026\/03\/MFN_Wycieczka_Art-Walk-po-FN.jpg","width":1080,"height":1080,"caption":"Art Walk po Fabryce Norblina"},{"@type":"BreadcrumbList","@id":"https:\/\/muzeumfabrykinorblina.pl\/?page_id=3980#breadcrumb","itemListElement":[{"@type":"ListItem","position":1,"name":"Strona g\u0142\u00f3wna","item":"https:\/\/muzeumfabrykinorblina.pl\/"},{"@type":"ListItem","position":2,"name":"Oferta dla firm"}]},{"@type":"WebSite","@id":"https:\/\/muzeumfabrykinorblina.pl\/#website","url":"https:\/\/muzeumfabrykinorblina.pl\/","name":"Muzeum Fabryki Norblina","description":"Fabryka Norblina","publisher":{"@id":"https:\/\/muzeumfabrykinorblina.pl\/#organization"},"potentialAction":[{"@type":"SearchAction","target":{"@type":"EntryPoint","urlTemplate":"https:\/\/muzeumfabrykinorblina.pl\/?s={search_term_string}"},"query-input":{"@type":"PropertyValueSpecification","valueRequired":true,"valueName":"search_term_string"}}],"inLanguage":"pl-PL"},{"@type":"Organization","@id":"https:\/\/muzeumfabrykinorblina.pl\/#organization","name":"Muzeum Fabryki Norblina","url":"https:\/\/muzeumfabrykinorblina.pl\/","logo":{"@type":"ImageObject","inLanguage":"pl-PL","@id":"https:\/\/muzeumfabrykinorblina.pl\/#\/schema\/logo\/image\/","url":"https:\/\/muzeumfabrykinorblina.pl\/wp-content\/uploads\/2023\/11\/MFN_Featured-image_1200x675.jpg","contentUrl":"https:\/\/muzeumfabrykinorblina.pl\/wp-content\/uploads\/2023\/11\/MFN_Featured-image_1200x675.jpg","width":1200,"height":675,"caption":"Muzeum Fabryki Norblina"},"image":{"@id":"https:\/\/muzeumfabrykinorblina.pl\/#\/schema\/logo\/image\/"},"sameAs":["https:\/\/www.facebook.com\/MuzeumFabrykiNorblina","https:\/\/www.instagram.com\/muzeumfabrykinorblina\/"]}]}},"lang":"pl","translations":{"pl":3980},"builder_content":"<h1>Zwiedzanie i wynajem przestrzeni w Muzeum Fabryki Norblina<\/h1>\n<p>Oferta dla firm<\/p>\n<p>Ponad 240 lat historii, innowacji i przedsi\u0119biorczo\u015bci \u2013 Muzeum Fabryki Norblina to nie tylko fascynuj\u0105ca podr\u00f3\u017c w czasie, ale tak\u017ce wyj\u0105tkowa okazja do budowania relacji biznesowych w inspiruj\u0105cym otoczeniu.<\/p> <p>Zapraszamy firmy na ekskluzywne zwiedzanie miejsca, gdzie nowoczesno\u015b\u0107 spotyka si\u0119 z dziedzictwem jednego z najwi\u0119kszych przedsi\u0119biorstw metalurgicznych Kr\u00f3lestwa Polskiego. Odkryjcie histori\u0119 sukcesu rodzin Norblin\u00f3w i Werner\u00f3w, kt\u00f3re przez pokolenia kszta\u0142towa\u0142y polski przemys\u0142. To doskona\u0142a okazja do integracji zespo\u0142u, organizacji spotka\u0144 biznesowych czy znalezienia inspiracji w miejscu, kt\u00f3re od wiek\u00f3w by\u0142o symbolem innowacji i rozwoju.<\/p> <p>Waszym przewodnikiem mo\u017ce by\u0107 licencjonowany ekspert lub aktor w stroju z epoki, kt\u00f3ry przeniesie grup\u0119 w czasie, prosto do serca XIX-wiecznej fabryki.<\/p> <p>Je\u015bli szukacie klimatycznego miejsca na konferencje, warsztaty lub spotkanie biznesowe -\u00a0 sala w dawnej Namiarowni to idealne miejsce na spotkanie w unikatowym, zabytkowym wn\u0119trzu.<\/p> <p>Odkryjcie Fabryk\u0119 Norblina ze swoim zespo\u0142em lub klientem \u2013 przestrze\u0144, gdzie historia inspiruje wsp\u00f3\u0142czesno\u015b\u0107, a ka\u017cde spotkanie zyskuje wyj\u0105tkowy kontekst.<\/p>\n<a href=\"https:\/\/muzeumfabrykinorblina.pl\/wp-content\/uploads\/2026\/03\/MFN_Oferta_dla_Firm_-03.03.pdf\" target=\"_blank\" rel=\"noopener\"> Szczeg\u00f3\u0142y i ceny <\/a>\n<img src=\"https:\/\/muzeumfabrykinorblina.pl\/wp-content\/uploads\/2026\/03\/MFN_Wycieczka_Art-Walk-po-FN.jpg\" title=\"Art Walk po Fabryce Norblina\" alt=\"Art Walk po Fabryce Norblina\" srcset=\"https:\/\/muzeumfabrykinorblina.pl\/wp-content\/uploads\/2026\/03\/MFN_Wycieczka_Art-Walk-po-FN.jpg 1080w, https:\/\/muzeumfabrykinorblina.pl\/wp-content\/uploads\/2026\/03\/MFN_Wycieczka_Art-Walk-po-FN-300x300.jpg 300w, https:\/\/muzeumfabrykinorblina.pl\/wp-content\/uploads\/2026\/03\/MFN_Wycieczka_Art-Walk-po-FN-1024x1024.jpg 1024w, https:\/\/muzeumfabrykinorblina.pl\/wp-content\/uploads\/2026\/03\/MFN_Wycieczka_Art-Walk-po-FN-150x150.jpg 150w, https:\/\/muzeumfabrykinorblina.pl\/wp-content\/uploads\/2026\/03\/MFN_Wycieczka_Art-Walk-po-FN-768x768.jpg 768w, https:\/\/muzeumfabrykinorblina.pl\/wp-content\/uploads\/2026\/03\/MFN_Wycieczka_Art-Walk-po-FN-600x600.jpg 600w, https:\/\/muzeumfabrykinorblina.pl\/wp-content\/uploads\/2026\/03\/MFN_Wycieczka_Art-Walk-po-FN-100x100.jpg 100w\" sizes=\"(max-width: 1080px) 100vw, 1080px\" \/>\n<p>fot. MEDIAFRESH<\/p>\n<h2>Art Walk po Fabryce Norblina<\/h2>\n<p><b>Czas trwania<\/b>: 60 minut <b>Minimalna liczba os\u00f3b<\/b>: 10<\/p>\n<p style=\"font-weight: 400;\">Zwiedzanie z przewodnikiem, kt\u00f3ry opowie o przenikaniu si\u0119 sztuki i historii w przestrzeni Fabryki Norblina. Trasa obejmuje wybrane realizacje artystyczne i inicjatywy obecne na terenie kompleksu,<\/p> <p style=\"font-weight: 400;\">Wycieczk\u0119 mo\u017cna tak\u017ce rozbudowa\u0107 o dodatkowe elementy \u2013 kulinarne lub wieczorne.<\/p>\n<a href=\"#rezerwacja\" > Zarezerwuj <\/a>\n<p><b>Co oferujemy<br><\/b><\/p> <p>Interaktywne zwiedzanie z przewodnikiem lub aktorem wcielaj\u0105cym si\u0119 w posta\u0107 z przesz\u0142o\u015bci. Trasa \u0142\u0105czy opowie\u015b\u0107 o historii Fabryki Norblina z prezentacj\u0105 jej wsp\u00f3\u0142czesnego oblicza \u2013 dynamicznego miejsca pe\u0142nego kultury, smak\u00f3w i miejskiej energii.<\/p> <p>W cenie wycieczki uwzgl\u0119dniono r\u00f3wnie\u017c degustacje \u2013 lokalne przek\u0105ski i napoje (dwie stacje z napojami oraz finger foods), kt\u00f3re stanowi\u0105 przyjemne uzupe\u0142nienie opowie\u015bci i pozwalaj\u0105 jeszcze pe\u0142niej poczu\u0107 klimat Fabryki Norblina.<\/p>\n<a href=\"#rezerwacja\" > Zarezerwuj <\/a>\n<img src=\"https:\/\/muzeumfabrykinorblina.pl\/wp-content\/uploads\/2024\/09\/MFN_Wycieczka_FN-w-pigulce.jpg\" title=\"MFN_Wycieczka_FN-w-pigulce\" alt=\"\" srcset=\"https:\/\/muzeumfabrykinorblina.pl\/wp-content\/uploads\/2024\/09\/MFN_Wycieczka_FN-w-pigulce.jpg 1080w, https:\/\/muzeumfabrykinorblina.pl\/wp-content\/uploads\/2024\/09\/MFN_Wycieczka_FN-w-pigulce-300x300.jpg 300w, https:\/\/muzeumfabrykinorblina.pl\/wp-content\/uploads\/2024\/09\/MFN_Wycieczka_FN-w-pigulce-100x100.jpg 100w, https:\/\/muzeumfabrykinorblina.pl\/wp-content\/uploads\/2024\/09\/MFN_Wycieczka_FN-w-pigulce-600x600-600x600.jpg 600w, https:\/\/muzeumfabrykinorblina.pl\/wp-content\/uploads\/2024\/09\/MFN_Wycieczka_FN-w-pigulce-1024x1024.jpg 1024w, https:\/\/muzeumfabrykinorblina.pl\/wp-content\/uploads\/2024\/09\/MFN_Wycieczka_FN-w-pigulce-150x150.jpg 150w, https:\/\/muzeumfabrykinorblina.pl\/wp-content\/uploads\/2024\/09\/MFN_Wycieczka_FN-w-pigulce-768x768.jpg 768w\" sizes=\"(max-width: 1080px) 100vw, 1080px\" \/>\n<p>fot. MEDIAFRESH<\/p>\n<h2>Fabryka Norblina w pigu\u0142ce<\/h2>\n<p><b>Czas trwania<\/b>: 60 minut <b>Minimalna liczba os\u00f3b<\/b>: 10<\/p>\n<p><strong>Dlaczego warto<br><\/strong>Idealna propozycja na pierwsz\u0105 wizyt\u0119 w Muzeum \u2013 pozwala pozna\u0107 kluczowe eksponaty i poczu\u0107 ducha dawnej fabryki. \u015awietnie sprawdzi si\u0119 jako forma integracji, warsztat\u00f3w firmowych i budowania relacji \u2013 \u0142\u0105czy edukacj\u0119, rozrywk\u0119 i wsp\u00f3lne do\u015bwiadczenie w swobodnej atmosferze.<\/p>\n<a href=\"#rezerwacja\" > Zarezerwuj <\/a>\n<p><b>Co oferujemy<br><\/b>Idealna propozycja na pierwsz\u0105 wizyt\u0119 w Muzeum \u2013 pozwala pozna\u0107 kluczowe eksponaty i poczu\u0107 ducha dawnej fabryki. \u015awietnie sprawdzi si\u0119 jako forma integracji, warsztat\u00f3w firmowych i budowania relacji \u2013 \u0142\u0105czy edukacj\u0119, rozrywk\u0119 i wsp\u00f3lne do\u015bwiadczenie w swobodnej atmosferze.<\/p> <p>Wycieczk\u0119 mo\u017cna tak\u017ce rozbudowa\u0107 o dodatkowe elementy \u2013 kulinarne, inscenizacyjne lub wieczorne.<\/p>\n<a href=\"#rezerwacja\" > Zarezerwuj <\/a>\n<img src=\"https:\/\/muzeumfabrykinorblina.pl\/wp-content\/uploads\/2024\/09\/MFN_Wycieczka_FN-w-pigulce-wieczorem.jpg\" title=\"MFN_Wycieczka_FN-w-pigulce-wieczorem\" alt=\"\" srcset=\"https:\/\/muzeumfabrykinorblina.pl\/wp-content\/uploads\/2024\/09\/MFN_Wycieczka_FN-w-pigulce-wieczorem.jpg 1080w, https:\/\/muzeumfabrykinorblina.pl\/wp-content\/uploads\/2024\/09\/MFN_Wycieczka_FN-w-pigulce-wieczorem-300x300.jpg 300w, https:\/\/muzeumfabrykinorblina.pl\/wp-content\/uploads\/2024\/09\/MFN_Wycieczka_FN-w-pigulce-wieczorem-100x100.jpg 100w, https:\/\/muzeumfabrykinorblina.pl\/wp-content\/uploads\/2024\/09\/MFN_Wycieczka_FN-w-pigulce-wieczorem-600x600.jpg 600w, https:\/\/muzeumfabrykinorblina.pl\/wp-content\/uploads\/2024\/09\/MFN_Wycieczka_FN-w-pigulce-wieczorem-1024x1024.jpg 1024w, https:\/\/muzeumfabrykinorblina.pl\/wp-content\/uploads\/2024\/09\/MFN_Wycieczka_FN-w-pigulce-wieczorem-150x150.jpg 150w, https:\/\/muzeumfabrykinorblina.pl\/wp-content\/uploads\/2024\/09\/MFN_Wycieczka_FN-w-pigulce-wieczorem-768x768.jpg 768w\" sizes=\"(max-width: 1080px) 100vw, 1080px\" \/>\n<p>fot. MEDIAFRESH<\/p>\n<h2>Fabryka Norblina Wczoraj i Dzi\u015b<\/h2>\n<p><b>Czas trwania<\/b>: 120 minut <b>Minimalna liczba os\u00f3b<\/b>: 10<\/p>\n<p><strong>Dlaczego warto<br><\/strong>To podr\u00f3\u017c przez ponad 200 lat historii i jednocze\u015bnie spojrzenie na nowoczesn\u0105 Fabryk\u0119 Norblina \u2013 dzi\u015b t\u0119tni\u0105c\u0105 kultur\u0105, smakami i miejsk\u0105 energi\u0105. Idealna propozycja dla firm i zespo\u0142\u00f3w: integracja, inspiruj\u0105ce otoczenie i okazja, by prze\u017cy\u0107 co\u015b wyj\u0105tkowego razem.<\/p>\n<a href=\"#rezerwacja\" > Zarezerwuj <\/a>\n<p><b>Co oferujemy<br><\/b><\/p> <p>Interaktywne zwiedzanie z przewodnikiem lub aktorem wcielaj\u0105cym si\u0119 w posta\u0107 z przesz\u0142o\u015bci. Trasa \u0142\u0105czy opowie\u015b\u0107 o historii Fabryki Norblina z prezentacj\u0105 jej wsp\u00f3\u0142czesnego oblicza \u2013 dynamicznego miejsca pe\u0142nego kultury, smak\u00f3w i miejskiej energii.<\/p> <p>W cenie wycieczki uwzgl\u0119dniono r\u00f3wnie\u017c degustacje \u2013 lokalne przek\u0105ski i napoje (dwie stacje z napojami oraz finger foods), kt\u00f3re stanowi\u0105 przyjemne uzupe\u0142nienie opowie\u015bci i pozwalaj\u0105 jeszcze pe\u0142niej poczu\u0107 klimat Fabryki Norblina.<\/p>\n<a href=\"#rezerwacja\" > Zarezerwuj <\/a>\n<img src=\"https:\/\/muzeumfabrykinorblina.pl\/wp-content\/uploads\/2025\/10\/FN_Eventy_Image_MFN.webp\" title=\"FN_Eventy_Image_MFN\" alt=\"\" srcset=\"https:\/\/muzeumfabrykinorblina.pl\/wp-content\/uploads\/2025\/10\/FN_Eventy_Image_MFN.webp 1080w, https:\/\/muzeumfabrykinorblina.pl\/wp-content\/uploads\/2025\/10\/FN_Eventy_Image_MFN-300x300.webp 300w, https:\/\/muzeumfabrykinorblina.pl\/wp-content\/uploads\/2025\/10\/FN_Eventy_Image_MFN-1024x1024.webp 1024w, https:\/\/muzeumfabrykinorblina.pl\/wp-content\/uploads\/2025\/10\/FN_Eventy_Image_MFN-150x150.webp 150w, https:\/\/muzeumfabrykinorblina.pl\/wp-content\/uploads\/2025\/10\/FN_Eventy_Image_MFN-768x769.webp 768w, https:\/\/muzeumfabrykinorblina.pl\/wp-content\/uploads\/2025\/10\/FN_Eventy_Image_MFN-600x601.webp 600w, https:\/\/muzeumfabrykinorblina.pl\/wp-content\/uploads\/2025\/10\/FN_Eventy_Image_MFN-100x100.webp 100w\" sizes=\"(max-width: 1080px) 100vw, 1080px\" \/>\n<p>fot. MEDIAFRESH<\/p>\n<h2>Sala \"NAMIAROWNIA\"<\/h2>\n<p>Historyczna przestrze\u0144 do wynaj\u0119cia. Idealna na konferencje, warsztaty i spotkania biznesowe. <\/p>\n<p>Namiarownia to wyj\u0105tkowa, kameralna przestrze\u0144 zlokalizowana w zabytkowym sercu Fabryki Norblina. Miejsce opowiada o przemianie od przemys\u0142owej przesz\u0142o\u015bci do wsp\u00f3\u0142czesnej tkanki miejskiej kultury, nadaj\u0105c wydarzeniom znaczenie i szerszy kontekst. Charakter wn\u0119trza buduje atmosfer\u0119, wspiera odbi\u00f3r tre\u015bci i pozwala wydarzeniu wybrzmie\u0107 w otoczeniu kultury oraz historii miasta. Namiarownia odpowiada na potrzeby organizator\u00f3w poszukuj\u0105cych przestrzeni z to\u017csamo\u015bci\u0105, kameralnej i autentycznej, kt\u00f3ra wzmacnia przekaz wydarzenia.<\/p>\n<a href=\"http:\/\/muzeumfabrykinorblina.pl\/wp-content\/uploads\/2026\/05\/MFN-Oferta-Namiarownia.pdf\" target=\"_blank\" rel=\"noopener\"> Szczeg\u00f3\u0142y i ceny <\/a>\n<p><b>Dost\u0119pno\u015b\u0107 przestrzeni<\/b><\/p> <p>Poniedzia\u0142ek\u2013pi\u0105tek: 9:00\u201316:00<br>Sobota\u2013niedziela: 10:00\u201316:00<\/p>\n<a href=\"http:\/\/muzeumfabrykinorblina.pl\/wp-content\/uploads\/2026\/05\/MFN-Oferta-Namiarownia.pdf\" target=\"_blank\" rel=\"noopener\"> Szczeg\u00f3\u0142y i ceny <\/a>\n<h2>Dlaczego Fabryka Norblina to idealne miejsce dla firm?<\/h2>\n<p>Oferujemy program w pe\u0142ni dopasowany do oczekiwa\u0144 uczestnik\u00f3w \u2013 ka\u017cda wycieczka jest personalizowana z my\u015bl\u0105 o konkretnej grupie. Spotkania odbywaj\u0105 si\u0119 w unikalnej przestrzeni, gdzie industrialny klimat harmonijnie \u0142\u0105czy si\u0119 z nowoczesnym charakterem miejsca. Ca\u0142o\u015b\u0107 dope\u0142niaj\u0105 wyj\u0105tkowe atrakcje kulinarne, kt\u00f3re nie tylko zachwycaj\u0105 smakiem, ale tak\u017ce sprzyjaj\u0105 integracji i budowaniu relacji.<\/p>\n<p><strong>Odkryj niezwyk\u0142\u0105 histori\u0119 Fabryki Norblina \u2013 miejsca \u0142\u0105cz\u0105cego tradycj\u0119 z nowoczesno\u015bci\u0105!<\/strong><\/p>\n[embed]https:\/\/www.youtube.com\/watch?v=R91bqI0cUcQ[\/embed]\n<img src=\"https:\/\/muzeumfabrykinorblina.pl\/wp-content\/uploads\/2026\/03\/MFN_Image_1280x1280_Bilety-info_01.jpg\" title=\"MFN_Image_1280x1280_Bilety-info_01\" alt=\"\" srcset=\"https:\/\/muzeumfabrykinorblina.pl\/wp-content\/uploads\/2026\/03\/MFN_Image_1280x1280_Bilety-info_01.jpg 1080w, https:\/\/muzeumfabrykinorblina.pl\/wp-content\/uploads\/2026\/03\/MFN_Image_1280x1280_Bilety-info_01-300x300.jpg 300w, https:\/\/muzeumfabrykinorblina.pl\/wp-content\/uploads\/2026\/03\/MFN_Image_1280x1280_Bilety-info_01-1024x1024.jpg 1024w, https:\/\/muzeumfabrykinorblina.pl\/wp-content\/uploads\/2026\/03\/MFN_Image_1280x1280_Bilety-info_01-150x150.jpg 150w, https:\/\/muzeumfabrykinorblina.pl\/wp-content\/uploads\/2026\/03\/MFN_Image_1280x1280_Bilety-info_01-768x768.jpg 768w, https:\/\/muzeumfabrykinorblina.pl\/wp-content\/uploads\/2026\/03\/MFN_Image_1280x1280_Bilety-info_01-600x600.jpg 600w, https:\/\/muzeumfabrykinorblina.pl\/wp-content\/uploads\/2026\/03\/MFN_Image_1280x1280_Bilety-info_01-100x100.jpg 100w\" sizes=\"(max-width: 1080px) 100vw, 1080px\" \/>\n<p>fot. MEDIAFRESH<\/p>\n<h2>Gdzie rozpoczynaj\u0105 si\u0119 wycieczki?<\/h2>\n<p>Muzeum Fabryki Norblina znajduje si\u0119 w <strong>Warszawie przy ulicy \u017belaznej 51\/53<\/strong>, w sercu warszawskiej Woli.<\/p> <p>Wszystkie wycieczki muzealne rozpoczynaj\u0105 si\u0119 przy punkcie \"Bilety Info\" zlokalizowanym w budynku <strong>Plater<\/strong>, na <strong>poziomie \"0\"<\/strong>.<\/p> <p>Po wej\u015bciu g\u0142\u00f3wn\u0105 bram\u0105 od ulicy \u017belaznej na teren Fabryki Norblina, kieruj si\u0119 prosto, nast\u0119pnie skr\u0119\u0107 w prawo i wejd\u017a przez drzwi obrotowe do budynku Plater.<\/p>\n<a href=\"https:\/\/maps.app.goo.gl\/ogjgNkugsmMmZPz7A\" target=\"_blank\" rel=\"noopener\"> Wyznacz tras\u0119 <\/a>\n<h2>Opinie naszych go\u015bci<\/h2>\n<p>\u201eOstatnio tak bardzo podoba\u0142a nam si\u0119 wycieczka, \u017ce poleci\u0142am Pa\u0144stwa Muzeum oraz Pana Przewodnika innej jednostce naszego banku. Z pewno\u015bci\u0105 b\u0119d\u0119 poleca\u0107 zwiedzanie z przewodnikiem oraz rozgrzewaj\u0105cy pocz\u0119stunek.\u201d<\/p> <p><strong>Aleksandra, PKO Bank Polski<\/strong><\/p> <p>\u201ePrzewodnik by\u0142 wy\u015bmienity! \ud83d\ude0a\u201d<\/p> <p><strong>Micha\u0142, Schulke Polska<\/strong><\/p> <p>\u201eBardzo dzi\u0119kujemy za super czas w Fabryce Norblina. Przewodnik by\u0142 rewelacyjny i \u015bwietnie przybli\u017cy\u0142 nam to miejsce. Wszyscy jeste\u015bmy bardzo zadowoleni.\u201d<\/p> <p><b>Anna<\/b><\/p> <p>\u201eDzi\u0119kujemy za interesuj\u0105ce zwiedzanie Fabryki Norblina. Przewodnik w stroju z epoki to bardzo dobry pomys\u0142, grupie bardzo si\u0119 podoba\u0142o.\u201d<\/p> <p><b>Diana, Berg-Travel<\/b><\/p> <p>\u201eBardzo dzi\u0119kujemy za zorganizowanie zwiedzania. Wszyscy uczestnicy byli bardzo zadowoleni z atrakcji \ud83d\ude0a\u201d<\/p> <p><b>Ewelina, TRILUX Polska<\/b><\/p> <p>\u201eDzi\u0119kujemy za super oprowadzanie po muzeum \ud83d\ude0a\u201d<\/p> <p><b>Ma\u0142gorzata, STU ERGO Hestia<\/b><\/p>\n<h2>Rezerwacja<\/h2>\n<p><strong>Zorganizuj wyj\u0105tkowe spotkanie firmowe w sercu historii warszawskiego przemys\u0142u.<\/strong><\/p> <p>Muzeum Fabryki Norblina to nie tylko miejsce z dusz\u0105, ale tak\u017ce idealna przestrze\u0144 do integracji, edukacji i inspiracji. Oferujemy spersonalizowane wycieczki dla firm, prowadzone w unikalnym, industrialnym otoczeniu z nut\u0105 nowoczesno\u015bci oraz mo\u017cliwo\u015b\u0107 wynajmu przestrzeni pod r\u00f3\u017cnego rodzaju wydarzenia. Ca\u0142o\u015b\u0107 mo\u017cesz uzupe\u0142ni\u0107 o atrakcje kulinarne i dedykowane aktywno\u015bci, kt\u00f3re sprzyjaj\u0105 budowaniu relacji.<\/p> <p>Wype\u0142nij formularz, aby otrzyma\u0107 ofert\u0119 dopasowan\u0105 do Twoich potrzeb.<\/p>\n[wpforms id=\"4020\" title=\"false\"]","pll_sync_post":{},"_links":{"self":[{"href":"https:\/\/muzeumfabrykinorblina.pl\/index.php?rest_route=\/wp\/v2\/pages\/3980","targetHints":{"allow":["GET"]}}],"collection":[{"href":"https:\/\/muzeumfabrykinorblina.pl\/index.php?rest_route=\/wp\/v2\/pages"}],"about":[{"href":"https:\/\/muzeumfabrykinorblina.pl\/index.php?rest_route=\/wp\/v2\/types\/page"}],"author":[{"embeddable":true,"href":"https:\/\/muzeumfabrykinorblina.pl\/index.php?rest_route=\/wp\/v2\/users\/1"}],"replies":[{"embeddable":true,"href":"https:\/\/muzeumfabrykinorblina.pl\/index.php?rest_route=%2Fwp%2Fv2%2Fcomments&post=3980"}],"version-history":[{"count":99,"href":"https:\/\/muzeumfabrykinorblina.pl\/index.php?rest_route=\/wp\/v2\/pages\/3980\/revisions"}],"predecessor-version":[{"id":7740,"href":"https:\/\/muzeumfabrykinorblina.pl\/index.php?rest_route=\/wp\/v2\/pages\/3980\/revisions\/7740"}],"wp:attachment":[{"href":"https:\/\/muzeumfabrykinorblina.pl\/index.php?rest_route=%2Fwp%2Fv2%2Fmedia&parent=3980"}],"curies":[{"name":"wp","href":"https:\/\/api.w.org\/{rel}","templated":true}]}}