{"id":36,"date":"2023-10-09T20:21:38","date_gmt":"2023-10-09T20:21:38","guid":{"rendered":"https:\/\/muzeumfabrykinorblina.pl\/?page_id=36"},"modified":"2025-05-30T16:18:02","modified_gmt":"2025-05-30T14:18:02","slug":"kontakt","status":"publish","type":"page","link":"https:\/\/muzeumfabrykinorblina.pl\/?page_id=36","title":{"rendered":"Kontakt"},"content":{"rendered":"<!-- wp:themify-builder\/canvas \/-->","protected":false},"excerpt":{"rendered":"","protected":false},"author":1,"featured_media":1402,"parent":0,"menu_order":0,"comment_status":"closed","ping_status":"closed","template":"","meta":{"_acf_changed":false,"_monsterinsights_skip_tracking":false,"footnotes":""},"class_list":["post-36","page","type-page","status-publish","has-post-thumbnail","hentry","has-post-title","has-post-date","has-post-category","has-post-tag","has-post-comment","has-post-author",""],"acf":[],"yoast_head":"<!-- This site is optimized with the Yoast SEO plugin v28.2 - https:\/\/yoast.com\/product\/yoast-seo-wordpress\/ -->\n<title>Kontakt | Muzeum Fabryki Norblina<\/title>\n<meta name=\"description\" content=\"Zapraszamy w niezwyk\u0142\u0105 podr\u00f3\u017c. Wsp\u00f3lnie odkryjmy tajemnice jednego z najbardziej fascynuj\u0105cych zak\u0105tk\u00f3w przemys\u0142owego dziedzictwa Warszawy.\" \/>\n<meta name=\"robots\" content=\"index, follow, max-snippet:-1, max-image-preview:large, max-video-preview:-1\" \/>\n<link rel=\"canonical\" href=\"https:\/\/muzeumfabrykinorblina.pl\/?page_id=36\" \/>\n<meta property=\"og:locale\" content=\"pl_PL\" \/>\n<meta property=\"og:type\" content=\"article\" \/>\n<meta property=\"og:title\" content=\"Muzeum Fabryki Norblina\" \/>\n<meta property=\"og:description\" content=\"Zapraszamy w niezwyk\u0142\u0105 podr\u00f3\u017c. Wsp\u00f3lnie odkryjmy tajemnice jednego z najbardziej fascynuj\u0105cych zak\u0105tk\u00f3w przemys\u0142owego dziedzictwa Warszawy.\" \/>\n<meta property=\"og:url\" content=\"https:\/\/muzeumfabrykinorblina.pl\/?page_id=36\" \/>\n<meta property=\"og:site_name\" content=\"Muzeum Fabryki Norblina\" \/>\n<meta property=\"article:publisher\" content=\"https:\/\/www.facebook.com\/MuzeumFabrykiNorblina\" \/>\n<meta property=\"article:modified_time\" content=\"2025-05-30T14:18:02+00:00\" \/>\n<meta property=\"og:image\" content=\"https:\/\/muzeumfabrykinorblina.pl\/wp-content\/uploads\/2023\/11\/MFN_Featured-image_1200x675.jpg\" \/>\n\t<meta property=\"og:image:width\" content=\"1200\" \/>\n\t<meta property=\"og:image:height\" content=\"675\" \/>\n\t<meta property=\"og:image:type\" content=\"image\/jpeg\" \/>\n<meta name=\"twitter:card\" content=\"summary_large_image\" \/>\n<meta name=\"twitter:title\" content=\"Muzeum Fabryki Norblina\" \/>\n<meta name=\"twitter:description\" content=\"Zapraszamy w niezwyk\u0142\u0105 podr\u00f3\u017c. Wsp\u00f3lnie odkryjmy tajemnice jednego z najbardziej fascynuj\u0105cych zak\u0105tk\u00f3w przemys\u0142owego dziedzictwa Warszawy.\" \/>\n<meta name=\"twitter:image\" content=\"https:\/\/muzeumfabrykinorblina.pl\/wp-content\/uploads\/2023\/11\/MFN_Featured-image_1200x675.jpg\" \/>\n<script type=\"application\/ld+json\" class=\"yoast-schema-graph\">{\"@context\":\"https:\\\/\\\/schema.org\",\"@graph\":[{\"@type\":\"WebPage\",\"@id\":\"https:\\\/\\\/muzeumfabrykinorblina.pl\\\/?page_id=36\",\"url\":\"https:\\\/\\\/muzeumfabrykinorblina.pl\\\/?page_id=36\",\"name\":\"Kontakt | Muzeum Fabryki Norblina\",\"isPartOf\":{\"@id\":\"https:\\\/\\\/muzeumfabrykinorblina.pl\\\/#website\"},\"primaryImageOfPage\":{\"@id\":\"https:\\\/\\\/muzeumfabrykinorblina.pl\\\/?page_id=36#primaryimage\"},\"image\":{\"@id\":\"https:\\\/\\\/muzeumfabrykinorblina.pl\\\/?page_id=36#primaryimage\"},\"thumbnailUrl\":\"https:\\\/\\\/muzeumfabrykinorblina.pl\\\/wp-content\\\/uploads\\\/2023\\\/11\\\/MFN_Featured-image_1200x628.jpg\",\"datePublished\":\"2023-10-09T20:21:38+00:00\",\"dateModified\":\"2025-05-30T14:18:02+00:00\",\"description\":\"Zapraszamy w niezwyk\u0142\u0105 podr\u00f3\u017c. Wsp\u00f3lnie odkryjmy tajemnice jednego z najbardziej fascynuj\u0105cych zak\u0105tk\u00f3w przemys\u0142owego dziedzictwa Warszawy.\",\"breadcrumb\":{\"@id\":\"https:\\\/\\\/muzeumfabrykinorblina.pl\\\/?page_id=36#breadcrumb\"},\"inLanguage\":\"pl-PL\",\"potentialAction\":[{\"@type\":\"ReadAction\",\"target\":[\"https:\\\/\\\/muzeumfabrykinorblina.pl\\\/?page_id=36\"]}]},{\"@type\":\"ImageObject\",\"inLanguage\":\"pl-PL\",\"@id\":\"https:\\\/\\\/muzeumfabrykinorblina.pl\\\/?page_id=36#primaryimage\",\"url\":\"https:\\\/\\\/muzeumfabrykinorblina.pl\\\/wp-content\\\/uploads\\\/2023\\\/11\\\/MFN_Featured-image_1200x628.jpg\",\"contentUrl\":\"https:\\\/\\\/muzeumfabrykinorblina.pl\\\/wp-content\\\/uploads\\\/2023\\\/11\\\/MFN_Featured-image_1200x628.jpg\",\"width\":1200,\"height\":628},{\"@type\":\"BreadcrumbList\",\"@id\":\"https:\\\/\\\/muzeumfabrykinorblina.pl\\\/?page_id=36#breadcrumb\",\"itemListElement\":[{\"@type\":\"ListItem\",\"position\":1,\"name\":\"Strona g\u0142\u00f3wna\",\"item\":\"https:\\\/\\\/muzeumfabrykinorblina.pl\\\/\"},{\"@type\":\"ListItem\",\"position\":2,\"name\":\"Kontakt\"}]},{\"@type\":\"WebSite\",\"@id\":\"https:\\\/\\\/muzeumfabrykinorblina.pl\\\/#website\",\"url\":\"https:\\\/\\\/muzeumfabrykinorblina.pl\\\/\",\"name\":\"Muzeum Fabryki Norblina\",\"description\":\"Fabryka Norblina\",\"publisher\":{\"@id\":\"https:\\\/\\\/muzeumfabrykinorblina.pl\\\/#organization\"},\"potentialAction\":[{\"@type\":\"SearchAction\",\"target\":{\"@type\":\"EntryPoint\",\"urlTemplate\":\"https:\\\/\\\/muzeumfabrykinorblina.pl\\\/?s={search_term_string}\"},\"query-input\":{\"@type\":\"PropertyValueSpecification\",\"valueRequired\":true,\"valueName\":\"search_term_string\"}}],\"inLanguage\":\"pl-PL\"},{\"@type\":\"Organization\",\"@id\":\"https:\\\/\\\/muzeumfabrykinorblina.pl\\\/#organization\",\"name\":\"Muzeum Fabryki Norblina\",\"url\":\"https:\\\/\\\/muzeumfabrykinorblina.pl\\\/\",\"logo\":{\"@type\":\"ImageObject\",\"inLanguage\":\"pl-PL\",\"@id\":\"https:\\\/\\\/muzeumfabrykinorblina.pl\\\/#\\\/schema\\\/logo\\\/image\\\/\",\"url\":\"https:\\\/\\\/muzeumfabrykinorblina.pl\\\/wp-content\\\/uploads\\\/2023\\\/11\\\/MFN_Featured-image_1200x675.jpg\",\"contentUrl\":\"https:\\\/\\\/muzeumfabrykinorblina.pl\\\/wp-content\\\/uploads\\\/2023\\\/11\\\/MFN_Featured-image_1200x675.jpg\",\"width\":1200,\"height\":675,\"caption\":\"Muzeum Fabryki Norblina\"},\"image\":{\"@id\":\"https:\\\/\\\/muzeumfabrykinorblina.pl\\\/#\\\/schema\\\/logo\\\/image\\\/\"},\"sameAs\":[\"https:\\\/\\\/www.facebook.com\\\/MuzeumFabrykiNorblina\",\"https:\\\/\\\/www.instagram.com\\\/muzeumfabrykinorblina\\\/\"]}]}<\/script>\n<!-- \/ Yoast SEO plugin. -->","yoast_head_json":{"title":"Kontakt | Muzeum Fabryki Norblina","description":"Zapraszamy w niezwyk\u0142\u0105 podr\u00f3\u017c. Wsp\u00f3lnie odkryjmy tajemnice jednego z najbardziej fascynuj\u0105cych zak\u0105tk\u00f3w przemys\u0142owego dziedzictwa Warszawy.","robots":{"index":"index","follow":"follow","max-snippet":"max-snippet:-1","max-image-preview":"max-image-preview:large","max-video-preview":"max-video-preview:-1"},"canonical":"https:\/\/muzeumfabrykinorblina.pl\/?page_id=36","og_locale":"pl_PL","og_type":"article","og_title":"Muzeum Fabryki Norblina","og_description":"Zapraszamy w niezwyk\u0142\u0105 podr\u00f3\u017c. Wsp\u00f3lnie odkryjmy tajemnice jednego z najbardziej fascynuj\u0105cych zak\u0105tk\u00f3w przemys\u0142owego dziedzictwa Warszawy.","og_url":"https:\/\/muzeumfabrykinorblina.pl\/?page_id=36","og_site_name":"Muzeum Fabryki Norblina","article_publisher":"https:\/\/www.facebook.com\/MuzeumFabrykiNorblina","article_modified_time":"2025-05-30T14:18:02+00:00","og_image":[{"width":1200,"height":675,"url":"https:\/\/muzeumfabrykinorblina.pl\/wp-content\/uploads\/2023\/11\/MFN_Featured-image_1200x675.jpg","type":"image\/jpeg"}],"twitter_card":"summary_large_image","twitter_title":"Muzeum Fabryki Norblina","twitter_description":"Zapraszamy w niezwyk\u0142\u0105 podr\u00f3\u017c. Wsp\u00f3lnie odkryjmy tajemnice jednego z najbardziej fascynuj\u0105cych zak\u0105tk\u00f3w przemys\u0142owego dziedzictwa Warszawy.","twitter_image":"https:\/\/muzeumfabrykinorblina.pl\/wp-content\/uploads\/2023\/11\/MFN_Featured-image_1200x675.jpg","schema":{"@context":"https:\/\/schema.org","@graph":[{"@type":"WebPage","@id":"https:\/\/muzeumfabrykinorblina.pl\/?page_id=36","url":"https:\/\/muzeumfabrykinorblina.pl\/?page_id=36","name":"Kontakt | Muzeum Fabryki Norblina","isPartOf":{"@id":"https:\/\/muzeumfabrykinorblina.pl\/#website"},"primaryImageOfPage":{"@id":"https:\/\/muzeumfabrykinorblina.pl\/?page_id=36#primaryimage"},"image":{"@id":"https:\/\/muzeumfabrykinorblina.pl\/?page_id=36#primaryimage"},"thumbnailUrl":"https:\/\/muzeumfabrykinorblina.pl\/wp-content\/uploads\/2023\/11\/MFN_Featured-image_1200x628.jpg","datePublished":"2023-10-09T20:21:38+00:00","dateModified":"2025-05-30T14:18:02+00:00","description":"Zapraszamy w niezwyk\u0142\u0105 podr\u00f3\u017c. Wsp\u00f3lnie odkryjmy tajemnice jednego z najbardziej fascynuj\u0105cych zak\u0105tk\u00f3w przemys\u0142owego dziedzictwa Warszawy.","breadcrumb":{"@id":"https:\/\/muzeumfabrykinorblina.pl\/?page_id=36#breadcrumb"},"inLanguage":"pl-PL","potentialAction":[{"@type":"ReadAction","target":["https:\/\/muzeumfabrykinorblina.pl\/?page_id=36"]}]},{"@type":"ImageObject","inLanguage":"pl-PL","@id":"https:\/\/muzeumfabrykinorblina.pl\/?page_id=36#primaryimage","url":"https:\/\/muzeumfabrykinorblina.pl\/wp-content\/uploads\/2023\/11\/MFN_Featured-image_1200x628.jpg","contentUrl":"https:\/\/muzeumfabrykinorblina.pl\/wp-content\/uploads\/2023\/11\/MFN_Featured-image_1200x628.jpg","width":1200,"height":628},{"@type":"BreadcrumbList","@id":"https:\/\/muzeumfabrykinorblina.pl\/?page_id=36#breadcrumb","itemListElement":[{"@type":"ListItem","position":1,"name":"Strona g\u0142\u00f3wna","item":"https:\/\/muzeumfabrykinorblina.pl\/"},{"@type":"ListItem","position":2,"name":"Kontakt"}]},{"@type":"WebSite","@id":"https:\/\/muzeumfabrykinorblina.pl\/#website","url":"https:\/\/muzeumfabrykinorblina.pl\/","name":"Muzeum Fabryki Norblina","description":"Fabryka Norblina","publisher":{"@id":"https:\/\/muzeumfabrykinorblina.pl\/#organization"},"potentialAction":[{"@type":"SearchAction","target":{"@type":"EntryPoint","urlTemplate":"https:\/\/muzeumfabrykinorblina.pl\/?s={search_term_string}"},"query-input":{"@type":"PropertyValueSpecification","valueRequired":true,"valueName":"search_term_string"}}],"inLanguage":"pl-PL"},{"@type":"Organization","@id":"https:\/\/muzeumfabrykinorblina.pl\/#organization","name":"Muzeum Fabryki Norblina","url":"https:\/\/muzeumfabrykinorblina.pl\/","logo":{"@type":"ImageObject","inLanguage":"pl-PL","@id":"https:\/\/muzeumfabrykinorblina.pl\/#\/schema\/logo\/image\/","url":"https:\/\/muzeumfabrykinorblina.pl\/wp-content\/uploads\/2023\/11\/MFN_Featured-image_1200x675.jpg","contentUrl":"https:\/\/muzeumfabrykinorblina.pl\/wp-content\/uploads\/2023\/11\/MFN_Featured-image_1200x675.jpg","width":1200,"height":675,"caption":"Muzeum Fabryki Norblina"},"image":{"@id":"https:\/\/muzeumfabrykinorblina.pl\/#\/schema\/logo\/image\/"},"sameAs":["https:\/\/www.facebook.com\/MuzeumFabrykiNorblina","https:\/\/www.instagram.com\/muzeumfabrykinorblina\/"]}]}},"lang":"pl","translations":{"pl":36,"en":2072},"builder_content":"<p>Zdj\u0119cie: MEDIAFRESH<\/p>\n<h1>B\u0105d\u017amy w kontakcie<\/h1>\n<p>Gdzie nas odwiedzi\u0107? W jakich godzinach zapraszamy zwiedzaj\u0105cych? Jak najlepiej skorzysta\u0107 z naszych eksponat\u00f3w i \u015bcie\u017cek tematycznych? Na te, ale i wszystkie dodatkowe pyania ch\u0119tnie odpowie zesp\u00f3\u0142 Muzeum Fabryki Norblina.<\/p> <p>Zapraszamy w niezwyk\u0142\u0105 podr\u00f3\u017c przez histori\u0119 i tradycj\u0119 Fabryki Norblina! Wsp\u00f3lnie odkryjmy tajemnice jednego z najbardziej fascynuj\u0105cych zak\u0105tk\u00f3w przemys\u0142owego dziedzictwa Warszawy.<\/p>\n<h3>Muzeum Fabryki Norblina<\/h3>\n<p>ul. \u017belazna 51\/53<br>00-841 Warszawa<\/p>\n<a href=\"https:\/\/fundacjafabrykinorblina.pl\/poznaj-fundacje\/\" > Wyznacza tras\u0119 <\/a>\n<h3>Godziny otwarcia<\/h3>\n<p><strong>Poniedzia\u0142ek<\/strong><br><strong>Wtorek<\/strong><br><strong>\u015aroda<\/strong><br><strong>Czwartek<\/strong><br><strong>Pi\u0105tek<\/strong><br><strong>Sobota<\/strong><br><strong>Niedziela<\/strong><br>nieczynne<br>09:00 - 17:00\u00a0<br>09:00 - 17:00\u00a0<br>09:00 - 17:00\u00a0<br>09:00 - 17:00\u00a0<br>10:00 - 16:00\u00a0<br>10:00 - 16:00\u00a0<\/p>\n<h3>Masz pytanie?<\/h3>\n<p><strong>Pytania og\u00f3lne<\/strong><\/p>\n<p><a href=\"tel:+48728594813\">+48 728 594 813<\/a><br><a href=\"mailto:muzeum@fabrykanorblina.pl\">muzeum@fabrykanorblina.pl<\/a><\/p>\n<p><strong>Wydarzenia i edukacja<\/strong><\/p>\n<p><a href=\"tel:+48728594813\">+48 728 594 813<\/a><br><a href=\"mailto:muzeum@fabrykanorblina.pl\">muzeum@fabrykanorblina.pl<\/a><\/p>\n<p><strong>Biuro prasowe<\/strong><\/p>\n<p>Lidia Piekarska-Juszczyk<br><a href=\"mailto:l.piekarska@bepr.pl\">l.piekarska@bepr.pl<\/a><\/p>","pll_sync_post":{},"_links":{"self":[{"href":"https:\/\/muzeumfabrykinorblina.pl\/index.php?rest_route=\/wp\/v2\/pages\/36","targetHints":{"allow":["GET"]}}],"collection":[{"href":"https:\/\/muzeumfabrykinorblina.pl\/index.php?rest_route=\/wp\/v2\/pages"}],"about":[{"href":"https:\/\/muzeumfabrykinorblina.pl\/index.php?rest_route=\/wp\/v2\/types\/page"}],"author":[{"embeddable":true,"href":"https:\/\/muzeumfabrykinorblina.pl\/index.php?rest_route=\/wp\/v2\/users\/1"}],"replies":[{"embeddable":true,"href":"https:\/\/muzeumfabrykinorblina.pl\/index.php?rest_route=%2Fwp%2Fv2%2Fcomments&post=36"}],"version-history":[{"count":0,"href":"https:\/\/muzeumfabrykinorblina.pl\/index.php?rest_route=\/wp\/v2\/pages\/36\/revisions"}],"wp:featuredmedia":[{"embeddable":true,"href":"https:\/\/muzeumfabrykinorblina.pl\/index.php?rest_route=\/wp\/v2\/media\/1402"}],"wp:attachment":[{"href":"https:\/\/muzeumfabrykinorblina.pl\/index.php?rest_route=%2Fwp%2Fv2%2Fmedia&parent=36"}],"curies":[{"name":"wp","href":"https:\/\/api.w.org\/{rel}","templated":true}]}}