{"id":2072,"date":"2024-03-27T21:37:33","date_gmt":"2024-03-27T21:37:33","guid":{"rendered":"https:\/\/muzeumfabrykinorblina.pl\/?page_id=2072"},"modified":"2025-04-30T11:15:19","modified_gmt":"2025-04-30T11:15:19","slug":"contact","status":"publish","type":"page","link":"https:\/\/muzeumfabrykinorblina.pl\/?page_id=2072&lang=en","title":{"rendered":"Contact"},"content":{"rendered":"<!-- wp:themify-builder\/canvas \/-->","protected":false},"excerpt":{"rendered":"","protected":false},"author":1,"featured_media":1402,"parent":0,"menu_order":0,"comment_status":"closed","ping_status":"closed","template":"","meta":{"_acf_changed":false,"_monsterinsights_skip_tracking":false,"footnotes":""},"class_list":["post-2072","page","type-page","status-publish","has-post-thumbnail","hentry","has-post-title","has-post-date","has-post-category","has-post-tag","has-post-comment","has-post-author",""],"acf":[],"yoast_head":"<!-- This site is optimized with the Yoast SEO plugin v28.2 - https:\/\/yoast.com\/product\/yoast-seo-wordpress\/ -->\n<title>Contact | Muzeum Fabryki Norblina<\/title>\n<meta name=\"description\" content=\"Zapraszamy w niezwyk\u0142\u0105 podr\u00f3\u017c. Wsp\u00f3lnie odkryjmy tajemnice jednego z najbardziej fascynuj\u0105cych zak\u0105tk\u00f3w przemys\u0142owego dziedzictwa Warszawy.\" \/>\n<meta name=\"robots\" content=\"index, follow, max-snippet:-1, max-image-preview:large, max-video-preview:-1\" \/>\n<link rel=\"canonical\" href=\"https:\/\/muzeumfabrykinorblina.pl\/?page_id=2072&lang=en\" \/>\n<meta property=\"og:locale\" content=\"pl_PL\" \/>\n<meta property=\"og:type\" content=\"article\" \/>\n<meta property=\"og:title\" content=\"Muzeum Fabryki Norblina\" \/>\n<meta property=\"og:description\" content=\"Zapraszamy w niezwyk\u0142\u0105 podr\u00f3\u017c. Wsp\u00f3lnie odkryjmy tajemnice jednego z najbardziej fascynuj\u0105cych zak\u0105tk\u00f3w przemys\u0142owego dziedzictwa Warszawy.\" \/>\n<meta property=\"og:url\" content=\"https:\/\/muzeumfabrykinorblina.pl\/?page_id=2072&amp;lang=en\" \/>\n<meta property=\"og:site_name\" content=\"Muzeum Fabryki Norblina\" \/>\n<meta property=\"article:publisher\" content=\"https:\/\/www.facebook.com\/MuzeumFabrykiNorblina\" \/>\n<meta property=\"article:modified_time\" content=\"2025-04-30T11:15:19+00:00\" \/>\n<meta property=\"og:image\" content=\"http:\/\/muzeumfabrykinorblina.pl\/wp-content\/uploads\/2023\/11\/MFN_Featured-image_1200x675-1024x576.jpg\" \/>\n<meta name=\"twitter:card\" content=\"summary_large_image\" \/>\n<meta name=\"twitter:title\" content=\"Muzeum Fabryki Norblina\" \/>\n<meta name=\"twitter:description\" content=\"Zapraszamy w niezwyk\u0142\u0105 podr\u00f3\u017c. Wsp\u00f3lnie odkryjmy tajemnice jednego z najbardziej fascynuj\u0105cych zak\u0105tk\u00f3w przemys\u0142owego dziedzictwa Warszawy.\" \/>\n<meta name=\"twitter:image\" content=\"https:\/\/muzeumfabrykinorblina.pl\/wp-content\/uploads\/2023\/11\/MFN_Featured-image_1200x675.jpg\" \/>\n<meta name=\"twitter:label1\" content=\"Szacowany czas czytania\" \/>\n\t<meta name=\"twitter:data1\" content=\"1 minuta\" \/>\n<script type=\"application\/ld+json\" class=\"yoast-schema-graph\">{\"@context\":\"https:\\\/\\\/schema.org\",\"@graph\":[{\"@type\":\"WebPage\",\"@id\":\"https:\\\/\\\/muzeumfabrykinorblina.pl\\\/?page_id=2072&lang=en\",\"url\":\"https:\\\/\\\/muzeumfabrykinorblina.pl\\\/?page_id=2072&lang=en\",\"name\":\"Contact | Muzeum Fabryki Norblina\",\"isPartOf\":{\"@id\":\"https:\\\/\\\/muzeumfabrykinorblina.pl\\\/#website\"},\"primaryImageOfPage\":{\"@id\":\"https:\\\/\\\/muzeumfabrykinorblina.pl\\\/?page_id=2072&lang=en#primaryimage\"},\"image\":{\"@id\":\"https:\\\/\\\/muzeumfabrykinorblina.pl\\\/?page_id=2072&lang=en#primaryimage\"},\"thumbnailUrl\":\"https:\\\/\\\/muzeumfabrykinorblina.pl\\\/wp-content\\\/uploads\\\/2023\\\/11\\\/MFN_Featured-image_1200x628.jpg\",\"datePublished\":\"2024-03-27T21:37:33+00:00\",\"dateModified\":\"2025-04-30T11:15:19+00:00\",\"description\":\"Zapraszamy w niezwyk\u0142\u0105 podr\u00f3\u017c. Wsp\u00f3lnie odkryjmy tajemnice jednego z najbardziej fascynuj\u0105cych zak\u0105tk\u00f3w przemys\u0142owego dziedzictwa Warszawy.\",\"breadcrumb\":{\"@id\":\"https:\\\/\\\/muzeumfabrykinorblina.pl\\\/?page_id=2072&lang=en#breadcrumb\"},\"inLanguage\":\"pl-PL\",\"potentialAction\":[{\"@type\":\"ReadAction\",\"target\":[\"https:\\\/\\\/muzeumfabrykinorblina.pl\\\/?page_id=2072&lang=en\"]}]},{\"@type\":\"ImageObject\",\"inLanguage\":\"pl-PL\",\"@id\":\"https:\\\/\\\/muzeumfabrykinorblina.pl\\\/?page_id=2072&lang=en#primaryimage\",\"url\":\"https:\\\/\\\/muzeumfabrykinorblina.pl\\\/wp-content\\\/uploads\\\/2023\\\/11\\\/MFN_Featured-image_1200x628.jpg\",\"contentUrl\":\"https:\\\/\\\/muzeumfabrykinorblina.pl\\\/wp-content\\\/uploads\\\/2023\\\/11\\\/MFN_Featured-image_1200x628.jpg\",\"width\":1200,\"height\":628},{\"@type\":\"BreadcrumbList\",\"@id\":\"https:\\\/\\\/muzeumfabrykinorblina.pl\\\/?page_id=2072&lang=en#breadcrumb\",\"itemListElement\":[{\"@type\":\"ListItem\",\"position\":1,\"name\":\"Strona g\u0142\u00f3wna\",\"item\":\"https:\\\/\\\/muzeumfabrykinorblina.pl\\\/\"},{\"@type\":\"ListItem\",\"position\":2,\"name\":\"Contact\"}]},{\"@type\":\"WebSite\",\"@id\":\"https:\\\/\\\/muzeumfabrykinorblina.pl\\\/#website\",\"url\":\"https:\\\/\\\/muzeumfabrykinorblina.pl\\\/\",\"name\":\"Muzeum Fabryki Norblina\",\"description\":\"Fabryka Norblina\",\"publisher\":{\"@id\":\"https:\\\/\\\/muzeumfabrykinorblina.pl\\\/#organization\"},\"potentialAction\":[{\"@type\":\"SearchAction\",\"target\":{\"@type\":\"EntryPoint\",\"urlTemplate\":\"https:\\\/\\\/muzeumfabrykinorblina.pl\\\/?s={search_term_string}\"},\"query-input\":{\"@type\":\"PropertyValueSpecification\",\"valueRequired\":true,\"valueName\":\"search_term_string\"}}],\"inLanguage\":\"pl-PL\"},{\"@type\":\"Organization\",\"@id\":\"https:\\\/\\\/muzeumfabrykinorblina.pl\\\/#organization\",\"name\":\"Muzeum Fabryki Norblina\",\"url\":\"https:\\\/\\\/muzeumfabrykinorblina.pl\\\/\",\"logo\":{\"@type\":\"ImageObject\",\"inLanguage\":\"pl-PL\",\"@id\":\"https:\\\/\\\/muzeumfabrykinorblina.pl\\\/#\\\/schema\\\/logo\\\/image\\\/\",\"url\":\"https:\\\/\\\/muzeumfabrykinorblina.pl\\\/wp-content\\\/uploads\\\/2023\\\/11\\\/MFN_Featured-image_1200x675.jpg\",\"contentUrl\":\"https:\\\/\\\/muzeumfabrykinorblina.pl\\\/wp-content\\\/uploads\\\/2023\\\/11\\\/MFN_Featured-image_1200x675.jpg\",\"width\":1200,\"height\":675,\"caption\":\"Muzeum Fabryki Norblina\"},\"image\":{\"@id\":\"https:\\\/\\\/muzeumfabrykinorblina.pl\\\/#\\\/schema\\\/logo\\\/image\\\/\"},\"sameAs\":[\"https:\\\/\\\/www.facebook.com\\\/MuzeumFabrykiNorblina\",\"https:\\\/\\\/www.instagram.com\\\/muzeumfabrykinorblina\\\/\"]}]}<\/script>\n<!-- \/ Yoast SEO plugin. -->","yoast_head_json":{"title":"Contact | Muzeum Fabryki Norblina","description":"Zapraszamy w niezwyk\u0142\u0105 podr\u00f3\u017c. Wsp\u00f3lnie odkryjmy tajemnice jednego z najbardziej fascynuj\u0105cych zak\u0105tk\u00f3w przemys\u0142owego dziedzictwa Warszawy.","robots":{"index":"index","follow":"follow","max-snippet":"max-snippet:-1","max-image-preview":"max-image-preview:large","max-video-preview":"max-video-preview:-1"},"canonical":"https:\/\/muzeumfabrykinorblina.pl\/?page_id=2072&lang=en","og_locale":"pl_PL","og_type":"article","og_title":"Muzeum Fabryki Norblina","og_description":"Zapraszamy w niezwyk\u0142\u0105 podr\u00f3\u017c. Wsp\u00f3lnie odkryjmy tajemnice jednego z najbardziej fascynuj\u0105cych zak\u0105tk\u00f3w przemys\u0142owego dziedzictwa Warszawy.","og_url":"https:\/\/muzeumfabrykinorblina.pl\/?page_id=2072&lang=en","og_site_name":"Muzeum Fabryki Norblina","article_publisher":"https:\/\/www.facebook.com\/MuzeumFabrykiNorblina","article_modified_time":"2025-04-30T11:15:19+00:00","og_image":[{"url":"http:\/\/muzeumfabrykinorblina.pl\/wp-content\/uploads\/2023\/11\/MFN_Featured-image_1200x675-1024x576.jpg","type":"","width":"","height":""}],"twitter_card":"summary_large_image","twitter_title":"Muzeum Fabryki Norblina","twitter_description":"Zapraszamy w niezwyk\u0142\u0105 podr\u00f3\u017c. Wsp\u00f3lnie odkryjmy tajemnice jednego z najbardziej fascynuj\u0105cych zak\u0105tk\u00f3w przemys\u0142owego dziedzictwa Warszawy.","twitter_image":"https:\/\/muzeumfabrykinorblina.pl\/wp-content\/uploads\/2023\/11\/MFN_Featured-image_1200x675.jpg","twitter_misc":{"Szacowany czas czytania":"1 minuta"},"schema":{"@context":"https:\/\/schema.org","@graph":[{"@type":"WebPage","@id":"https:\/\/muzeumfabrykinorblina.pl\/?page_id=2072&lang=en","url":"https:\/\/muzeumfabrykinorblina.pl\/?page_id=2072&lang=en","name":"Contact | Muzeum Fabryki Norblina","isPartOf":{"@id":"https:\/\/muzeumfabrykinorblina.pl\/#website"},"primaryImageOfPage":{"@id":"https:\/\/muzeumfabrykinorblina.pl\/?page_id=2072&lang=en#primaryimage"},"image":{"@id":"https:\/\/muzeumfabrykinorblina.pl\/?page_id=2072&lang=en#primaryimage"},"thumbnailUrl":"https:\/\/muzeumfabrykinorblina.pl\/wp-content\/uploads\/2023\/11\/MFN_Featured-image_1200x628.jpg","datePublished":"2024-03-27T21:37:33+00:00","dateModified":"2025-04-30T11:15:19+00:00","description":"Zapraszamy w niezwyk\u0142\u0105 podr\u00f3\u017c. Wsp\u00f3lnie odkryjmy tajemnice jednego z najbardziej fascynuj\u0105cych zak\u0105tk\u00f3w przemys\u0142owego dziedzictwa Warszawy.","breadcrumb":{"@id":"https:\/\/muzeumfabrykinorblina.pl\/?page_id=2072&lang=en#breadcrumb"},"inLanguage":"pl-PL","potentialAction":[{"@type":"ReadAction","target":["https:\/\/muzeumfabrykinorblina.pl\/?page_id=2072&lang=en"]}]},{"@type":"ImageObject","inLanguage":"pl-PL","@id":"https:\/\/muzeumfabrykinorblina.pl\/?page_id=2072&lang=en#primaryimage","url":"https:\/\/muzeumfabrykinorblina.pl\/wp-content\/uploads\/2023\/11\/MFN_Featured-image_1200x628.jpg","contentUrl":"https:\/\/muzeumfabrykinorblina.pl\/wp-content\/uploads\/2023\/11\/MFN_Featured-image_1200x628.jpg","width":1200,"height":628},{"@type":"BreadcrumbList","@id":"https:\/\/muzeumfabrykinorblina.pl\/?page_id=2072&lang=en#breadcrumb","itemListElement":[{"@type":"ListItem","position":1,"name":"Strona g\u0142\u00f3wna","item":"https:\/\/muzeumfabrykinorblina.pl\/"},{"@type":"ListItem","position":2,"name":"Contact"}]},{"@type":"WebSite","@id":"https:\/\/muzeumfabrykinorblina.pl\/#website","url":"https:\/\/muzeumfabrykinorblina.pl\/","name":"Muzeum Fabryki Norblina","description":"Fabryka Norblina","publisher":{"@id":"https:\/\/muzeumfabrykinorblina.pl\/#organization"},"potentialAction":[{"@type":"SearchAction","target":{"@type":"EntryPoint","urlTemplate":"https:\/\/muzeumfabrykinorblina.pl\/?s={search_term_string}"},"query-input":{"@type":"PropertyValueSpecification","valueRequired":true,"valueName":"search_term_string"}}],"inLanguage":"pl-PL"},{"@type":"Organization","@id":"https:\/\/muzeumfabrykinorblina.pl\/#organization","name":"Muzeum Fabryki Norblina","url":"https:\/\/muzeumfabrykinorblina.pl\/","logo":{"@type":"ImageObject","inLanguage":"pl-PL","@id":"https:\/\/muzeumfabrykinorblina.pl\/#\/schema\/logo\/image\/","url":"https:\/\/muzeumfabrykinorblina.pl\/wp-content\/uploads\/2023\/11\/MFN_Featured-image_1200x675.jpg","contentUrl":"https:\/\/muzeumfabrykinorblina.pl\/wp-content\/uploads\/2023\/11\/MFN_Featured-image_1200x675.jpg","width":1200,"height":675,"caption":"Muzeum Fabryki Norblina"},"image":{"@id":"https:\/\/muzeumfabrykinorblina.pl\/#\/schema\/logo\/image\/"},"sameAs":["https:\/\/www.facebook.com\/MuzeumFabrykiNorblina","https:\/\/www.instagram.com\/muzeumfabrykinorblina\/"]}]}},"lang":"en","translations":{"en":2072,"pl":36},"builder_content":"<p>Photo: MEDIAFRESH<\/p>\n<h1>Let\u2019s stay in touch!<\/h1>\n<p>Where can you visit? When do we welcome visitors? How can you make best use of our exhibits and thematic trails? The Norblin Factory Museum team will be happy to answer these and all other questions.<\/p> <p>Join us on an extraordinary journey through the history and tradition of the Norblin Factory! Together we will discover the secrets of one of the most fascinating corners of Warsaw\u2019s industrial heritage.<\/p>\n<h3>Norblin Factory Museum<\/h3>\n<p>51\/53 \u017belazna St. <br>00-841 Warsaw<\/p>\n<a href=\"https:\/\/www.facebook.com\/MuzeumFabrykiNorblina\/\" rel=\"noopener\" target=\"_blank\"> <em style=\"background-color:#000000;color:#ffffff\" ><svg xmlns:xlink=\"http:\/\/www.w3.org\/1999\/xlink\" aria-hidden=\"true\"><use href=\"#tf-ti-facebook\" xlink:href=\"#tf-ti-facebook\"><\/use><\/svg><\/em> \/muzeumfabrykinorblina <\/a> <a href=\"https:\/\/www.instagram.com\/muzeumfabrykinorblina\" rel=\"noopener\" target=\"_blank\"> <em style=\"background-color:#000000;color:#ffffff\" ><svg xmlns:xlink=\"http:\/\/www.w3.org\/1999\/xlink\" aria-hidden=\"true\"><use href=\"#tf-ti-instagram\" xlink:href=\"#tf-ti-instagram\"><\/use><\/svg><\/em> @muzeumfabrykinorblina <\/a>\n<h3>Opening hours<\/h3>\n<p><strong>Monday<\/strong><br><strong>Tuesday<\/strong><br><strong>Wednesday<\/strong><br><strong>Thursday<\/strong><br><strong>Friday<\/strong><br><strong>Saturday<\/strong><br><strong>Sunday<\/strong><br>closed<br>09:00 - 17:00\u00a0<br>09:00 - 17:00\u00a0<br>09:00 - 17:00\u00a0<br>09:00 - 17:00\u00a0<br>10:00 - 16:00\u00a0<br>10:00 - 16:00\u00a0<\/p>\n<h3>Any questions?<\/h3>\n<p><strong>General questions<\/strong><\/p>\n<p><a href=\"tel:+48728594813\">+48 728 594 813<\/a><br><a href=\"mailto:muzeum@fabrykanorblina.pl\">muzeum@fabrykanorblina.pl<\/a><\/p>\n<p><strong>Events and education<\/strong><\/p>\n<p><a href=\"tel:+48728594813\">+48 728 594 813<\/a><br><a href=\"mailto:muzeum@fabrykanorblina.pl\">muzeum@fabrykanorblina.pl<\/a><\/p>\n<p><strong>Press office<\/strong><\/p>\n<p>Lidia Piekarska-Juszczyk<br><a href=\"mailto:l.piekarska@bepr.pl\">l.piekarska@bepr.pl<\/a><\/p>","pll_sync_post":{},"_links":{"self":[{"href":"https:\/\/muzeumfabrykinorblina.pl\/index.php?rest_route=\/wp\/v2\/pages\/2072","targetHints":{"allow":["GET"]}}],"collection":[{"href":"https:\/\/muzeumfabrykinorblina.pl\/index.php?rest_route=\/wp\/v2\/pages"}],"about":[{"href":"https:\/\/muzeumfabrykinorblina.pl\/index.php?rest_route=\/wp\/v2\/types\/page"}],"author":[{"embeddable":true,"href":"https:\/\/muzeumfabrykinorblina.pl\/index.php?rest_route=\/wp\/v2\/users\/1"}],"replies":[{"embeddable":true,"href":"https:\/\/muzeumfabrykinorblina.pl\/index.php?rest_route=%2Fwp%2Fv2%2Fcomments&post=2072"}],"version-history":[{"count":0,"href":"https:\/\/muzeumfabrykinorblina.pl\/index.php?rest_route=\/wp\/v2\/pages\/2072\/revisions"}],"wp:featuredmedia":[{"embeddable":true,"href":"https:\/\/muzeumfabrykinorblina.pl\/index.php?rest_route=\/wp\/v2\/media\/1402"}],"wp:attachment":[{"href":"https:\/\/muzeumfabrykinorblina.pl\/index.php?rest_route=%2Fwp%2Fv2%2Fmedia&parent=2072"}],"curies":[{"name":"wp","href":"https:\/\/api.w.org\/{rel}","templated":true}]}}