{"id":172,"date":"2023-10-11T10:56:53","date_gmt":"2023-10-11T10:56:53","guid":{"rendered":"https:\/\/muzeumfabrykinorblina.pl\/?page_id=172"},"modified":"2026-06-10T14:03:23","modified_gmt":"2026-06-10T12:03:23","slug":"edukacja","status":"publish","type":"page","link":"https:\/\/muzeumfabrykinorblina.pl\/?page_id=172","title":{"rendered":"Edukacja"},"content":{"rendered":"<!-- wp:themify-builder\/canvas \/-->","protected":false},"excerpt":{"rendered":"","protected":false},"author":1,"featured_media":0,"parent":0,"menu_order":0,"comment_status":"closed","ping_status":"closed","template":"","meta":{"_acf_changed":false,"_monsterinsights_skip_tracking":false,"footnotes":""},"class_list":["post-172","page","type-page","status-publish","hentry","has-post-title","has-post-date","has-post-category","has-post-tag","has-post-comment","has-post-author",""],"acf":[],"yoast_head":"<!-- This site is optimized with the Yoast SEO plugin v28.2 - https:\/\/yoast.com\/product\/yoast-seo-wordpress\/ -->\n<title>Edukacja | Muzeum Fabryki Norblina<\/title>\n<meta name=\"robots\" content=\"index, follow, max-snippet:-1, max-image-preview:large, max-video-preview:-1\" \/>\n<link rel=\"canonical\" href=\"https:\/\/muzeumfabrykinorblina.pl\/?page_id=172\" \/>\n<meta property=\"og:locale\" content=\"pl_PL\" \/>\n<meta property=\"og:type\" content=\"article\" \/>\n<meta property=\"og:title\" content=\"Edukacja | Muzeum Fabryki Norblina\" \/>\n<meta property=\"og:url\" content=\"https:\/\/muzeumfabrykinorblina.pl\/?page_id=172\" \/>\n<meta property=\"og:site_name\" content=\"Muzeum Fabryki Norblina\" \/>\n<meta property=\"article:publisher\" content=\"https:\/\/www.facebook.com\/MuzeumFabrykiNorblina\" \/>\n<meta property=\"article:modified_time\" content=\"2026-06-10T12:03:23+00:00\" \/>\n<meta property=\"og:image\" content=\"https:\/\/muzeumfabrykinorblina.pl\/wp-content\/uploads\/2024\/02\/MFN_Hero-desktop_Misja-Albertyna.jpg\" \/>\n<meta name=\"twitter:card\" content=\"summary_large_image\" \/>\n<meta name=\"twitter:label1\" content=\"Szacowany czas czytania\" \/>\n\t<meta name=\"twitter:data1\" content=\"3 minuty\" \/>\n<script type=\"application\/ld+json\" class=\"yoast-schema-graph\">{\"@context\":\"https:\\\/\\\/schema.org\",\"@graph\":[{\"@type\":\"WebPage\",\"@id\":\"https:\\\/\\\/muzeumfabrykinorblina.pl\\\/?page_id=172\",\"url\":\"https:\\\/\\\/muzeumfabrykinorblina.pl\\\/?page_id=172\",\"name\":\"Edukacja | Muzeum Fabryki Norblina\",\"isPartOf\":{\"@id\":\"https:\\\/\\\/muzeumfabrykinorblina.pl\\\/#website\"},\"primaryImageOfPage\":{\"@id\":\"https:\\\/\\\/muzeumfabrykinorblina.pl\\\/?page_id=172#primaryimage\"},\"image\":{\"@id\":\"https:\\\/\\\/muzeumfabrykinorblina.pl\\\/?page_id=172#primaryimage\"},\"thumbnailUrl\":\"https:\\\/\\\/muzeumfabrykinorblina.pl\\\/wp-content\\\/uploads\\\/2024\\\/02\\\/MFN_Hero-desktop_Misja-Albertyna.jpg\",\"datePublished\":\"2023-10-11T10:56:53+00:00\",\"dateModified\":\"2026-06-10T12:03:23+00:00\",\"breadcrumb\":{\"@id\":\"https:\\\/\\\/muzeumfabrykinorblina.pl\\\/?page_id=172#breadcrumb\"},\"inLanguage\":\"pl-PL\",\"potentialAction\":[{\"@type\":\"ReadAction\",\"target\":[\"https:\\\/\\\/muzeumfabrykinorblina.pl\\\/?page_id=172\"]}]},{\"@type\":\"ImageObject\",\"inLanguage\":\"pl-PL\",\"@id\":\"https:\\\/\\\/muzeumfabrykinorblina.pl\\\/?page_id=172#primaryimage\",\"url\":\"https:\\\/\\\/muzeumfabrykinorblina.pl\\\/wp-content\\\/uploads\\\/2024\\\/02\\\/MFN_Hero-desktop_Misja-Albertyna.jpg\",\"contentUrl\":\"https:\\\/\\\/muzeumfabrykinorblina.pl\\\/wp-content\\\/uploads\\\/2024\\\/02\\\/MFN_Hero-desktop_Misja-Albertyna.jpg\"},{\"@type\":\"BreadcrumbList\",\"@id\":\"https:\\\/\\\/muzeumfabrykinorblina.pl\\\/?page_id=172#breadcrumb\",\"itemListElement\":[{\"@type\":\"ListItem\",\"position\":1,\"name\":\"Strona g\u0142\u00f3wna\",\"item\":\"https:\\\/\\\/muzeumfabrykinorblina.pl\\\/\"},{\"@type\":\"ListItem\",\"position\":2,\"name\":\"Edukacja\"}]},{\"@type\":\"WebSite\",\"@id\":\"https:\\\/\\\/muzeumfabrykinorblina.pl\\\/#website\",\"url\":\"https:\\\/\\\/muzeumfabrykinorblina.pl\\\/\",\"name\":\"Muzeum Fabryki Norblina\",\"description\":\"Fabryka Norblina\",\"publisher\":{\"@id\":\"https:\\\/\\\/muzeumfabrykinorblina.pl\\\/#organization\"},\"potentialAction\":[{\"@type\":\"SearchAction\",\"target\":{\"@type\":\"EntryPoint\",\"urlTemplate\":\"https:\\\/\\\/muzeumfabrykinorblina.pl\\\/?s={search_term_string}\"},\"query-input\":{\"@type\":\"PropertyValueSpecification\",\"valueRequired\":true,\"valueName\":\"search_term_string\"}}],\"inLanguage\":\"pl-PL\"},{\"@type\":\"Organization\",\"@id\":\"https:\\\/\\\/muzeumfabrykinorblina.pl\\\/#organization\",\"name\":\"Muzeum Fabryki Norblina\",\"url\":\"https:\\\/\\\/muzeumfabrykinorblina.pl\\\/\",\"logo\":{\"@type\":\"ImageObject\",\"inLanguage\":\"pl-PL\",\"@id\":\"https:\\\/\\\/muzeumfabrykinorblina.pl\\\/#\\\/schema\\\/logo\\\/image\\\/\",\"url\":\"https:\\\/\\\/muzeumfabrykinorblina.pl\\\/wp-content\\\/uploads\\\/2023\\\/11\\\/MFN_Featured-image_1200x675.jpg\",\"contentUrl\":\"https:\\\/\\\/muzeumfabrykinorblina.pl\\\/wp-content\\\/uploads\\\/2023\\\/11\\\/MFN_Featured-image_1200x675.jpg\",\"width\":1200,\"height\":675,\"caption\":\"Muzeum Fabryki Norblina\"},\"image\":{\"@id\":\"https:\\\/\\\/muzeumfabrykinorblina.pl\\\/#\\\/schema\\\/logo\\\/image\\\/\"},\"sameAs\":[\"https:\\\/\\\/www.facebook.com\\\/MuzeumFabrykiNorblina\",\"https:\\\/\\\/www.instagram.com\\\/muzeumfabrykinorblina\\\/\"]}]}<\/script>\n<!-- \/ Yoast SEO plugin. -->","yoast_head_json":{"title":"Edukacja | Muzeum Fabryki Norblina","robots":{"index":"index","follow":"follow","max-snippet":"max-snippet:-1","max-image-preview":"max-image-preview:large","max-video-preview":"max-video-preview:-1"},"canonical":"https:\/\/muzeumfabrykinorblina.pl\/?page_id=172","og_locale":"pl_PL","og_type":"article","og_title":"Edukacja | Muzeum Fabryki Norblina","og_url":"https:\/\/muzeumfabrykinorblina.pl\/?page_id=172","og_site_name":"Muzeum Fabryki Norblina","article_publisher":"https:\/\/www.facebook.com\/MuzeumFabrykiNorblina","article_modified_time":"2026-06-10T12:03:23+00:00","og_image":[{"url":"https:\/\/muzeumfabrykinorblina.pl\/wp-content\/uploads\/2024\/02\/MFN_Hero-desktop_Misja-Albertyna.jpg","type":"","width":"","height":""}],"twitter_card":"summary_large_image","twitter_misc":{"Szacowany czas czytania":"3 minuty"},"schema":{"@context":"https:\/\/schema.org","@graph":[{"@type":"WebPage","@id":"https:\/\/muzeumfabrykinorblina.pl\/?page_id=172","url":"https:\/\/muzeumfabrykinorblina.pl\/?page_id=172","name":"Edukacja | Muzeum Fabryki Norblina","isPartOf":{"@id":"https:\/\/muzeumfabrykinorblina.pl\/#website"},"primaryImageOfPage":{"@id":"https:\/\/muzeumfabrykinorblina.pl\/?page_id=172#primaryimage"},"image":{"@id":"https:\/\/muzeumfabrykinorblina.pl\/?page_id=172#primaryimage"},"thumbnailUrl":"https:\/\/muzeumfabrykinorblina.pl\/wp-content\/uploads\/2024\/02\/MFN_Hero-desktop_Misja-Albertyna.jpg","datePublished":"2023-10-11T10:56:53+00:00","dateModified":"2026-06-10T12:03:23+00:00","breadcrumb":{"@id":"https:\/\/muzeumfabrykinorblina.pl\/?page_id=172#breadcrumb"},"inLanguage":"pl-PL","potentialAction":[{"@type":"ReadAction","target":["https:\/\/muzeumfabrykinorblina.pl\/?page_id=172"]}]},{"@type":"ImageObject","inLanguage":"pl-PL","@id":"https:\/\/muzeumfabrykinorblina.pl\/?page_id=172#primaryimage","url":"https:\/\/muzeumfabrykinorblina.pl\/wp-content\/uploads\/2024\/02\/MFN_Hero-desktop_Misja-Albertyna.jpg","contentUrl":"https:\/\/muzeumfabrykinorblina.pl\/wp-content\/uploads\/2024\/02\/MFN_Hero-desktop_Misja-Albertyna.jpg"},{"@type":"BreadcrumbList","@id":"https:\/\/muzeumfabrykinorblina.pl\/?page_id=172#breadcrumb","itemListElement":[{"@type":"ListItem","position":1,"name":"Strona g\u0142\u00f3wna","item":"https:\/\/muzeumfabrykinorblina.pl\/"},{"@type":"ListItem","position":2,"name":"Edukacja"}]},{"@type":"WebSite","@id":"https:\/\/muzeumfabrykinorblina.pl\/#website","url":"https:\/\/muzeumfabrykinorblina.pl\/","name":"Muzeum Fabryki Norblina","description":"Fabryka Norblina","publisher":{"@id":"https:\/\/muzeumfabrykinorblina.pl\/#organization"},"potentialAction":[{"@type":"SearchAction","target":{"@type":"EntryPoint","urlTemplate":"https:\/\/muzeumfabrykinorblina.pl\/?s={search_term_string}"},"query-input":{"@type":"PropertyValueSpecification","valueRequired":true,"valueName":"search_term_string"}}],"inLanguage":"pl-PL"},{"@type":"Organization","@id":"https:\/\/muzeumfabrykinorblina.pl\/#organization","name":"Muzeum Fabryki Norblina","url":"https:\/\/muzeumfabrykinorblina.pl\/","logo":{"@type":"ImageObject","inLanguage":"pl-PL","@id":"https:\/\/muzeumfabrykinorblina.pl\/#\/schema\/logo\/image\/","url":"https:\/\/muzeumfabrykinorblina.pl\/wp-content\/uploads\/2023\/11\/MFN_Featured-image_1200x675.jpg","contentUrl":"https:\/\/muzeumfabrykinorblina.pl\/wp-content\/uploads\/2023\/11\/MFN_Featured-image_1200x675.jpg","width":1200,"height":675,"caption":"Muzeum Fabryki Norblina"},"image":{"@id":"https:\/\/muzeumfabrykinorblina.pl\/#\/schema\/logo\/image\/"},"sameAs":["https:\/\/www.facebook.com\/MuzeumFabrykiNorblina","https:\/\/www.instagram.com\/muzeumfabrykinorblina\/"]}]}},"lang":"pl","translations":{"pl":172},"builder_content":"<p>Zdj\u0119cie: MEDIAFRESH<\/p>\n<h3>Edukacja<\/h3>\n<p style=\"font-weight: 400;\">Zapraszamy dzieci i m\u0142odzie\u017c szkoln\u0105 do odkrywania niezwyk\u0142ej historii Fabryki Norblina przy ulicy \u017belaznej. Nasze zaj\u0119cia to nie tylko opowie\u015b\u0107<br>o dawnej fabryce, ale tak\u017ce lekcja o przemianach Warszawy, rozwoju polskiego przemys\u0142u i \u017cyciu ludzi, kt\u00f3rzy tworzyli to miejsce przez ponad 200 lat.<\/p> <p style=\"font-weight: 400;\">Oferujemy lekcje muzealne i warsztaty, kt\u00f3re \u0142\u0105cz\u0105 zwiedzanie z aktywnym poznawaniem historii poprzez dzia\u0142anie, gr\u0119 i tw\u00f3rczo\u015b\u0107.<\/p> <p style=\"font-weight: 400;\">Zaj\u0119cia odbywaj\u0105 si\u0119 od wtorku do pi\u0105tku w godzinach 9:30\u201315:00.<br>Serdecznie zapraszamy do zapis\u00f3w!<\/p>\n<h3>Warsztaty<\/h3>\n<p style=\"font-weight: 400;\">Podczas warsztat\u00f3w historia przemys\u0142u spotyka si\u0119 z kreatywn\u0105 edukacj\u0105. Zaj\u0119cia oparte s\u0105 na autentycznych opowie\u015bciach, zabytkowych maszynach<br>i realiach dawnej fabryki. W trakcie zaj\u0119\u0107 uczestnicy mog\u0105 dowiedzie\u0107 si\u0119, jak powstawa\u0142y wynalazki i przedmioty z metalu, spr\u00f3bowa\u0107 w\u0142asnych si\u0142<br>w tworzeniu znaku mistrza inspirowanego dawnymi technikami oraz pozna\u0107 niezwyk\u0142\u0105 histori\u0119 rodzin Norblin\u00f3w i Werner\u00f3w, kt\u00f3ra pokazuje warto\u015b\u0107 wsp\u00f3\u0142pracy i wsp\u00f3lnego dzia\u0142ania.<\/p>\n<a href=\"http:\/\/muzeumfabrykinorblina.pl\/wp-content\/uploads\/2026\/06\/MFN_WarsztatyKreatywne.pdf\" > Sprawd\u017a ofert\u0119 warsztat\u00f3w <\/a>\n<h3>Lekcje muzealne<\/h3>\n<p style=\"font-weight: 400;\">Podczas zaj\u0119\u0107 uczniowie odkrywaj\u0105, kim byli Norblinowie i Wernerowie \u2013 w\u0142a\u015bciciele jednej z najs\u0142ynniejszych warszawskich fabryk, czym by\u0142y polskie wyroby platernicze znane na ca\u0142ym \u015bwiecie, jak wygl\u0105da\u0142a codzienno\u015b\u0107 robotnik\u00f3w w XIX wieku, o co walczyli na prze\u0142omie stuleci oraz w jaki spos\u00f3b zmienia\u0142 si\u0119 krajobraz Warszawy i dzielnicy Wola w ci\u0105gu ostatnich 200 lat.<\/p> <p style=\"font-weight: 400;\">Lekcje \u0142\u0105cz\u0105 tre\u015bci edukacyjne z interaktywnym udzia\u0142em uczni\u00f3w, s\u0105 dostosowane do r\u00f3\u017cnych grup wiekowych i realizuj\u0105 cele edukacyjne zgodne<br>z polsk\u0105 podstaw\u0105 programow\u0105.<\/p> <p style=\"font-weight: 400;\">Zarezerwuj lekcj\u0119 muzealn\u0105.<\/p>\n<h2>\"Misja Albertyna \u2013 Podr\u00f3\u017c do przysz\u0142o\u015bci\"<\/h2>\n<p>Spektakl w re\u017cyserii Kuby Nie\u015bcierow przeznaczony dla dzieci w wieku 7-13 lat. Oparty jest na interaktywnym monologu Albertyny Werner (w tej roli Anna Lipi\u0144ska), kt\u00f3ra w zabawny spos\u00f3b opowiada histori\u0119 Fabryki Norblina, a zagadki i konkursy zach\u0119caj\u0105 ma\u0142ych widz\u00f3w do czynnego udzia\u0142u w przedstawieniu.<\/p>\n<a href=\"https:\/\/muzeumfabrykinorblina.pl\/misja-albertyna-podroz-do-przyszlosci\/\" > Wi\u0119cej <\/a>\n<img src=\"https:\/\/muzeumfabrykinorblina.pl\/wp-content\/uploads\/2024\/02\/MFN_Hero-desktop_Misja-Albertyna.jpg\" title=\"MFN_Hero-desktop_Misja-Albertyna\" alt=\"\" srcset=\"https:\/\/muzeumfabrykinorblina.pl\/wp-content\/uploads\/2024\/02\/MFN_Hero-desktop_Misja-Albertyna.jpg 2200w, https:\/\/muzeumfabrykinorblina.pl\/wp-content\/uploads\/2024\/02\/MFN_Hero-desktop_Misja-Albertyna-600x400.jpg 600w, https:\/\/muzeumfabrykinorblina.pl\/wp-content\/uploads\/2024\/02\/MFN_Hero-desktop_Misja-Albertyna-300x200.jpg 300w, https:\/\/muzeumfabrykinorblina.pl\/wp-content\/uploads\/2024\/02\/MFN_Hero-desktop_Misja-Albertyna-1024x683.jpg 1024w, https:\/\/muzeumfabrykinorblina.pl\/wp-content\/uploads\/2024\/02\/MFN_Hero-desktop_Misja-Albertyna-768x512.jpg 768w, https:\/\/muzeumfabrykinorblina.pl\/wp-content\/uploads\/2024\/02\/MFN_Hero-desktop_Misja-Albertyna-1536x1024.jpg 1536w, https:\/\/muzeumfabrykinorblina.pl\/wp-content\/uploads\/2024\/02\/MFN_Hero-desktop_Misja-Albertyna-2048x1366.jpg 2048w\" sizes=\"(max-width: 2200px) 100vw, 2200px\" \/>","pll_sync_post":{},"_links":{"self":[{"href":"https:\/\/muzeumfabrykinorblina.pl\/index.php?rest_route=\/wp\/v2\/pages\/172","targetHints":{"allow":["GET"]}}],"collection":[{"href":"https:\/\/muzeumfabrykinorblina.pl\/index.php?rest_route=\/wp\/v2\/pages"}],"about":[{"href":"https:\/\/muzeumfabrykinorblina.pl\/index.php?rest_route=\/wp\/v2\/types\/page"}],"author":[{"embeddable":true,"href":"https:\/\/muzeumfabrykinorblina.pl\/index.php?rest_route=\/wp\/v2\/users\/1"}],"replies":[{"embeddable":true,"href":"https:\/\/muzeumfabrykinorblina.pl\/index.php?rest_route=%2Fwp%2Fv2%2Fcomments&post=172"}],"version-history":[{"count":27,"href":"https:\/\/muzeumfabrykinorblina.pl\/index.php?rest_route=\/wp\/v2\/pages\/172\/revisions"}],"predecessor-version":[{"id":7761,"href":"https:\/\/muzeumfabrykinorblina.pl\/index.php?rest_route=\/wp\/v2\/pages\/172\/revisions\/7761"}],"wp:attachment":[{"href":"https:\/\/muzeumfabrykinorblina.pl\/index.php?rest_route=%2Fwp%2Fv2%2Fmedia&parent=172"}],"curies":[{"name":"wp","href":"https:\/\/api.w.org\/{rel}","templated":true}]}}