{"id":163,"date":"2023-10-10T13:02:05","date_gmt":"2023-10-10T13:02:05","guid":{"rendered":"https:\/\/muzeumfabrykinorblina.pl\/?page_id=163"},"modified":"2025-07-22T10:49:25","modified_gmt":"2025-07-22T08:49:25","slug":"wystawy","status":"publish","type":"page","link":"https:\/\/muzeumfabrykinorblina.pl\/?page_id=163","title":{"rendered":"Wystawy"},"content":{"rendered":"<!-- wp:themify-builder\/canvas \/-->","protected":false},"excerpt":{"rendered":"","protected":false},"author":1,"featured_media":0,"parent":0,"menu_order":0,"comment_status":"closed","ping_status":"closed","template":"","meta":{"_acf_changed":false,"_monsterinsights_skip_tracking":false,"footnotes":""},"class_list":["post-163","page","type-page","status-publish","hentry","has-post-title","has-post-date","has-post-category","has-post-tag","has-post-comment","has-post-author",""],"acf":[],"yoast_head":"<!-- This site is optimized with the Yoast SEO plugin v28.2 - https:\/\/yoast.com\/product\/yoast-seo-wordpress\/ -->\n<title>Wystawy | Muzeum Fabryki Norblina<\/title>\n<meta name=\"robots\" content=\"index, follow, max-snippet:-1, max-image-preview:large, max-video-preview:-1\" \/>\n<link rel=\"canonical\" href=\"https:\/\/muzeumfabrykinorblina.pl\/?page_id=163\" \/>\n<meta property=\"og:locale\" content=\"pl_PL\" \/>\n<meta property=\"og:type\" content=\"article\" \/>\n<meta property=\"og:title\" content=\"Wystawy | Muzeum Fabryki Norblina\" \/>\n<meta property=\"og:url\" content=\"https:\/\/muzeumfabrykinorblina.pl\/?page_id=163\" \/>\n<meta property=\"og:site_name\" content=\"Muzeum Fabryki Norblina\" \/>\n<meta property=\"article:publisher\" content=\"https:\/\/www.facebook.com\/MuzeumFabrykiNorblina\" \/>\n<meta property=\"article:modified_time\" content=\"2025-07-22T08:49:25+00:00\" \/>\n<meta property=\"og:image\" content=\"https:\/\/muzeumfabrykinorblina.pl\/wp-content\/uploads\/2023\/10\/MFN_Wystawy_Subhero.png\" \/>\n<meta name=\"twitter:card\" content=\"summary_large_image\" \/>\n<meta name=\"twitter:label1\" content=\"Szacowany czas czytania\" \/>\n\t<meta name=\"twitter:data1\" content=\"13 minut\" \/>\n<script type=\"application\/ld+json\" class=\"yoast-schema-graph\">{\"@context\":\"https:\\\/\\\/schema.org\",\"@graph\":[{\"@type\":\"WebPage\",\"@id\":\"https:\\\/\\\/muzeumfabrykinorblina.pl\\\/?page_id=163\",\"url\":\"https:\\\/\\\/muzeumfabrykinorblina.pl\\\/?page_id=163\",\"name\":\"Wystawy | Muzeum Fabryki Norblina\",\"isPartOf\":{\"@id\":\"https:\\\/\\\/muzeumfabrykinorblina.pl\\\/#website\"},\"primaryImageOfPage\":{\"@id\":\"https:\\\/\\\/muzeumfabrykinorblina.pl\\\/?page_id=163#primaryimage\"},\"image\":{\"@id\":\"https:\\\/\\\/muzeumfabrykinorblina.pl\\\/?page_id=163#primaryimage\"},\"thumbnailUrl\":\"https:\\\/\\\/muzeumfabrykinorblina.pl\\\/wp-content\\\/uploads\\\/2023\\\/10\\\/MFN_Wystawy_Subhero.png\",\"datePublished\":\"2023-10-10T13:02:05+00:00\",\"dateModified\":\"2025-07-22T08:49:25+00:00\",\"breadcrumb\":{\"@id\":\"https:\\\/\\\/muzeumfabrykinorblina.pl\\\/?page_id=163#breadcrumb\"},\"inLanguage\":\"pl-PL\",\"potentialAction\":[{\"@type\":\"ReadAction\",\"target\":[\"https:\\\/\\\/muzeumfabrykinorblina.pl\\\/?page_id=163\"]}]},{\"@type\":\"ImageObject\",\"inLanguage\":\"pl-PL\",\"@id\":\"https:\\\/\\\/muzeumfabrykinorblina.pl\\\/?page_id=163#primaryimage\",\"url\":\"https:\\\/\\\/muzeumfabrykinorblina.pl\\\/wp-content\\\/uploads\\\/2023\\\/10\\\/MFN_Wystawy_Subhero.png\",\"contentUrl\":\"https:\\\/\\\/muzeumfabrykinorblina.pl\\\/wp-content\\\/uploads\\\/2023\\\/10\\\/MFN_Wystawy_Subhero.png\",\"width\":1080,\"height\":604},{\"@type\":\"BreadcrumbList\",\"@id\":\"https:\\\/\\\/muzeumfabrykinorblina.pl\\\/?page_id=163#breadcrumb\",\"itemListElement\":[{\"@type\":\"ListItem\",\"position\":1,\"name\":\"Strona g\u0142\u00f3wna\",\"item\":\"https:\\\/\\\/muzeumfabrykinorblina.pl\\\/\"},{\"@type\":\"ListItem\",\"position\":2,\"name\":\"Wystawy\"}]},{\"@type\":\"WebSite\",\"@id\":\"https:\\\/\\\/muzeumfabrykinorblina.pl\\\/#website\",\"url\":\"https:\\\/\\\/muzeumfabrykinorblina.pl\\\/\",\"name\":\"Muzeum Fabryki Norblina\",\"description\":\"Fabryka Norblina\",\"publisher\":{\"@id\":\"https:\\\/\\\/muzeumfabrykinorblina.pl\\\/#organization\"},\"potentialAction\":[{\"@type\":\"SearchAction\",\"target\":{\"@type\":\"EntryPoint\",\"urlTemplate\":\"https:\\\/\\\/muzeumfabrykinorblina.pl\\\/?s={search_term_string}\"},\"query-input\":{\"@type\":\"PropertyValueSpecification\",\"valueRequired\":true,\"valueName\":\"search_term_string\"}}],\"inLanguage\":\"pl-PL\"},{\"@type\":\"Organization\",\"@id\":\"https:\\\/\\\/muzeumfabrykinorblina.pl\\\/#organization\",\"name\":\"Muzeum Fabryki Norblina\",\"url\":\"https:\\\/\\\/muzeumfabrykinorblina.pl\\\/\",\"logo\":{\"@type\":\"ImageObject\",\"inLanguage\":\"pl-PL\",\"@id\":\"https:\\\/\\\/muzeumfabrykinorblina.pl\\\/#\\\/schema\\\/logo\\\/image\\\/\",\"url\":\"https:\\\/\\\/muzeumfabrykinorblina.pl\\\/wp-content\\\/uploads\\\/2023\\\/11\\\/MFN_Featured-image_1200x675.jpg\",\"contentUrl\":\"https:\\\/\\\/muzeumfabrykinorblina.pl\\\/wp-content\\\/uploads\\\/2023\\\/11\\\/MFN_Featured-image_1200x675.jpg\",\"width\":1200,\"height\":675,\"caption\":\"Muzeum Fabryki Norblina\"},\"image\":{\"@id\":\"https:\\\/\\\/muzeumfabrykinorblina.pl\\\/#\\\/schema\\\/logo\\\/image\\\/\"},\"sameAs\":[\"https:\\\/\\\/www.facebook.com\\\/MuzeumFabrykiNorblina\",\"https:\\\/\\\/www.instagram.com\\\/muzeumfabrykinorblina\\\/\"]}]}<\/script>\n<!-- \/ Yoast SEO plugin. -->","yoast_head_json":{"title":"Wystawy | Muzeum Fabryki Norblina","robots":{"index":"index","follow":"follow","max-snippet":"max-snippet:-1","max-image-preview":"max-image-preview:large","max-video-preview":"max-video-preview:-1"},"canonical":"https:\/\/muzeumfabrykinorblina.pl\/?page_id=163","og_locale":"pl_PL","og_type":"article","og_title":"Wystawy | Muzeum Fabryki Norblina","og_url":"https:\/\/muzeumfabrykinorblina.pl\/?page_id=163","og_site_name":"Muzeum Fabryki Norblina","article_publisher":"https:\/\/www.facebook.com\/MuzeumFabrykiNorblina","article_modified_time":"2025-07-22T08:49:25+00:00","og_image":[{"url":"https:\/\/muzeumfabrykinorblina.pl\/wp-content\/uploads\/2023\/10\/MFN_Wystawy_Subhero.png","type":"","width":"","height":""}],"twitter_card":"summary_large_image","twitter_misc":{"Szacowany czas czytania":"13 minut"},"schema":{"@context":"https:\/\/schema.org","@graph":[{"@type":"WebPage","@id":"https:\/\/muzeumfabrykinorblina.pl\/?page_id=163","url":"https:\/\/muzeumfabrykinorblina.pl\/?page_id=163","name":"Wystawy | Muzeum Fabryki Norblina","isPartOf":{"@id":"https:\/\/muzeumfabrykinorblina.pl\/#website"},"primaryImageOfPage":{"@id":"https:\/\/muzeumfabrykinorblina.pl\/?page_id=163#primaryimage"},"image":{"@id":"https:\/\/muzeumfabrykinorblina.pl\/?page_id=163#primaryimage"},"thumbnailUrl":"https:\/\/muzeumfabrykinorblina.pl\/wp-content\/uploads\/2023\/10\/MFN_Wystawy_Subhero.png","datePublished":"2023-10-10T13:02:05+00:00","dateModified":"2025-07-22T08:49:25+00:00","breadcrumb":{"@id":"https:\/\/muzeumfabrykinorblina.pl\/?page_id=163#breadcrumb"},"inLanguage":"pl-PL","potentialAction":[{"@type":"ReadAction","target":["https:\/\/muzeumfabrykinorblina.pl\/?page_id=163"]}]},{"@type":"ImageObject","inLanguage":"pl-PL","@id":"https:\/\/muzeumfabrykinorblina.pl\/?page_id=163#primaryimage","url":"https:\/\/muzeumfabrykinorblina.pl\/wp-content\/uploads\/2023\/10\/MFN_Wystawy_Subhero.png","contentUrl":"https:\/\/muzeumfabrykinorblina.pl\/wp-content\/uploads\/2023\/10\/MFN_Wystawy_Subhero.png","width":1080,"height":604},{"@type":"BreadcrumbList","@id":"https:\/\/muzeumfabrykinorblina.pl\/?page_id=163#breadcrumb","itemListElement":[{"@type":"ListItem","position":1,"name":"Strona g\u0142\u00f3wna","item":"https:\/\/muzeumfabrykinorblina.pl\/"},{"@type":"ListItem","position":2,"name":"Wystawy"}]},{"@type":"WebSite","@id":"https:\/\/muzeumfabrykinorblina.pl\/#website","url":"https:\/\/muzeumfabrykinorblina.pl\/","name":"Muzeum Fabryki Norblina","description":"Fabryka Norblina","publisher":{"@id":"https:\/\/muzeumfabrykinorblina.pl\/#organization"},"potentialAction":[{"@type":"SearchAction","target":{"@type":"EntryPoint","urlTemplate":"https:\/\/muzeumfabrykinorblina.pl\/?s={search_term_string}"},"query-input":{"@type":"PropertyValueSpecification","valueRequired":true,"valueName":"search_term_string"}}],"inLanguage":"pl-PL"},{"@type":"Organization","@id":"https:\/\/muzeumfabrykinorblina.pl\/#organization","name":"Muzeum Fabryki Norblina","url":"https:\/\/muzeumfabrykinorblina.pl\/","logo":{"@type":"ImageObject","inLanguage":"pl-PL","@id":"https:\/\/muzeumfabrykinorblina.pl\/#\/schema\/logo\/image\/","url":"https:\/\/muzeumfabrykinorblina.pl\/wp-content\/uploads\/2023\/11\/MFN_Featured-image_1200x675.jpg","contentUrl":"https:\/\/muzeumfabrykinorblina.pl\/wp-content\/uploads\/2023\/11\/MFN_Featured-image_1200x675.jpg","width":1200,"height":675,"caption":"Muzeum Fabryki Norblina"},"image":{"@id":"https:\/\/muzeumfabrykinorblina.pl\/#\/schema\/logo\/image\/"},"sameAs":["https:\/\/www.facebook.com\/MuzeumFabrykiNorblina","https:\/\/www.instagram.com\/muzeumfabrykinorblina\/"]}]}},"lang":"pl","translations":{"pl":163,"en":2143},"builder_content":"<p>Zdj\u0119cie ze zbior\u00f3w\u00a0rodziny Werner\u00f3w<\/p>\n<h1>Wystawy<\/h1>\n<p>Muzeum Fabryki Norblina opowiada o losach miejsca zwanego dzi\u015b Fabryk\u0105 Norblina. Historia dzia\u0142ki mieszcz\u0105cej si\u0119 przy ulicy \u017belaznej 51\/53 w Warszawie zacz\u0119\u0142a si\u0119 pod koniec XVIII wieku. Wtedy tereny te zakupi\u0142 Franciszek Ryx \u2013 kamerdyner, zaufany, cz\u0142owiek do zada\u0144 specjalnych ostatniego kr\u00f3la Polski - Stanis\u0142awa Augusta Poniatowskiego. Na zakupionej ziemi wybudowa\u0142 wille z dwiema oficynami oraz za\u0142o\u017cy\u0142, modny w\u00f3wczas, ogr\u00f3d w stylu angielskim. Jego spadkobierca - nosz\u0105cy to samo imi\u0119 i nazwisko \u2013 Franciszek Ryx o przydomku \u201eMajor\u201d od stopnia nadanego mu w wojskach napoleo\u0144skich, rozbudowa\u0142 jedn\u0105 z oficyn o pi\u0119tro tworz\u0105c z niej kamienic\u0119 mieszkaln\u0105.<\/p>\n<img src=\"https:\/\/muzeumfabrykinorblina.pl\/wp-content\/uploads\/2023\/10\/MFN_Wystawy_Subhero.png\" title=\"MFN_Wystawy_Subhero\" alt=\"\" srcset=\"https:\/\/muzeumfabrykinorblina.pl\/wp-content\/uploads\/2023\/10\/MFN_Wystawy_Subhero.png 1080w, https:\/\/muzeumfabrykinorblina.pl\/wp-content\/uploads\/2023\/10\/MFN_Wystawy_Subhero-600x336.png 600w, https:\/\/muzeumfabrykinorblina.pl\/wp-content\/uploads\/2023\/10\/MFN_Wystawy_Subhero-300x168.png 300w, https:\/\/muzeumfabrykinorblina.pl\/wp-content\/uploads\/2023\/10\/MFN_Wystawy_Subhero-1024x573.png 1024w, https:\/\/muzeumfabrykinorblina.pl\/wp-content\/uploads\/2023\/10\/MFN_Wystawy_Subhero-768x430.png 768w\" sizes=\"(max-width: 1080px) 100vw, 1080px\" \/>\n<h2>Wystawa sta\u0142a<\/h2>\n\n[video src=\"https:\/\/muzeumfabrykinorblina.pl\/wp-content\/uploads\/2023\/10\/muzeum_fabryki_norblina-1080p.mp4\" width=\"1080\" height=\"1080\"][\/video]\n<p>Wystawa sta\u0142a Muzeum Fabryki Norblina oparta jest na 4 podstawowych \u015bcie\u017ckach zwiedzania: \"<strong>Budynki i Architektura<\/strong>\", \"<strong>Maszyny i Urz\u0105dzenia<\/strong>\", \"<strong>Wyroby<\/strong>\"<strong> i <\/strong>\"<strong>Ludzie<\/strong>\". Dodatkow\u0105 \u015bcie\u017ck\u0105 \u0142\u0105cz\u0105c\u0105 najwa\u017cniejsze i najciekawsze elementy ze \u015bcie\u017cek podstawowych jest \u201eFabryka Norblina w pigu\u0142ce\u201d, po kt\u00f3rej oprowadzaj\u0105 muzealni przewodnicy.<\/p> <p>Najciekawszymi i najwa\u017cniejszymi \u015bcie\u017ckami s\u0105 Budynki i Architektura oraz Maszyny i Urz\u0105dzenia. To na nich mo\u017cemy ogl\u0105da\u0107 obiekty b\u0119d\u0105ce elementami zabytkowej Fabryki Norblina, wpisane do rejestru zabytk\u00f3w. R\u00f3wnie ciekaw\u0105, cho\u0107 nie opart\u0105 na obiektach wpisanych do rejestru zabytk\u00f3w i stanowi\u0105cych integralny element Fabryki, jest \u015bcie\u017cka Wyroby, na kt\u00f3rej mo\u017cemy obejrze\u0107 oryginalne historyczne wyroby Fabryki. Za\u015b \u015bcie\u017cka Ludzie jest form\u0105 spaceru po fabrycznych uliczkach i skwerach, kt\u00f3re maj\u0105 swoich patron\u00f3w - historycznych postaci zwi\u0105zanych z Fabryk\u0105, kt\u00f3rych imionami s\u0105 nazwane.<\/p> <p>Czas przej\u015bcia po \u015bcie\u017cce, w zale\u017cno\u015bci od zaanga\u017cowania oraz kondycji zwiedzaj\u0105cego, powinien zaj\u0105\u0107 od <strong>50<\/strong> do <strong>90 minut<\/strong>.<\/p>\n<ul><li><h4>\u015acie\u017cka \"Fabryka Norblina w pigu\u0142ce\"<\/h4><p style=\"font-weight: 600; color: #000; font-size: 18px; line-height: 28px; margin-top: 20px; margin-bottom: 20px;\">Rekomendowana jako pierwsza opcja zapoznania si\u0119 z histori\u0105 kompleksu w skr\u00f3cie, prowadzi przez najwa\u017cniejsze i najciekawsze stacje 4 \u015bcie\u017cek podstawowych.<\/p> <p style=\"margin-bottom: 0px;\">Mo\u017cna na niej zobaczy\u0107 zar\u00f3wno relikt willi Ryxa, jak i hydrauliczny akumulator wyr\u00f3wnawczy, przej\u015b\u0107 ulic\u0105 Ludwika Norblina czy zapozna\u0107 si\u0119 ze stylami zdobie\u0144 plater\u00f3w produkowanych w Fabryce. Jeste\u015bmy przekonani, \u017ce po jej zwiedzaniu go\u015bcie muzeum zechc\u0105 pog\u0142\u0119bi\u0107 wiedz\u0119 na tematycznych trasach zwiedzania: Budynki i Architektura, Maszyny i Urz\u0105dzenia, Wyroby oraz Ludzie.<\/p> <p><strong>Sposoby zwiedzania \u015bcie\u017cki<\/strong>: wybieraj\u0105c oprowadzanie z aktorem lub przewodnikiem lub s\u0142uchaj\u0105c audioprzewodnika w j\u0119zykach: polskim, angielskim i ukrai\u0144skim w aplikacji mobilnej Fabryki Norblina.<\/p><\/li><\/ul>\n<ul><li><h4>\u015acie\u017cka \"Budynki i Architektura\"<\/h4><p style=\"font-weight: 600; color: #000; font-size: 18px; line-height: 28px; margin-top: 20px; margin-bottom: 20px;\">Prowadzi przez zabytki nieruchome Fabryki Norblina opowiadaj\u0105c jej histori\u0119 przez pryzmat architektury fabrycznej.<\/p> <p style=\"margin-bottom: 0px;\">Na trasie zobaczymy 10 obiekt\u00f3w - od najstarszych do najm\u0142odszych, od budynk\u00f3w powsta\u0142ych w okresie przedfabrycznym, np. reliktu oficyny willi Franciszka Ryxa z ko\u0144ca XVIII w. do najm\u0142odszych powsta\u0142ych w latach 30. XX w., np. przybud\u00f3wek tworz\u0105cych tzw. Namiarowni\u0119. Ogl\u0105daj\u0105c obiekty na tej trasie poznamy tak\u017ce histori\u0119 ich przekszta\u0142ce\u0144 wynikaj\u0105cych ze zniszcze\u0144 spowodowanych II wojn\u0105 \u015bwiatow\u0105 i Powstaniem Warszawskim. Do najciekawszych punkt\u00f3w tego spaceru zaliczy\u0107 nale\u017cy: relikt oficyny Franciszka Ryxa, Namiarowni\u0119, Hal\u0119 Odlewni (elewacja wschodnia) oraz pomocniczy budynek administracyjno-mieszkalny (wraz z reliktem drugiej oficyny willi Franciszka Ryxa) \u2013 kamienic\u0119 na rogu \u017belaznej i \u0141uckiej - obydwa obiekty pochodz\u0105 z drugiej po\u0142owy XIX w.<\/p> <p><strong>Sposoby zwiedzania \u015bcie\u017cki<\/strong>: czytaj\u0105c druki edukacyjne lub korzystaj\u0105c ze specjalnej aplikacji mobilnej Fabryki Norblina.<\/p><\/li><\/ul>\n<ul><li><h4>\u015acie\u017cka \"Maszyny i Urz\u0105dzenia\"<\/h4><p style=\"font-weight: 600; color: #000; font-size: 18px; line-height: 28px; margin-top: 20px; margin-bottom: 20px;\">Oparta jest o zachowany pe\u0142en ci\u0105g technologiczny dawnej fabryki.<\/p> <p style=\"margin-bottom: 0px;\">Cho\u0107 jest to ci\u0105g powojennej Walcowani Matali \u201cWarszawa\u201d, s\u0142u\u017c\u0105cy do produkcji tzw. prefabrykat\u00f3w (czyli specjalistycznych rur, pr\u0119t\u00f3w, kszta\u0142townik\u00f3w i drut\u00f3w), to po\u0142owa tworz\u0105cych go maszyn jest pochodzenia przedwojennego, a nawet sprzed okresu I wojny \u015bwiatowej, za\u015b cz\u0119\u015b\u0107 z nich jest produkcji w\u0142asnej zak\u0142ad\u00f3w Norblin, Bracia Buch i T. Werner. Poruszaj\u0105c si\u0119 t\u0105 tras\u0105 idziemy za materia\u0142em, z kt\u00f3rego by\u0142y wykonywane produkty, od jednego zespo\u0142u maszyn do kolejnego zespo\u0142u maszyn. Na tej \u015bcie\u017cce go\u015bcie muzeum maj\u0105 do obejrzenia 50 maszyn i urz\u0105dze\u0144 pochodz\u0105cych od ko\u0144ca XIX wieku do lat 50. XX wieku. Sercem ci\u0105gu technologicznego Fabryki Norblina jest zesp\u00f3\u0142 prasy 1000T, kt\u00f3rego poznanie u\u0142atwia wielkopowierzchniowa animacja. Za\u015b najciekawszym punktem tej trasy - zesp\u00f3\u0142 hydraulicznego akumulatora wyr\u00f3wnawczego, jednego z czterech - obok m.in. akumulatora z Tower Bridge \u2013 zachowanych w Europie tego typu urz\u0105dze\u0144.<\/p> <p><strong>Sposoby zwiedzania \u015bcie\u017cki<\/strong>: czytaj\u0105c druki edukacyjne lub korzystaj\u0105c ze specjalnej aplikacji mobilnej Fabryki Norblina.<\/p><\/li><\/ul>\n<ul><li><h4>\u015acie\u017cka \"Wyroby\"<\/h4><p style=\"font-weight: 600; color: #000; font-size: 18px; line-height: 28px; margin-top: 20px; margin-bottom: 20px;\">Prezentuje oryginaln\u0105 posrebrzan\u0105 (i nie tylko) galanteri\u0119 metalow\u0105, zwan\u0105 potocznie \u201eplaterami\u201d, wyrabian\u0105 w Fabryce Norblina od po\u0142owy XIX wieku do 1940 roku. \u015acie\u017cka podzielona jest na 2 trasy.<\/p> <p style=\"margin-bottom: 0px;\">Pierwsza, zwana \u201eGabloty Merytoryczne\u201d, pokazuje obiekty pogrupowane wed\u0142ug styl\u00f3w zdobienia: rokoko, Ludwik XVI, secesja, art d\u00e9co. Zaczynamy j\u0105 zwiedza\u0107 od gabloty po\u015bwi\u0119conej produkcji tzw. prefabrykat\u00f3w, kt\u00f3re by\u0142y podstaw\u0105 do tworzenia plater\u00f3w, a ko\u0144czymy, ogl\u0105daj\u0105c aran\u017cacj\u0119 witryny przedwojennego sklepu firmowego fabryki mieszcz\u0105cego si\u0119 historycznie przy ulicy Marsza\u0142kowskiej 127 w Warszawie. Druga trasa tej \u015bcie\u017cki, zwana \u201eTematyczn\u0105\u201d, prowadzi zwiedzaj\u0105cych przez gabloty, w kt\u00f3rych pogrupowane s\u0105 obiekty wed\u0142ug ich zastosowania. Na tej trasie mo\u017cemy zobaczy\u0107 przedmioty zwi\u0105zane z o\u015bwietleniem, wyposa\u017ceniem restauracji czy domu lub przechowywaniem cukru i przypraw oraz przygotowaniem kawy i herbaty. Na obu trasach \u015bcie\u017cki Wyroby zobaczy\u0107 mo\u017cna oko\u0142o 400 obiekt\u00f3w katalogowych (ponad 600 pozycji jednostkowych). Podstaw\u0105 muzealnego zbioru plater\u00f3w jest zakupiona przez Muzeum Fabryki Norblina kolekcja Walentego Kr\u00f3likowskiego budowana przez niego 40 lat.<\/p> <p><strong>Sposoby zwiedzania \u015bcie\u017cki<\/strong>: korzystaj\u0105c ze specjalnej aplikacji mobilnej Fabryki Norblina.<\/p><\/li><\/ul>\n<ul><li><h4>\u015acie\u017cka \"Ludzie\"<\/h4><p style=\"font-weight: 600; color: #000; font-size: 18px; line-height: 28px; margin-top: 20px; margin-bottom: 20px;\">Prowadzi po uliczkach i skwerach Fabryki Norblina.<\/p> <p style=\"margin-bottom: 0px;\">Spacer ten jest pretekstem do zapoznania si\u0119 z losami zar\u00f3wno poszczeg\u00f3lnych postaci, kt\u00f3re mia\u0142y wp\u0142yw na histori\u0119 zak\u0142ad\u00f3w, jak i z ca\u0142ymi rodami czy grupami ludzi. G\u0142\u00f3wny trakt komunikacyjny Fabryki\u00a0 Norblina (wsch\u00f3d \u2013 zach\u00f3d) nosz\u0105cy imi\u0119 Ludwika Norblina jest pretekstem do zapoznania si\u0119 z losami spolszczonego francuskiego rodu Norblin de La Gourdaine, za\u015b drugi co do wa\u017cno\u015bci (p\u00f3\u0142noc \u2013 po\u0142udnie) nosz\u0105cy nazw\u0119 Teodora Wernera zach\u0119ca do poznania los\u00f3w spolszczonego niemieckiego rodu Werner\u00f3w. Najstarsi przedstawiciele obu rod\u00f3w pojawiaj\u0105 si\u0119 w Polsce jeszcze za czas\u00f3w I Rzeczypospolitej, doby stanis\u0142awowskiej. \u0141\u0105cznikiem obu rod\u00f3w jest Albertyna \u2013 siostra Ludwika, a \u017cona Teodora, kt\u00f3ra r\u00f3wnie\u017c ma swoj\u0105 uliczk\u0119 w dzisiejszej Fabryce Norblina. Jej posta\u0107 jest pretekstem do przemy\u015blenia roli kobiet w budowaniu i kszta\u0142towaniu dziewi\u0119tnastowiecznego przemys\u0142u warszawskiego. Spaceruj\u0105c po tej \u015bcie\u017cce przejdziemy r\u00f3wnie\u017c przez skwer Pracownik\u00f3w Fabryki, jak i pasa\u017ce jej dyrektor\u00f3w: Stefana Przanowskiego i Henryka Zab\u0142ockiego. Jeden ze skwer\u00f3w nosi imi\u0119 wieloletniego dyrektora Muzeum Techniki, Jerzego Jasiuka, kt\u00f3ry postuluj\u0105c wpisanie dawnych budynk\u00f3w fabrycznych do rejestru zabytk\u00f3w w 1982 roku, ocali\u0142 je przed rozbi\u00f3rk\u0105. Na tej trasie znajduje si\u0119 r\u00f3wnie\u017c skwer, kt\u00f3ry posiada dw\u00f3ch patron\u00f3w: Jana Piotra oraz Stefana Norblin\u00f3w \u2013 pierwszego i ostatniego z polskich Norblin\u00f3w, kt\u00f3rzy \u2013 tak si\u0119 z\u0142o\u017cy\u0142o \u2013 nie byli przemys\u0142owcami-platernikami a artystami malarzami.<\/p> <p><strong>Sposoby zwiedzania \u015bcie\u017cki<\/strong>: czytaj\u0105c druki edukacyjne lub korzystaj\u0105c ze specjalnej aplikacji mobilnej Fabryki Norblina.<\/p><\/li><\/ul>\n<h2>Wystawy czasowe<\/h2>\n","pll_sync_post":{},"_links":{"self":[{"href":"https:\/\/muzeumfabrykinorblina.pl\/index.php?rest_route=\/wp\/v2\/pages\/163","targetHints":{"allow":["GET"]}}],"collection":[{"href":"https:\/\/muzeumfabrykinorblina.pl\/index.php?rest_route=\/wp\/v2\/pages"}],"about":[{"href":"https:\/\/muzeumfabrykinorblina.pl\/index.php?rest_route=\/wp\/v2\/types\/page"}],"author":[{"embeddable":true,"href":"https:\/\/muzeumfabrykinorblina.pl\/index.php?rest_route=\/wp\/v2\/users\/1"}],"replies":[{"embeddable":true,"href":"https:\/\/muzeumfabrykinorblina.pl\/index.php?rest_route=%2Fwp%2Fv2%2Fcomments&post=163"}],"version-history":[{"count":0,"href":"https:\/\/muzeumfabrykinorblina.pl\/index.php?rest_route=\/wp\/v2\/pages\/163\/revisions"}],"wp:attachment":[{"href":"https:\/\/muzeumfabrykinorblina.pl\/index.php?rest_route=%2Fwp%2Fv2%2Fmedia&parent=163"}],"curies":[{"name":"wp","href":"https:\/\/api.w.org\/{rel}","templated":true}]}}