{"id":148,"date":"2023-10-10T12:57:22","date_gmt":"2023-10-10T12:57:22","guid":{"rendered":"https:\/\/muzeumfabrykinorblina.pl\/?page_id=148"},"modified":"2026-05-09T11:23:12","modified_gmt":"2026-05-09T09:23:12","slug":"muzeum-fabryki-norblina","status":"publish","type":"page","link":"https:\/\/muzeumfabrykinorblina.pl\/","title":{"rendered":"Muzeum Fabryki Norblina"},"content":{"rendered":"<!-- wp:themify-builder\/canvas \/-->","protected":false},"excerpt":{"rendered":"","protected":false},"author":1,"featured_media":0,"parent":0,"menu_order":0,"comment_status":"closed","ping_status":"closed","template":"","meta":{"_acf_changed":false,"_monsterinsights_skip_tracking":false,"footnotes":""},"class_list":["post-148","page","type-page","status-publish","hentry","has-post-title","has-post-date","has-post-category","has-post-tag","has-post-comment","has-post-author",""],"acf":[],"yoast_head":"<!-- This site is optimized with the Yoast SEO plugin v28.2 - https:\/\/yoast.com\/product\/yoast-seo-wordpress\/ -->\n<title>Muzeum Fabryki Norblina | Muzeum Fabryki Norblina<\/title>\n<meta name=\"robots\" content=\"index, follow, max-snippet:-1, max-image-preview:large, max-video-preview:-1\" \/>\n<link rel=\"canonical\" href=\"https:\/\/muzeumfabrykinorblina.pl\/\" \/>\n<meta property=\"og:locale\" content=\"pl_PL\" \/>\n<meta property=\"og:type\" content=\"article\" \/>\n<meta property=\"og:title\" content=\"Muzeum Fabryki Norblina | Muzeum Fabryki Norblina\" \/>\n<meta property=\"og:url\" content=\"https:\/\/muzeumfabrykinorblina.pl\/\" \/>\n<meta property=\"og:site_name\" content=\"Muzeum Fabryki Norblina\" \/>\n<meta property=\"article:publisher\" content=\"https:\/\/www.facebook.com\/MuzeumFabrykiNorblina\" \/>\n<meta property=\"article:modified_time\" content=\"2026-05-09T09:23:12+00:00\" \/>\n<meta property=\"og:image\" content=\"https:\/\/muzeumfabrykinorblina.pl\/wp-content\/uploads\/2023\/12\/FN_Wyklejenia_Lucka_Koncepty-platery_90-927x1024-340x375.png\" \/>\n<meta name=\"twitter:card\" content=\"summary_large_image\" \/>\n<meta name=\"twitter:label1\" content=\"Szacowany czas czytania\" \/>\n\t<meta name=\"twitter:data1\" content=\"3 minuty\" \/>\n<script type=\"application\/ld+json\" class=\"yoast-schema-graph\">{\"@context\":\"https:\\\/\\\/schema.org\",\"@graph\":[{\"@type\":\"WebPage\",\"@id\":\"https:\\\/\\\/muzeumfabrykinorblina.pl\\\/\",\"url\":\"https:\\\/\\\/muzeumfabrykinorblina.pl\\\/\",\"name\":\"Muzeum Fabryki Norblina | Muzeum Fabryki Norblina\",\"isPartOf\":{\"@id\":\"https:\\\/\\\/muzeumfabrykinorblina.pl\\\/#website\"},\"primaryImageOfPage\":{\"@id\":\"https:\\\/\\\/muzeumfabrykinorblina.pl\\\/#primaryimage\"},\"image\":{\"@id\":\"https:\\\/\\\/muzeumfabrykinorblina.pl\\\/#primaryimage\"},\"thumbnailUrl\":\"https:\\\/\\\/muzeumfabrykinorblina.pl\\\/wp-content\\\/uploads\\\/2023\\\/12\\\/FN_Wyklejenia_Lucka_Koncepty-platery_90-927x1024-340x375.png\",\"datePublished\":\"2023-10-10T12:57:22+00:00\",\"dateModified\":\"2026-05-09T09:23:12+00:00\",\"breadcrumb\":{\"@id\":\"https:\\\/\\\/muzeumfabrykinorblina.pl\\\/#breadcrumb\"},\"inLanguage\":\"pl-PL\",\"potentialAction\":[{\"@type\":\"ReadAction\",\"target\":[\"https:\\\/\\\/muzeumfabrykinorblina.pl\\\/\"]}]},{\"@type\":\"ImageObject\",\"inLanguage\":\"pl-PL\",\"@id\":\"https:\\\/\\\/muzeumfabrykinorblina.pl\\\/#primaryimage\",\"url\":\"https:\\\/\\\/muzeumfabrykinorblina.pl\\\/wp-content\\\/uploads\\\/2023\\\/12\\\/FN_Wyklejenia_Lucka_Koncepty-platery_90.png\",\"contentUrl\":\"https:\\\/\\\/muzeumfabrykinorblina.pl\\\/wp-content\\\/uploads\\\/2023\\\/12\\\/FN_Wyklejenia_Lucka_Koncepty-platery_90.png\",\"width\":1280,\"height\":1414},{\"@type\":\"BreadcrumbList\",\"@id\":\"https:\\\/\\\/muzeumfabrykinorblina.pl\\\/#breadcrumb\",\"itemListElement\":[{\"@type\":\"ListItem\",\"position\":1,\"name\":\"Strona g\u0142\u00f3wna\",\"item\":\"https:\\\/\\\/muzeumfabrykinorblina.pl\\\/\"},{\"@type\":\"ListItem\",\"position\":2,\"name\":\"Muzeum Fabryki Norblina\"}]},{\"@type\":\"WebSite\",\"@id\":\"https:\\\/\\\/muzeumfabrykinorblina.pl\\\/#website\",\"url\":\"https:\\\/\\\/muzeumfabrykinorblina.pl\\\/\",\"name\":\"Muzeum Fabryki Norblina\",\"description\":\"Fabryka Norblina\",\"publisher\":{\"@id\":\"https:\\\/\\\/muzeumfabrykinorblina.pl\\\/#organization\"},\"potentialAction\":[{\"@type\":\"SearchAction\",\"target\":{\"@type\":\"EntryPoint\",\"urlTemplate\":\"https:\\\/\\\/muzeumfabrykinorblina.pl\\\/?s={search_term_string}\"},\"query-input\":{\"@type\":\"PropertyValueSpecification\",\"valueRequired\":true,\"valueName\":\"search_term_string\"}}],\"inLanguage\":\"pl-PL\"},{\"@type\":\"Organization\",\"@id\":\"https:\\\/\\\/muzeumfabrykinorblina.pl\\\/#organization\",\"name\":\"Muzeum Fabryki Norblina\",\"url\":\"https:\\\/\\\/muzeumfabrykinorblina.pl\\\/\",\"logo\":{\"@type\":\"ImageObject\",\"inLanguage\":\"pl-PL\",\"@id\":\"https:\\\/\\\/muzeumfabrykinorblina.pl\\\/#\\\/schema\\\/logo\\\/image\\\/\",\"url\":\"https:\\\/\\\/muzeumfabrykinorblina.pl\\\/wp-content\\\/uploads\\\/2023\\\/11\\\/MFN_Featured-image_1200x675.jpg\",\"contentUrl\":\"https:\\\/\\\/muzeumfabrykinorblina.pl\\\/wp-content\\\/uploads\\\/2023\\\/11\\\/MFN_Featured-image_1200x675.jpg\",\"width\":1200,\"height\":675,\"caption\":\"Muzeum Fabryki Norblina\"},\"image\":{\"@id\":\"https:\\\/\\\/muzeumfabrykinorblina.pl\\\/#\\\/schema\\\/logo\\\/image\\\/\"},\"sameAs\":[\"https:\\\/\\\/www.facebook.com\\\/MuzeumFabrykiNorblina\",\"https:\\\/\\\/www.instagram.com\\\/muzeumfabrykinorblina\\\/\"]}]}<\/script>\n<!-- \/ Yoast SEO plugin. -->","yoast_head_json":{"title":"Muzeum Fabryki Norblina | Muzeum Fabryki Norblina","robots":{"index":"index","follow":"follow","max-snippet":"max-snippet:-1","max-image-preview":"max-image-preview:large","max-video-preview":"max-video-preview:-1"},"canonical":"https:\/\/muzeumfabrykinorblina.pl\/","og_locale":"pl_PL","og_type":"article","og_title":"Muzeum Fabryki Norblina | Muzeum Fabryki Norblina","og_url":"https:\/\/muzeumfabrykinorblina.pl\/","og_site_name":"Muzeum Fabryki Norblina","article_publisher":"https:\/\/www.facebook.com\/MuzeumFabrykiNorblina","article_modified_time":"2026-05-09T09:23:12+00:00","og_image":[{"url":"https:\/\/muzeumfabrykinorblina.pl\/wp-content\/uploads\/2023\/12\/FN_Wyklejenia_Lucka_Koncepty-platery_90-927x1024-340x375.png","type":"","width":"","height":""}],"twitter_card":"summary_large_image","twitter_misc":{"Szacowany czas czytania":"3 minuty"},"schema":{"@context":"https:\/\/schema.org","@graph":[{"@type":"WebPage","@id":"https:\/\/muzeumfabrykinorblina.pl\/","url":"https:\/\/muzeumfabrykinorblina.pl\/","name":"Muzeum Fabryki Norblina | Muzeum Fabryki Norblina","isPartOf":{"@id":"https:\/\/muzeumfabrykinorblina.pl\/#website"},"primaryImageOfPage":{"@id":"https:\/\/muzeumfabrykinorblina.pl\/#primaryimage"},"image":{"@id":"https:\/\/muzeumfabrykinorblina.pl\/#primaryimage"},"thumbnailUrl":"https:\/\/muzeumfabrykinorblina.pl\/wp-content\/uploads\/2023\/12\/FN_Wyklejenia_Lucka_Koncepty-platery_90-927x1024-340x375.png","datePublished":"2023-10-10T12:57:22+00:00","dateModified":"2026-05-09T09:23:12+00:00","breadcrumb":{"@id":"https:\/\/muzeumfabrykinorblina.pl\/#breadcrumb"},"inLanguage":"pl-PL","potentialAction":[{"@type":"ReadAction","target":["https:\/\/muzeumfabrykinorblina.pl\/"]}]},{"@type":"ImageObject","inLanguage":"pl-PL","@id":"https:\/\/muzeumfabrykinorblina.pl\/#primaryimage","url":"https:\/\/muzeumfabrykinorblina.pl\/wp-content\/uploads\/2023\/12\/FN_Wyklejenia_Lucka_Koncepty-platery_90.png","contentUrl":"https:\/\/muzeumfabrykinorblina.pl\/wp-content\/uploads\/2023\/12\/FN_Wyklejenia_Lucka_Koncepty-platery_90.png","width":1280,"height":1414},{"@type":"BreadcrumbList","@id":"https:\/\/muzeumfabrykinorblina.pl\/#breadcrumb","itemListElement":[{"@type":"ListItem","position":1,"name":"Strona g\u0142\u00f3wna","item":"https:\/\/muzeumfabrykinorblina.pl\/"},{"@type":"ListItem","position":2,"name":"Muzeum Fabryki Norblina"}]},{"@type":"WebSite","@id":"https:\/\/muzeumfabrykinorblina.pl\/#website","url":"https:\/\/muzeumfabrykinorblina.pl\/","name":"Muzeum Fabryki Norblina","description":"Fabryka Norblina","publisher":{"@id":"https:\/\/muzeumfabrykinorblina.pl\/#organization"},"potentialAction":[{"@type":"SearchAction","target":{"@type":"EntryPoint","urlTemplate":"https:\/\/muzeumfabrykinorblina.pl\/?s={search_term_string}"},"query-input":{"@type":"PropertyValueSpecification","valueRequired":true,"valueName":"search_term_string"}}],"inLanguage":"pl-PL"},{"@type":"Organization","@id":"https:\/\/muzeumfabrykinorblina.pl\/#organization","name":"Muzeum Fabryki Norblina","url":"https:\/\/muzeumfabrykinorblina.pl\/","logo":{"@type":"ImageObject","inLanguage":"pl-PL","@id":"https:\/\/muzeumfabrykinorblina.pl\/#\/schema\/logo\/image\/","url":"https:\/\/muzeumfabrykinorblina.pl\/wp-content\/uploads\/2023\/11\/MFN_Featured-image_1200x675.jpg","contentUrl":"https:\/\/muzeumfabrykinorblina.pl\/wp-content\/uploads\/2023\/11\/MFN_Featured-image_1200x675.jpg","width":1200,"height":675,"caption":"Muzeum Fabryki Norblina"},"image":{"@id":"https:\/\/muzeumfabrykinorblina.pl\/#\/schema\/logo\/image\/"},"sameAs":["https:\/\/www.facebook.com\/MuzeumFabrykiNorblina","https:\/\/www.instagram.com\/muzeumfabrykinorblina\/"]}]}},"lang":"pl","translations":{"pl":148,"en":2047},"builder_content":"<h1>Zwied\u017a Fabryk\u0119 Norblina<\/h1>\n<p>Muzeum Fabryki Norblina - 240 lat historii t\u0119tni\u0105cej w sercu Woli. Na 2-hektarowym terenie znajduje si\u0119 10 zabytkowych budynk\u00f3w, 50 maszyn i urz\u0105dze\u0144 oraz imponuj\u0105ca kolekcja posrebrzanych wyrob\u00f3w galanterii metalowej, zwanych potocznie \u201eplaterami\u201d.<\/p>\n<a href=\"https:\/\/muzeumfabrykinorblina.pl\/kup-bilety\/\" > Kup bilet <\/a>\n<h1>Muzeum Fabryki Norblina<\/h1>\n<p>To nie jest zwyczajne Muzeum. To nietypowe miejsce, kt\u00f3re zajmuje prawie\u00a02 hektary\u00a0w sercu warszawskiej Woli. Otwarta przestrze\u0144, na kt\u00f3r\u0105 sk\u0142ada si\u0119 z 10 zabytkowych\u00a0budynk\u00f3w, 50 maszyn i urz\u0105dze\u0144, kt\u00f3re po latach wr\u00f3ci\u0142y na swoje miejsce, a tak\u017ce\u00a0kolekcja plater\u00f3w-norblinian\u00f3w\u00a0produkowanych w dawnych zak\u0142adach Norblin, Bracia Buch i T. Werner.<\/p> <p>Zobacz jak Fabryka Norblina wygl\u0105da\u0142a kiedy\u015b i jak wygl\u0105da dzisiaj.<\/p>\n<a href=\"https:\/\/muzeumfabrykinorblina.pl\/wystawa-bylo-jest\/\" > By\u0142o \/ jest <\/a>\n<img src=\"https:\/\/muzeumfabrykinorblina.pl\/wp-content\/uploads\/2023\/12\/FN_Wyklejenia_Lucka_Koncepty-platery_90-927x1024-340x375.png\" width=\"340\" height=\"375\" title=\"FN_Wyklejenia_Lucka_Koncepty-platery_90\" alt=\"\" srcset=\"https:\/\/muzeumfabrykinorblina.pl\/wp-content\/uploads\/2023\/12\/FN_Wyklejenia_Lucka_Koncepty-platery_90-927x1024-340x375.png 340w, https:\/\/muzeumfabrykinorblina.pl\/wp-content\/uploads\/2023\/12\/FN_Wyklejenia_Lucka_Koncepty-platery_90-600x663.png 600w, https:\/\/muzeumfabrykinorblina.pl\/wp-content\/uploads\/2023\/12\/FN_Wyklejenia_Lucka_Koncepty-platery_90-272x300.png 272w, https:\/\/muzeumfabrykinorblina.pl\/wp-content\/uploads\/2023\/12\/FN_Wyklejenia_Lucka_Koncepty-platery_90-927x1024.png 927w, https:\/\/muzeumfabrykinorblina.pl\/wp-content\/uploads\/2023\/12\/FN_Wyklejenia_Lucka_Koncepty-platery_90-768x848.png 768w, https:\/\/muzeumfabrykinorblina.pl\/wp-content\/uploads\/2023\/12\/FN_Wyklejenia_Lucka_Koncepty-platery_90.png 1280w\" sizes=\"(max-width: 340px) 100vw, 340px\" \/>\n<h2>Wystawy<\/h2>\n\n<p>Muzeum Fabryki Norblina opowiada o losach miejsca zwanego dzi\u015b Fabryk\u0105 Norblina. Historia dzia\u0142ki mieszcz\u0105cej si\u0119 przy ulicy \u017belaznej 51\/53 w Warszawie zacz\u0119\u0142a si\u0119 pod koniec XVIII wieku. Wtedy tereny te zakupi\u0142 Franciszek Ryx \u2013 kamerdyner, zaufany, cz\u0142owiek do zada\u0144 specjalnych ostatniego kr\u00f3la Polski \u2013 Stanis\u0142awa Augusta Poniatowskiego. Na zakupionej ziemi wybudowa\u0142 wille z dwiema oficynami oraz za\u0142o\u017cy\u0142, modny w\u00f3wczas, ogr\u00f3d w stylu angielskim. Jego spadkobierca \u2013 nosz\u0105cy to samo imi\u0119 i nazwisko \u2013 Franciszek Ryx o przydomku \u201eMajor\u201d od stopnia nadanego mu w wojskach napoleo\u0144skich, rozbudowa\u0142 jedn\u0105 z oficyn o pi\u0119tro tworz\u0105c z niej kamienic\u0119 mieszkaln\u0105.<\/p>\n<img src=\"https:\/\/muzeumfabrykinorblina.pl\/wp-content\/uploads\/2023\/11\/Muzeum-Fabryki-Norblina_Wystawy-sale.jpg\" title=\"Muzeum-Fabryki-Norblina_Wystawy-sale\" alt=\"\" srcset=\"https:\/\/muzeumfabrykinorblina.pl\/wp-content\/uploads\/2023\/11\/Muzeum-Fabryki-Norblina_Wystawy-sale.jpg 1280w, https:\/\/muzeumfabrykinorblina.pl\/wp-content\/uploads\/2023\/11\/Muzeum-Fabryki-Norblina_Wystawy-sale-600x281.jpg 600w, https:\/\/muzeumfabrykinorblina.pl\/wp-content\/uploads\/2023\/11\/Muzeum-Fabryki-Norblina_Wystawy-sale-300x141.jpg 300w, https:\/\/muzeumfabrykinorblina.pl\/wp-content\/uploads\/2023\/11\/Muzeum-Fabryki-Norblina_Wystawy-sale-1024x480.jpg 1024w, https:\/\/muzeumfabrykinorblina.pl\/wp-content\/uploads\/2023\/11\/Muzeum-Fabryki-Norblina_Wystawy-sale-768x360.jpg 768w\" sizes=\"(max-width: 1280px) 100vw, 1280px\" \/>\n<h2>Wystawa sta\u0142a<\/h2>\n<p>Wystawa sta\u0142a Muzeum Fabryki Norblina oparta jest na 4 podstawowych \u015bcie\u017ckach zwiedzania: \u201eBudynki i Architektura\", \u201eMaszyny i Urz\u0105dzenia\", \u201eWyroby\u201d i \u201eLudzie\". Dodatkow\u0105 \u015bcie\u017ck\u0105 \u0142\u0105cz\u0105c\u0105 najwa\u017cniejsze i najciekawsze elementy ze \u015bcie\u017cek podstawowych jest \u201eFabryka Norblina w pigu\u0142ce\u201d, po kt\u00f3rej oprowadzaj\u0105 muzealni przewodnicy.<\/p>\n<a href=\"https:\/\/muzeumfabrykinorblina.pl\/wystawy\/#wystawa-stala\" > Wi\u0119cej <\/a>\n<img src=\"https:\/\/muzeumfabrykinorblina.pl\/wp-content\/uploads\/2023\/11\/Muzeum-Fabryki-Norblina_Wystawy-czasowe.jpg\" title=\"Muzeum-Fabryki-Norblina_Wystawy-czasowe\" alt=\"\" srcset=\"https:\/\/muzeumfabrykinorblina.pl\/wp-content\/uploads\/2023\/11\/Muzeum-Fabryki-Norblina_Wystawy-czasowe.jpg 1280w, https:\/\/muzeumfabrykinorblina.pl\/wp-content\/uploads\/2023\/11\/Muzeum-Fabryki-Norblina_Wystawy-czasowe-600x281.jpg 600w, https:\/\/muzeumfabrykinorblina.pl\/wp-content\/uploads\/2023\/11\/Muzeum-Fabryki-Norblina_Wystawy-czasowe-300x141.jpg 300w, https:\/\/muzeumfabrykinorblina.pl\/wp-content\/uploads\/2023\/11\/Muzeum-Fabryki-Norblina_Wystawy-czasowe-1024x480.jpg 1024w, https:\/\/muzeumfabrykinorblina.pl\/wp-content\/uploads\/2023\/11\/Muzeum-Fabryki-Norblina_Wystawy-czasowe-768x360.jpg 768w\" sizes=\"(max-width: 1280px) 100vw, 1280px\" \/>\n<h2>Wystawy czasowe<\/h2>\n<p>Unikatowo\u015b\u0107 Muzeum Fabryki Norblina polega na tym, \u017ce ka\u017cdy, kto przekroczy pr\u00f3g kompleksu przy \u017belaznej 51\/53 mo\u017ce podziwia\u0107 muzealne skarby. Wystawa sta\u0142a ma charakter otwarty i dost\u0119pny dla ka\u017cdego go\u015bcia kompleksu. Je\u015bli jednak kto\u015b zechce lepiej zrozumie\u0107 Fabryk\u0119, pozna\u0107 jej bogat\u0105 histori\u0119 i nauczy\u0107 si\u0119 j\u0105 eksplorowa\u0107 \u2013 zapraszamy do zakupu biletu i wybrania jednej z dost\u0119pnych opcji zwiedzania.<\/p>\n<a href=\"https:\/\/muzeumfabrykinorblina.pl\/wystawy\/#wystawy-czasowe\" > Wi\u0119cej <\/a>\n<img src=\"https:\/\/muzeumfabrykinorblina.pl\/wp-content\/uploads\/2023\/10\/MFN_Mobile-hero_Edukacja_Demo-01.jpg\" title=\"MFN_Mobile-hero_Edukacja_Demo-01\" alt=\"\" srcset=\"https:\/\/muzeumfabrykinorblina.pl\/wp-content\/uploads\/2023\/10\/MFN_Mobile-hero_Edukacja_Demo-01.jpg 1080w, https:\/\/muzeumfabrykinorblina.pl\/wp-content\/uploads\/2023\/10\/MFN_Mobile-hero_Edukacja_Demo-01-300x300.jpg 300w, https:\/\/muzeumfabrykinorblina.pl\/wp-content\/uploads\/2023\/10\/MFN_Mobile-hero_Edukacja_Demo-01-100x100.jpg 100w, https:\/\/muzeumfabrykinorblina.pl\/wp-content\/uploads\/2023\/10\/MFN_Mobile-hero_Edukacja_Demo-01-600x600.jpg 600w, https:\/\/muzeumfabrykinorblina.pl\/wp-content\/uploads\/2023\/10\/MFN_Mobile-hero_Edukacja_Demo-01-1024x1024.jpg 1024w, https:\/\/muzeumfabrykinorblina.pl\/wp-content\/uploads\/2023\/10\/MFN_Mobile-hero_Edukacja_Demo-01-150x150.jpg 150w, https:\/\/muzeumfabrykinorblina.pl\/wp-content\/uploads\/2023\/10\/MFN_Mobile-hero_Edukacja_Demo-01-768x768.jpg 768w\" sizes=\"(max-width: 1080px) 100vw, 1080px\" \/>\n<h2>Wa\u017cne informacje dla zwiedzaj\u0105cych<\/h2>\n<h3>Godziny otwarcia<\/h3>\n<p>Poniedzia\u0142ek<br>Wtorek - Pi\u0105tek<br>Sobota - Niedziela<br><strong>nieczynne<\/strong><br><strong>09:00 - 17:00\u00a0<br>10:00 - 16:00<\/strong><\/p>\n<h3>Ceny bilet\u00f3w<\/h3>\n<p>Z przewodnikiem\u00a0<br>Bilet w aplikacji mobilnej<br><strong>40 PLN<\/strong><br><strong>15 PLN\u00a0<\/strong><\/p>\n<a href=\"https:\/\/muzeumfabrykinorblina.pl\/kup-bilety\/\" > Kup bilet <\/a>\n<h2>Aktualno\u015bci<\/h2>\n","pll_sync_post":{},"_links":{"self":[{"href":"https:\/\/muzeumfabrykinorblina.pl\/index.php?rest_route=\/wp\/v2\/pages\/148","targetHints":{"allow":["GET"]}}],"collection":[{"href":"https:\/\/muzeumfabrykinorblina.pl\/index.php?rest_route=\/wp\/v2\/pages"}],"about":[{"href":"https:\/\/muzeumfabrykinorblina.pl\/index.php?rest_route=\/wp\/v2\/types\/page"}],"author":[{"embeddable":true,"href":"https:\/\/muzeumfabrykinorblina.pl\/index.php?rest_route=\/wp\/v2\/users\/1"}],"replies":[{"embeddable":true,"href":"https:\/\/muzeumfabrykinorblina.pl\/index.php?rest_route=%2Fwp%2Fv2%2Fcomments&post=148"}],"version-history":[{"count":4,"href":"https:\/\/muzeumfabrykinorblina.pl\/index.php?rest_route=\/wp\/v2\/pages\/148\/revisions"}],"predecessor-version":[{"id":7668,"href":"https:\/\/muzeumfabrykinorblina.pl\/index.php?rest_route=\/wp\/v2\/pages\/148\/revisions\/7668"}],"wp:attachment":[{"href":"https:\/\/muzeumfabrykinorblina.pl\/index.php?rest_route=%2Fwp%2Fv2%2Fmedia&parent=148"}],"curies":[{"name":"wp","href":"https:\/\/api.w.org\/{rel}","templated":true}]}}